{"id":48294,"date":"2022-06-01T16:24:31","date_gmt":"2022-06-01T16:24:31","guid":{"rendered":"https:\/\/www.keyter.com\/jornada-tecnica-tecnologias-de-calor-y-frio-en-aplicaciones-industriales-con-cta-e-iberdrola\/"},"modified":"2022-06-08T06:37:19","modified_gmt":"2022-06-08T06:37:19","slug":"jornada-tecnica-tecnologias-de-calor-y-frio-en-aplicaciones-industriales-con-cta-e-iberdrola","status":"publish","type":"page","link":"https:\/\/www.keyter.com\/es\/jornada-tecnica-tecnologias-de-calor-y-frio-en-aplicaciones-industriales-con-cta-e-iberdrola\/","title":{"rendered":"Jornada t\u00e9cnica: \u00abTecnolog\u00edas de calor y fr\u00edo en aplicaciones industriales\u201d con CTA e Iberdrola"},"content":{"rendered":"\t\t<div data-elementor-type=\"wp-page\" data-elementor-id=\"48294\" class=\"elementor elementor-48294 elementor-48272\" data-elementor-post-type=\"page\">\n\t\t\t\t\t\t<section class=\"elementor-section elementor-top-section elementor-element elementor-element-35fb782 elementor-section-full_width elementor-section-stretched elementor-section-height-default elementor-section-height-default parallax_section_no qode_elementor_container_no\" data-id=\"35fb782\" data-element_type=\"section\" data-e-type=\"section\" data-settings=\"{&quot;background_background&quot;:&quot;classic&quot;,&quot;stretch_section&quot;:&quot;section-stretched&quot;}\">\n\t\t\t\t\t\t<div class=\"elementor-container elementor-column-gap-default\">\n\t\t\t\t\t<div class=\"elementor-column elementor-col-100 elementor-top-column elementor-element elementor-element-828a3ad\" data-id=\"828a3ad\" data-element_type=\"column\" data-e-type=\"column\">\n\t\t\t<div class=\"elementor-widget-wrap elementor-element-populated\">\n\t\t\t\t\t\t<section class=\"elementor-section elementor-inner-section elementor-element elementor-element-f8f03c9 elementor-section-boxed elementor-section-height-default elementor-section-height-default parallax_section_no qode_elementor_container_no\" data-id=\"f8f03c9\" data-element_type=\"section\" data-e-type=\"section\">\n\t\t\t\t\t\t<div class=\"elementor-container elementor-column-gap-default\">\n\t\t\t\t\t<div class=\"elementor-column elementor-col-100 elementor-inner-column elementor-element elementor-element-3584d49\" data-id=\"3584d49\" data-element_type=\"column\" data-e-type=\"column\">\n\t\t\t<div class=\"elementor-widget-wrap elementor-element-populated\">\n\t\t\t\t\t\t<div class=\"elementor-element elementor-element-3048b3f elementor-widget elementor-widget-menu-anchor\" data-id=\"3048b3f\" data-element_type=\"widget\" data-e-type=\"widget\" data-widget_type=\"menu-anchor.default\">\n\t\t\t\t<div class=\"elementor-widget-container\">\n\t\t\t\t\t\t\t<div class=\"elementor-menu-anchor\" id=\"noticias\"><\/div>\n\t\t\t\t\t\t<\/div>\n\t\t\t\t<\/div>\n\t\t\t\t<div class=\"elementor-element elementor-element-44a1c28 elementor-widget elementor-widget-spacer\" data-id=\"44a1c28\" data-element_type=\"widget\" data-e-type=\"widget\" data-widget_type=\"spacer.default\">\n\t\t\t\t<div class=\"elementor-widget-container\">\n\t\t\t\t\t\t\t<div class=\"elementor-spacer\">\n\t\t\t<div class=\"elementor-spacer-inner\"><\/div>\n\t\t<\/div>\n\t\t\t\t\t\t<\/div>\n\t\t\t\t<\/div>\n\t\t\t\t<div class=\"elementor-element elementor-element-57e52e4 elementor-widget elementor-widget-text-editor\" data-id=\"57e52e4\" data-element_type=\"widget\" data-e-type=\"widget\" data-widget_type=\"text-editor.default\">\n\t\t\t\t<div class=\"elementor-widget-container\">\n\t\t\t\t\t\t\t\t\tNOTICIAS \u2022 02.06.2022\t\t\t\t\t\t\t\t<\/div>\n\t\t\t\t<\/div>\n\t\t\t\t<div class=\"elementor-element elementor-element-9b9649e elementor-widget elementor-widget-image\" data-id=\"9b9649e\" data-element_type=\"widget\" data-e-type=\"widget\" data-widget_type=\"image.default\">\n\t\t\t\t<div class=\"elementor-widget-container\">\n\t\t\t\t\t\t\t\t\t\t\t\t\t\t\t<img decoding=\"async\" width=\"189\" height=\"9\" src=\"https:\/\/www.keyter.com\/wp-content\/uploads\/2020\/11\/line-leaf-single-right.svg\" class=\"attachment-medium size-medium wp-image-31456\" alt=\"\" \/>\t\t\t\t\t\t\t\t\t\t\t\t\t\t\t<\/div>\n\t\t\t\t<\/div>\n\t\t\t\t<div class=\"elementor-element elementor-element-0cab9e3 elementor-widget elementor-widget-text-editor\" data-id=\"0cab9e3\" data-element_type=\"widget\" data-e-type=\"widget\" data-widget_type=\"text-editor.default\">\n\t\t\t\t<div class=\"elementor-widget-container\">\n\t\t\t\t\t\t\t\t\t<h4 style=\"font-size: 40px;\">Jornada t\u00e9cnica: \u00abTecnolog\u00edas de calor y fr\u00edo en aplicaciones industriales\u201d con CTA e Iberdrola<\/h4>\t\t\t\t\t\t\t\t<\/div>\n\t\t\t\t<\/div>\n\t\t\t\t<div class=\"elementor-element elementor-element-a352e46 elementor-widget elementor-widget-text-editor\" data-id=\"a352e46\" data-element_type=\"widget\" data-e-type=\"widget\" data-widget_type=\"text-editor.default\">\n\t\t\t\t<div class=\"elementor-widget-container\">\n\t\t\t\t\t\t\t\t\tCTA, Corporaci\u00f3n Tecnol\u00f3gica de Andaluc\u00eda en colaboraci\u00f3n con Iberdrola est\u00e1n llevando a cabo diferentes acciones con el objetivo de impulsar la descarbonizaci\u00f3n de la econom\u00eda. KEYTER como fabricante de equipos de climatizaci\u00f3n, junto con otras empresas del sector est\u00e1 participando de forma activa en la difusi\u00f3n de la tecnolog\u00eda de bomba de calor, as\u00ed como diversas soluciones de climatizaci\u00f3n eficientes reales ya aplicadas por los consumidores t\u00e9rmicos industriales, as\u00ed como organismos y servicios p\u00fablicos.\t\t\t\t\t\t\t\t<\/div>\n\t\t\t\t<\/div>\n\t\t\t\t<div class=\"elementor-element elementor-element-5059d0f elementor-widget elementor-widget-image\" data-id=\"5059d0f\" data-element_type=\"widget\" data-e-type=\"widget\" data-widget_type=\"image.default\">\n\t\t\t\t<div class=\"elementor-widget-container\">\n\t\t\t\t\t\t\t\t\t\t\t\t\t\t\t<img fetchpriority=\"high\" decoding=\"async\" width=\"1024\" height=\"819\" src=\"https:\/\/www.keyter.com\/wp-content\/uploads\/2022\/06\/Collage-sectores-7-1024x819.png\" class=\"attachment-large size-large wp-image-48283\" alt=\"\" srcset=\"https:\/\/www.keyter.com\/wp-content\/uploads\/2022\/06\/Collage-sectores-7-1024x819.png 1024w, https:\/\/www.keyter.com\/wp-content\/uploads\/2022\/06\/Collage-sectores-7-300x240.png 300w, https:\/\/www.keyter.com\/wp-content\/uploads\/2022\/06\/Collage-sectores-7-768x614.png 768w, https:\/\/www.keyter.com\/wp-content\/uploads\/2022\/06\/Collage-sectores-7-1536x1229.png 1536w, https:\/\/www.keyter.com\/wp-content\/uploads\/2022\/06\/Collage-sectores-7-700x560.png 700w, https:\/\/www.keyter.com\/wp-content\/uploads\/2022\/06\/Collage-sectores-7.png 2000w\" sizes=\"(max-width: 1024px) 100vw, 1024px\" \/>\t\t\t\t\t\t\t\t\t\t\t\t\t\t\t<\/div>\n\t\t\t\t<\/div>\n\t\t\t\t<div class=\"elementor-element elementor-element-52b304b elementor-widget elementor-widget-text-editor\" data-id=\"52b304b\" data-element_type=\"widget\" data-e-type=\"widget\" data-widget_type=\"text-editor.default\">\n\t\t\t\t<div class=\"elementor-widget-container\">\n\t\t\t\t\t\t\t\t\tLas tecnolog\u00edas de climatizaci\u00f3n verde constituyen uno de los pilares fundamentales para conseguir la descarbonizaci\u00f3n de la econom\u00eda. Satisfacer la demanda de calor y fr\u00edo mediante soluciones eficientes energ\u00e9ticamente y\/o basadas en energ\u00edas renovables es esencial para avanzar en la transici\u00f3n energ\u00e9tica hacia la descarbonizaci\u00f3n.\t\t\t\t\t\t\t\t<\/div>\n\t\t\t\t<\/div>\n\t\t\t\t<div class=\"elementor-element elementor-element-c79b214 elementor-widget elementor-widget-text-editor\" data-id=\"c79b214\" data-element_type=\"widget\" data-e-type=\"widget\" data-widget_type=\"text-editor.default\">\n\t\t\t\t<div class=\"elementor-widget-container\">\n\t\t\t\t\t\t\t\t\tEn este ciclo, se organizan las Jornadas T\u00e9cnicas sobre Tecnolog\u00edas de calor y fr\u00edo en aplicaciones industriales que tendr\u00e1n lugar de forma presencial en la sede de AFAR, Asociaci\u00f3n de Fabricantes Andaluces de Refrigeraci\u00f3n en Lucena, C\u00f3rdoba.\t\t\t\t\t\t\t\t<\/div>\n\t\t\t\t<\/div>\n\t\t\t\t<div class=\"elementor-element elementor-element-70c1b54 elementor-widget elementor-widget-text-editor\" data-id=\"70c1b54\" data-element_type=\"widget\" data-e-type=\"widget\" data-widget_type=\"text-editor.default\">\n\t\t\t\t<div class=\"elementor-widget-container\">\n\t\t\t\t\t\t\t\t\tDurante la jornada se detallar\u00e1 el programa andaluz de ayudas de eficiencia energ\u00e9tica y empleo de fuentes energ\u00e9ticas renovables para satisfacer las demandas t\u00e9rmicas.\t\t\t\t\t\t\t\t<\/div>\n\t\t\t\t<\/div>\n\t\t\t\t<div class=\"elementor-element elementor-element-ef6901a elementor-widget-divider--view-line elementor-widget elementor-widget-divider\" data-id=\"ef6901a\" data-element_type=\"widget\" data-e-type=\"widget\" data-widget_type=\"divider.default\">\n\t\t\t\t<div class=\"elementor-widget-container\">\n\t\t\t\t\t\t\t<div class=\"elementor-divider\">\n\t\t\t<span class=\"elementor-divider-separator\">\n\t\t\t\t\t\t<\/span>\n\t\t<\/div>\n\t\t\t\t\t\t<\/div>\n\t\t\t\t<\/div>\n\t\t\t\t<div class=\"elementor-element elementor-element-462fbd5 elementor-widget elementor-widget-text-editor\" data-id=\"462fbd5\" data-element_type=\"widget\" data-e-type=\"widget\" data-widget_type=\"text-editor.default\">\n\t\t\t\t<div class=\"elementor-widget-container\">\n\t\t\t\t\t\t\t\t\t<strong>2 Junio, 2022<\/strong>\t\t\t\t\t\t\t\t<\/div>\n\t\t\t\t<\/div>\n\t\t\t\t<div class=\"elementor-element elementor-element-09b197b elementor-widget elementor-widget-text-editor\" data-id=\"09b197b\" data-element_type=\"widget\" data-e-type=\"widget\" data-widget_type=\"text-editor.default\">\n\t\t\t\t<div class=\"elementor-widget-container\">\n\t\t\t\t\t\t\t\t\t<p><strong>12:00h &#8211; 14:45h<\/strong><\/p>\t\t\t\t\t\t\t\t<\/div>\n\t\t\t\t<\/div>\n\t\t\t\t<div class=\"elementor-element elementor-element-9038d72 elementor-widget-divider--view-line elementor-widget elementor-widget-divider\" data-id=\"9038d72\" data-element_type=\"widget\" data-e-type=\"widget\" data-widget_type=\"divider.default\">\n\t\t\t\t<div class=\"elementor-widget-container\">\n\t\t\t\t\t\t\t<div class=\"elementor-divider\">\n\t\t\t<span class=\"elementor-divider-separator\">\n\t\t\t\t\t\t<\/span>\n\t\t<\/div>\n\t\t\t\t\t\t<\/div>\n\t\t\t\t<\/div>\n\t\t\t\t<div class=\"elementor-element elementor-element-cc5e542 elementor-widget elementor-widget-text-editor\" data-id=\"cc5e542\" data-element_type=\"widget\" data-e-type=\"widget\" data-widget_type=\"text-editor.default\">\n\t\t\t\t<div class=\"elementor-widget-container\">\n\t\t\t\t\t\t\t\t\t<p><strong>AGENDA<\/strong><\/p>\t\t\t\t\t\t\t\t<\/div>\n\t\t\t\t<\/div>\n\t\t\t\t<div class=\"elementor-element elementor-element-d6de175 elementor-widget elementor-widget-text-editor\" data-id=\"d6de175\" data-element_type=\"widget\" data-e-type=\"widget\" data-widget_type=\"text-editor.default\">\n\t\t\t\t<div class=\"elementor-widget-container\">\n\t\t\t\t\t\t\t\t\t<b>\u00a012.00h.<\/b> &#8211; Apertura y Bienvenida institucional\t\t\t\t\t\t\t\t<\/div>\n\t\t\t\t<\/div>\n\t\t\t\t<div class=\"elementor-element elementor-element-50cdb0c elementor-widget elementor-widget-text-editor\" data-id=\"50cdb0c\" data-element_type=\"widget\" data-e-type=\"widget\" data-widget_type=\"text-editor.default\">\n\t\t\t\t<div class=\"elementor-widget-container\">\n\t\t\t\t\t\t\t\t\t<ul>\r\n \t<li>El\u00edas Atienza, Director General de CTA<\/li>\r\n \t<li>Antonio Fern\u00e1ndez, Delegado de Iberdrola en Andaluc\u00eda<\/li>\r\n<\/ul>\t\t\t\t\t\t\t\t<\/div>\n\t\t\t\t<\/div>\n\t\t\t\t<div class=\"elementor-element elementor-element-f209428 elementor-widget elementor-widget-text-editor\" data-id=\"f209428\" data-element_type=\"widget\" data-e-type=\"widget\" data-widget_type=\"text-editor.default\">\n\t\t\t\t<div class=\"elementor-widget-container\">\n\t\t\t\t\t\t\t\t\t<b>\u00a012.10h.<\/b> &#8211; Estado del arte de la bomba de calor y de la refrigeraci\u00f3n industrial\t\t\t\t\t\t\t\t<\/div>\n\t\t\t\t<\/div>\n\t\t\t\t<div class=\"elementor-element elementor-element-c4be8e9 elementor-widget elementor-widget-text-editor\" data-id=\"c4be8e9\" data-element_type=\"widget\" data-e-type=\"widget\" data-widget_type=\"text-editor.default\">\n\t\t\t\t<div class=\"elementor-widget-container\">\n\t\t\t\t\t\t\t\t\t<ul>\r\n \t<li>Jos\u00e9 Arboledas, Responsable de formaci\u00f3n y proyectos especiales, AFAR<\/li>\r\n<\/ul>\t\t\t\t\t\t\t\t<\/div>\n\t\t\t\t<\/div>\n\t\t\t\t<div class=\"elementor-element elementor-element-94aa724 elementor-widget elementor-widget-text-editor\" data-id=\"94aa724\" data-element_type=\"widget\" data-e-type=\"widget\" data-widget_type=\"text-editor.default\">\n\t\t\t\t<div class=\"elementor-widget-container\">\n\t\t\t\t\t\t\t\t\t<b>\u00a012.30h.<\/b> &#8211; Caso 1: Propuesta de valor de Iberdrola para la descarbonizaci\u00f3n industrial\t\t\t\t\t\t\t\t<\/div>\n\t\t\t\t<\/div>\n\t\t\t\t<div class=\"elementor-element elementor-element-e76d37c elementor-widget elementor-widget-text-editor\" data-id=\"e76d37c\" data-element_type=\"widget\" data-e-type=\"widget\" data-widget_type=\"text-editor.default\">\n\t\t\t\t<div class=\"elementor-widget-container\">\n\t\t\t\t\t\t\t\t\t<ul>\r\n \t<li>Fernando Mateo, Responsable de Descarbonizaci\u00f3n Industrial, Iberdrola<\/li>\r\n<\/ul>\t\t\t\t\t\t\t\t<\/div>\n\t\t\t\t<\/div>\n\t\t\t\t<div class=\"elementor-element elementor-element-9fd6751 elementor-widget elementor-widget-text-editor\" data-id=\"9fd6751\" data-element_type=\"widget\" data-e-type=\"widget\" data-widget_type=\"text-editor.default\">\n\t\t\t\t<div class=\"elementor-widget-container\">\n\t\t\t\t\t\t\t\t\t<b>\u00a012.45h.<\/b> &#8211; Caso 2: Instalaci\u00f3n frigor\u00edfica con refrigerantes naturales en matadero caprino\t\t\t\t\t\t\t\t<\/div>\n\t\t\t\t<\/div>\n\t\t\t\t<div class=\"elementor-element elementor-element-6e666ea elementor-widget elementor-widget-text-editor\" data-id=\"6e666ea\" data-element_type=\"widget\" data-e-type=\"widget\" data-widget_type=\"text-editor.default\">\n\t\t\t\t<div class=\"elementor-widget-container\">\n\t\t\t\t\t\t\t\t\t<ul>\r\n \t<li>Pedro S\u00e1nchez, Director de Planta, Cohiver<\/li>\r\n \t<li>Rafael Est\u00e9vez, Director de Ingenier\u00eda, Imangener<\/li>\r\n \t<li>Pedro Espinar, Ingeniero de prescripci\u00f3n, Intarcon<\/li>\r\n<\/ul>\t\t\t\t\t\t\t\t<\/div>\n\t\t\t\t<\/div>\n\t\t\t\t<div class=\"elementor-element elementor-element-e3bde9b elementor-widget elementor-widget-text-editor\" data-id=\"e3bde9b\" data-element_type=\"widget\" data-e-type=\"widget\" data-widget_type=\"text-editor.default\">\n\t\t\t\t<div class=\"elementor-widget-container\">\n\t\t\t\t\t\t\t\t\t<b>13.00h.<\/b> &#8211; Caso 3: Nuevas instalaciones energ\u00e9ticas del centro Ifapa \u201cAgua del Pino\u201d\t\t\t\t\t\t\t\t<\/div>\n\t\t\t\t<\/div>\n\t\t\t\t<div class=\"elementor-element elementor-element-6a0fa4f elementor-widget elementor-widget-text-editor\" data-id=\"6a0fa4f\" data-element_type=\"widget\" data-e-type=\"widget\" data-widget_type=\"text-editor.default\">\n\t\t\t\t<div class=\"elementor-widget-container\">\n\t\t\t\t\t\t\t\t\t<ul>\r\n \t<li>Pablo Alonso, Director general, Irradia Energ\u00eda<\/li>\r\n \t<li>Francisco Javier Sanabria, Responsable de prescripci\u00f3n, Keyter<\/li>\r\n<\/ul>\t\t\t\t\t\t\t\t<\/div>\n\t\t\t\t<\/div>\n\t\t\t\t<div class=\"elementor-element elementor-element-db97f76 elementor-widget elementor-widget-text-editor\" data-id=\"db97f76\" data-element_type=\"widget\" data-e-type=\"widget\" data-widget_type=\"text-editor.default\">\n\t\t\t\t<div class=\"elementor-widget-container\">\n\t\t\t\t\t\t\t\t\t<b>13.15h.<\/b> &#8211; Caso 4: Papel de la biomasa en la descarbonizaci\u00f3n industrial.\t\t\t\t\t\t\t\t<\/div>\n\t\t\t\t<\/div>\n\t\t\t\t<div class=\"elementor-element elementor-element-aca05cc elementor-widget elementor-widget-text-editor\" data-id=\"aca05cc\" data-element_type=\"widget\" data-e-type=\"widget\" data-widget_type=\"text-editor.default\">\n\t\t\t\t<div class=\"elementor-widget-container\">\n\t\t\t\t\t\t\t\t\t<ul>\r\n \t<li>Emilio L\u00f3pez, Director Negocio Industrial, REBI<\/li>\r\n<\/ul>\t\t\t\t\t\t\t\t<\/div>\n\t\t\t\t<\/div>\n\t\t\t\t<div class=\"elementor-element elementor-element-04e2883 elementor-widget elementor-widget-text-editor\" data-id=\"04e2883\" data-element_type=\"widget\" data-e-type=\"widget\" data-widget_type=\"text-editor.default\">\n\t\t\t\t<div class=\"elementor-widget-container\">\n\t\t\t\t\t\t\t\t\t<b>13.30h.<\/b> &#8211; Caso 5: Nueva instalaci\u00f3n frigor\u00edfica en el Hospital Virgen del Roc\u00edo\t\t\t\t\t\t\t\t<\/div>\n\t\t\t\t<\/div>\n\t\t\t\t<div class=\"elementor-element elementor-element-a2d7f6b elementor-widget elementor-widget-text-editor\" data-id=\"a2d7f6b\" data-element_type=\"widget\" data-e-type=\"widget\" data-widget_type=\"text-editor.default\">\n\t\t\t\t<div class=\"elementor-widget-container\">\n\t\t\t\t\t\t\t\t\t<ul>\r\n \t<li>Jos\u00e9 Luis Arjona S\u00e1nchez, Subdirector de Ingenier\u00eda y Mantenimiento, Hospital Universitario Virgen del Roc\u00edo<\/li>\r\n<\/ul>\t\t\t\t\t\t\t\t<\/div>\n\t\t\t\t<\/div>\n\t\t\t\t<div class=\"elementor-element elementor-element-963194a elementor-widget elementor-widget-text-editor\" data-id=\"963194a\" data-element_type=\"widget\" data-e-type=\"widget\" data-widget_type=\"text-editor.default\">\n\t\t\t\t<div class=\"elementor-widget-container\">\n\t\t\t\t\t\t\t\t\t<b>13.45h.<\/b> &#8211; Programa de ayudas: Agencia Andaluza de la Energ\u00eda\t\t\t\t\t\t\t\t<\/div>\n\t\t\t\t<\/div>\n\t\t\t\t<div class=\"elementor-element elementor-element-0e587cb elementor-widget elementor-widget-text-editor\" data-id=\"0e587cb\" data-element_type=\"widget\" data-e-type=\"widget\" data-widget_type=\"text-editor.default\">\n\t\t\t\t<div class=\"elementor-widget-container\">\n\t\t\t\t\t\t\t\t\t<ul>\r\n \t<li>Mar\u00eda Jos\u00e9 Colinet, Directora de Financiaci\u00f3n y Promoci\u00f3n de Actuaciones Energ\u00e9ticas, Agencia Andaluza de la Energ\u00eda<\/li>\r\n<\/ul>\t\t\t\t\t\t\t\t<\/div>\n\t\t\t\t<\/div>\n\t\t\t\t<div class=\"elementor-element elementor-element-e5886b4 elementor-widget elementor-widget-text-editor\" data-id=\"e5886b4\" data-element_type=\"widget\" data-e-type=\"widget\" data-widget_type=\"text-editor.default\">\n\t\t\t\t<div class=\"elementor-widget-container\">\n\t\t\t\t\t\t\t\t\t<b>14.00h.<\/b> &#8211; Turno de preguntas\t\t\t\t\t\t\t\t<\/div>\n\t\t\t\t<\/div>\n\t\t\t\t<div class=\"elementor-element elementor-element-99ad476 elementor-widget-divider--view-line elementor-widget elementor-widget-divider\" data-id=\"99ad476\" data-element_type=\"widget\" data-e-type=\"widget\" data-widget_type=\"divider.default\">\n\t\t\t\t<div class=\"elementor-widget-container\">\n\t\t\t\t\t\t\t<div class=\"elementor-divider\">\n\t\t\t<span class=\"elementor-divider-separator\">\n\t\t\t\t\t\t<\/span>\n\t\t<\/div>\n\t\t\t\t\t\t<\/div>\n\t\t\t\t<\/div>\n\t\t\t\t<div class=\"elementor-element elementor-element-6f26895 elementor-hidden-desktop elementor-hidden-tablet elementor-hidden-mobile elementor-widget elementor-widget-text-editor\" data-id=\"6f26895\" data-element_type=\"widget\" data-e-type=\"widget\" data-widget_type=\"text-editor.default\">\n\t\t\t\t<div class=\"elementor-widget-container\">\n\t\t\t\t\t\t\t\t\t<strong>Inscripciones en:<\/strong>\t\t\t\t\t\t\t\t<\/div>\n\t\t\t\t<\/div>\n\t\t\t\t<div class=\"elementor-element elementor-element-c3c3492 elementor-hidden-desktop elementor-hidden-tablet elementor-hidden-mobile elementor-widget elementor-widget-text-editor\" data-id=\"c3c3492\" data-element_type=\"widget\" data-e-type=\"widget\" data-widget_type=\"text-editor.default\">\n\t\t\t\t<div class=\"elementor-widget-container\">\n\t\t\t\t\t\t\t\t\t<p><a href=\"https:\/\/www.corporaciontecnologica.com\/es\/agenda\/calendario-de-eventos-y-convocatorias\/Jornada-tecnica-Tecnologias-de-calor-y-frio-en-aplicaciones-industriales\/\">https:\/\/www.corporaciontecnologica.com\/es\/agenda\/calendario-de-eventos-y-convocatorias\/Jornada-tecnica-Tecnologias-de-calor-y-frio-en-aplicaciones-industriales\/<\/a><\/p>\t\t\t\t\t\t\t\t<\/div>\n\t\t\t\t<\/div>\n\t\t\t\t\t<\/div>\n\t\t<\/div>\n\t\t\t\t\t<\/div>\n\t\t<\/section>\n\t\t\t\t\t<\/div>\n\t\t<\/div>\n\t\t\t\t\t<\/div>\n\t\t<\/section>\n\t\t\t\t<section class=\"elementor-section elementor-top-section elementor-element elementor-element-23c5f74 elementor-section-boxed elementor-section-height-default elementor-section-height-default parallax_section_no qode_elementor_container_no\" data-id=\"23c5f74\" data-element_type=\"section\" data-e-type=\"section\">\n\t\t\t\t\t\t<div class=\"elementor-container elementor-column-gap-default\">\n\t\t\t\t\t<div class=\"elementor-column elementor-col-100 elementor-top-column elementor-element elementor-element-71100e8\" data-id=\"71100e8\" data-element_type=\"column\" data-e-type=\"column\">\n\t\t\t<div class=\"elementor-widget-wrap elementor-element-populated\">\n\t\t\t\t\t\t<div class=\"elementor-element elementor-element-d867271 elementor-widget elementor-widget-spacer\" data-id=\"d867271\" data-element_type=\"widget\" data-e-type=\"widget\" data-widget_type=\"spacer.default\">\n\t\t\t\t<div class=\"elementor-widget-container\">\n\t\t\t\t\t\t\t<div class=\"elementor-spacer\">\n\t\t\t<div class=\"elementor-spacer-inner\"><\/div>\n\t\t<\/div>\n\t\t\t\t\t\t<\/div>\n\t\t\t\t<\/div>\n\t\t\t\t\t<\/div>\n\t\t<\/div>\n\t\t\t\t\t<\/div>\n\t\t<\/section>\n\t\t\t\t<section class=\"elementor-section elementor-top-section elementor-element elementor-element-e6d3e95 elementor-section-full_width elementor-section-height-min-height elementor-section-stretched elementor-section-height-default elementor-section-items-middle parallax_section_no qode_elementor_container_no\" data-id=\"e6d3e95\" data-element_type=\"section\" data-e-type=\"section\" data-settings=\"{&quot;background_background&quot;:&quot;classic&quot;,&quot;stretch_section&quot;:&quot;section-stretched&quot;}\">\n\t\t\t\t\t\t\t<div class=\"elementor-background-overlay\"><\/div>\n\t\t\t\t\t\t\t<div class=\"elementor-container elementor-column-gap-default\">\n\t\t\t\t\t<div class=\"elementor-column elementor-col-100 elementor-top-column elementor-element elementor-element-e5735e8\" data-id=\"e5735e8\" data-element_type=\"column\" data-e-type=\"column\">\n\t\t\t<div class=\"elementor-widget-wrap elementor-element-populated\">\n\t\t\t\t\t\t<div class=\"elementor-element elementor-element-51fa38a elementor-widget elementor-widget-heading\" data-id=\"51fa38a\" data-element_type=\"widget\" data-e-type=\"widget\" data-widget_type=\"heading.default\">\n\t\t\t\t<div class=\"elementor-widget-container\">\n\t\t\t\t\t<p class=\"elementor-heading-title elementor-size-default\">M\u00e1s noticias<\/p>\t\t\t\t<\/div>\n\t\t\t\t<\/div>\n\t\t\t\t<div class=\"elementor-element elementor-element-6c75f5b elementor-widget elementor-widget-text-editor\" data-id=\"6c75f5b\" data-element_type=\"widget\" data-e-type=\"widget\" data-widget_type=\"text-editor.default\">\n\t\t\t\t<div class=\"elementor-widget-container\">\n\t\t\t\t\t\t\t\t\t\u00bfTe interesan todas nuestras noticias, art\u00edculos y actualizaciones? Lee todas y mantente al d\u00eda.\t\t\t\t\t\t\t\t<\/div>\n\t\t\t\t<\/div>\n\t\t\t\t<div class=\"elementor-element elementor-element-1d10584 elementor-align-center elementor-widget elementor-widget-button\" data-id=\"1d10584\" data-element_type=\"widget\" data-e-type=\"widget\" data-widget_type=\"button.default\">\n\t\t\t\t<div class=\"elementor-widget-container\">\n\t\t\t\t\t\t\t\t\t<div class=\"elementor-button-wrapper\">\n\t\t\t\t\t<a class=\"elementor-button elementor-button-link elementor-size-sm\" href=\"https:\/\/www.keyter.com\/es\/noticias\/\">\n\t\t\t\t\t\t<span class=\"elementor-button-content-wrapper\">\n\t\t\t\t\t\t<span class=\"elementor-button-icon\">\n\t\t\t\t<i aria-hidden=\"true\" class=\"fas fa-arrow-circle-right\"><\/i>\t\t\t<\/span>\n\t\t\t\t\t\t\t\t\t<span class=\"elementor-button-text\">NOTICIAS<\/span>\n\t\t\t\t\t<\/span>\n\t\t\t\t\t<\/a>\n\t\t\t\t<\/div>\n\t\t\t\t\t\t\t\t<\/div>\n\t\t\t\t<\/div>\n\t\t\t\t\t<\/div>\n\t\t<\/div>\n\t\t\t\t\t<\/div>\n\t\t<\/section>\n\t\t\t\t<section class=\"elementor-section elementor-top-section elementor-element elementor-element-cfb5775 elementor-section-full_width elementor-section-height-min-height elementor-section-stretched elementor-section-height-default elementor-section-items-middle parallax_section_no qode_elementor_container_no\" data-id=\"cfb5775\" data-element_type=\"section\" data-e-type=\"section\" data-settings=\"{&quot;background_background&quot;:&quot;classic&quot;,&quot;stretch_section&quot;:&quot;section-stretched&quot;}\">\n\t\t\t\t\t\t\t<div class=\"elementor-background-overlay\"><\/div>\n\t\t\t\t\t\t\t<div class=\"elementor-container elementor-column-gap-default\">\n\t\t\t\t\t<div class=\"elementor-column elementor-col-100 elementor-top-column elementor-element elementor-element-fec5411\" data-id=\"fec5411\" data-element_type=\"column\" data-e-type=\"column\">\n\t\t\t<div class=\"elementor-widget-wrap elementor-element-populated\">\n\t\t\t\t\t\t<div class=\"elementor-element elementor-element-c0d933e elementor-widget elementor-widget-text-editor\" data-id=\"c0d933e\" data-element_type=\"widget\" data-e-type=\"widget\" data-widget_type=\"text-editor.default\">\n\t\t\t\t<div class=\"elementor-widget-container\">\n\t\t\t\t\t\t\t\t\tM\u00c1S SOBRE KEYTER\t\t\t\t\t\t\t\t<\/div>\n\t\t\t\t<\/div>\n\t\t\t\t<div class=\"elementor-element elementor-element-2c4d122 elementor-widget elementor-widget-text-editor\" data-id=\"2c4d122\" data-element_type=\"widget\" data-e-type=\"widget\" data-widget_type=\"text-editor.default\">\n\t\t\t\t<div class=\"elementor-widget-container\">\n\t\t\t\t\t\t\t\t\t<h4 style=\"font-size: 40px;\">\u00bfEn qu\u00e9 est\u00e1s interesado?<\/h4>\t\t\t\t\t\t\t\t<\/div>\n\t\t\t\t<\/div>\n\t\t\t\t<div class=\"elementor-element elementor-element-b01f76b elementor-widget elementor-widget-image\" data-id=\"b01f76b\" data-element_type=\"widget\" data-e-type=\"widget\" data-widget_type=\"image.default\">\n\t\t\t\t<div class=\"elementor-widget-container\">\n\t\t\t\t\t\t\t\t\t\t\t\t\t\t\t<img decoding=\"async\" width=\"369\" height=\"9\" src=\"https:\/\/www.keyter.com\/wp-content\/uploads\/2020\/10\/line-leaf.svg\" class=\"attachment-medium size-medium wp-image-45826\" alt=\"\" \/>\t\t\t\t\t\t\t\t\t\t\t\t\t\t\t<\/div>\n\t\t\t\t<\/div>\n\t\t\t\t<section class=\"elementor-section elementor-inner-section elementor-element elementor-element-c68b7cb elementor-section-boxed elementor-section-height-default elementor-section-height-default parallax_section_no qode_elementor_container_no\" data-id=\"c68b7cb\" data-element_type=\"section\" data-e-type=\"section\">\n\t\t\t\t\t\t<div class=\"elementor-container elementor-column-gap-default\">\n\t\t\t\t\t<div class=\"elementor-column elementor-col-25 elementor-inner-column elementor-element elementor-element-6cf4743\" data-id=\"6cf4743\" data-element_type=\"column\" data-e-type=\"column\">\n\t\t\t<div class=\"elementor-widget-wrap elementor-element-populated\">\n\t\t\t\t\t\t<div class=\"elementor-element elementor-element-309be93 elementor-align-center elementor-widget elementor-widget-button\" data-id=\"309be93\" data-element_type=\"widget\" data-e-type=\"widget\" data-widget_type=\"button.default\">\n\t\t\t\t<div class=\"elementor-widget-container\">\n\t\t\t\t\t\t\t\t\t<div class=\"elementor-button-wrapper\">\n\t\t\t\t\t<a class=\"elementor-button elementor-button-link elementor-size-sm\" href=\"https:\/\/www.keyter.com\/es\/nuestra-historia\/\">\n\t\t\t\t\t\t<span class=\"elementor-button-content-wrapper\">\n\t\t\t\t\t\t<span class=\"elementor-button-icon\">\n\t\t\t\t<i aria-hidden=\"true\" class=\"fas fa-arrow-circle-right\"><\/i>\t\t\t<\/span>\n\t\t\t\t\t\t\t\t\t<span class=\"elementor-button-text\">NUESTRA HISTORIA<\/span>\n\t\t\t\t\t<\/span>\n\t\t\t\t\t<\/a>\n\t\t\t\t<\/div>\n\t\t\t\t\t\t\t\t<\/div>\n\t\t\t\t<\/div>\n\t\t\t\t\t<\/div>\n\t\t<\/div>\n\t\t\t\t<div class=\"elementor-column elementor-col-25 elementor-inner-column elementor-element elementor-element-e563b17\" data-id=\"e563b17\" data-element_type=\"column\" data-e-type=\"column\">\n\t\t\t<div class=\"elementor-widget-wrap elementor-element-populated\">\n\t\t\t\t\t\t<div class=\"elementor-element elementor-element-bdead2d elementor-align-center elementor-widget elementor-widget-button\" data-id=\"bdead2d\" data-element_type=\"widget\" data-e-type=\"widget\" data-widget_type=\"button.default\">\n\t\t\t\t<div class=\"elementor-widget-container\">\n\t\t\t\t\t\t\t\t\t<div class=\"elementor-button-wrapper\">\n\t\t\t\t\t<a class=\"elementor-button elementor-button-link elementor-size-sm\" href=\"https:\/\/www.keyter.com\/es\/productos\/\">\n\t\t\t\t\t\t<span class=\"elementor-button-content-wrapper\">\n\t\t\t\t\t\t<span class=\"elementor-button-icon\">\n\t\t\t\t<i aria-hidden=\"true\" class=\"fas fa-arrow-circle-right\"><\/i>\t\t\t<\/span>\n\t\t\t\t\t\t\t\t\t<span class=\"elementor-button-text\">PRODUCTOS<\/span>\n\t\t\t\t\t<\/span>\n\t\t\t\t\t<\/a>\n\t\t\t\t<\/div>\n\t\t\t\t\t\t\t\t<\/div>\n\t\t\t\t<\/div>\n\t\t\t\t\t<\/div>\n\t\t<\/div>\n\t\t\t\t<div class=\"elementor-column elementor-col-25 elementor-inner-column elementor-element elementor-element-a04405f\" data-id=\"a04405f\" data-element_type=\"column\" data-e-type=\"column\">\n\t\t\t<div class=\"elementor-widget-wrap elementor-element-populated\">\n\t\t\t\t\t\t<div class=\"elementor-element elementor-element-40e6c4b elementor-align-center elementor-widget elementor-widget-button\" data-id=\"40e6c4b\" data-element_type=\"widget\" data-e-type=\"widget\" data-widget_type=\"button.default\">\n\t\t\t\t<div class=\"elementor-widget-container\">\n\t\t\t\t\t\t\t\t\t<div class=\"elementor-button-wrapper\">\n\t\t\t\t\t<a class=\"elementor-button elementor-button-link elementor-size-sm\" href=\"https:\/\/www.keyter.com\/es\/referencias\/\">\n\t\t\t\t\t\t<span class=\"elementor-button-content-wrapper\">\n\t\t\t\t\t\t<span class=\"elementor-button-icon\">\n\t\t\t\t<i aria-hidden=\"true\" class=\"fas fa-arrow-circle-right\"><\/i>\t\t\t<\/span>\n\t\t\t\t\t\t\t\t\t<span class=\"elementor-button-text\">REFERENCIAS<\/span>\n\t\t\t\t\t<\/span>\n\t\t\t\t\t<\/a>\n\t\t\t\t<\/div>\n\t\t\t\t\t\t\t\t<\/div>\n\t\t\t\t<\/div>\n\t\t\t\t\t<\/div>\n\t\t<\/div>\n\t\t\t\t<div class=\"elementor-column elementor-col-25 elementor-inner-column elementor-element elementor-element-cd597c5\" data-id=\"cd597c5\" data-element_type=\"column\" data-e-type=\"column\">\n\t\t\t<div class=\"elementor-widget-wrap elementor-element-populated\">\n\t\t\t\t\t\t<div class=\"elementor-element elementor-element-eddf82c elementor-align-center elementor-widget elementor-widget-button\" data-id=\"eddf82c\" data-element_type=\"widget\" data-e-type=\"widget\" data-widget_type=\"button.default\">\n\t\t\t\t<div class=\"elementor-widget-container\">\n\t\t\t\t\t\t\t\t\t<div class=\"elementor-button-wrapper\">\n\t\t\t\t\t<a class=\"elementor-button elementor-button-link elementor-size-sm\" href=\"https:\/\/www.keyter.com\/es\/empleo\/\">\n\t\t\t\t\t\t<span class=\"elementor-button-content-wrapper\">\n\t\t\t\t\t\t<span class=\"elementor-button-icon\">\n\t\t\t\t<i aria-hidden=\"true\" class=\"fas fa-arrow-circle-right\"><\/i>\t\t\t<\/span>\n\t\t\t\t\t\t\t\t\t<span class=\"elementor-button-text\">TRABAJA CON NOSOTROS<\/span>\n\t\t\t\t\t<\/span>\n\t\t\t\t\t<\/a>\n\t\t\t\t<\/div>\n\t\t\t\t\t\t\t\t<\/div>\n\t\t\t\t<\/div>\n\t\t\t\t\t<\/div>\n\t\t<\/div>\n\t\t\t\t\t<\/div>\n\t\t<\/section>\n\t\t\t\t\t<\/div>\n\t\t<\/div>\n\t\t\t\t\t<\/div>\n\t\t<\/section>\n\t\t\t\t<\/div>\n\t\t","protected":false},"excerpt":{"rendered":"<p>NOTICIAS \u2022 02.06.2022 Jornada t\u00e9cnica: \u00abTecnolog\u00edas de calor y fr\u00edo en aplicaciones industriales\u201d con CTA e Iberdrola CTA, Corporaci\u00f3n Tecnol\u00f3gica de Andaluc\u00eda en colaboraci\u00f3n con Iberdrola est\u00e1n llevando a cabo diferentes acciones con el objetivo de impulsar la descarbonizaci\u00f3n de la econom\u00eda. KEYTER como fabricante&#8230;<\/p>\n","protected":false},"author":3,"featured_media":0,"parent":0,"menu_order":0,"comment_status":"open","ping_status":"open","template":"","meta":{"content-type":"","inline_featured_image":false,"footnotes":""},"class_list":["post-48294","page","type-page","status-publish","hentry"],"yoast_head":"<!-- This site is optimized with the Yoast SEO plugin v27.3 - https:\/\/yoast.com\/product\/yoast-seo-wordpress\/ -->\n<title>Jornada t\u00e9cnica: &quot;Tecnolog\u00edas de calor y fr\u00edo en aplicaciones industriales\u201d con CTA e Iberdrola - Keyter<\/title>\n<meta name=\"robots\" content=\"index, follow, max-snippet:-1, max-image-preview:large, max-video-preview:-1\" \/>\n<link rel=\"canonical\" href=\"https:\/\/www.keyter.com\/es\/jornada-tecnica-tecnologias-de-calor-y-frio-en-aplicaciones-industriales-con-cta-e-iberdrola\/\" \/>\n<meta property=\"og:locale\" content=\"es_ES\" \/>\n<meta property=\"og:type\" content=\"article\" \/>\n<meta property=\"og:title\" content=\"Jornada t\u00e9cnica: &quot;Tecnolog\u00edas de calor y fr\u00edo en aplicaciones industriales\u201d con CTA e Iberdrola - Keyter\" \/>\n<meta property=\"og:description\" content=\"NOTICIAS \u2022 02.06.2022 Jornada t\u00e9cnica: \u00abTecnolog\u00edas de calor y fr\u00edo en aplicaciones industriales\u201d con CTA e Iberdrola CTA, Corporaci\u00f3n Tecnol\u00f3gica de Andaluc\u00eda en colaboraci\u00f3n con Iberdrola est\u00e1n llevando a cabo diferentes acciones con el objetivo de impulsar la descarbonizaci\u00f3n de la econom\u00eda. KEYTER como fabricante...\" \/>\n<meta property=\"og:url\" content=\"https:\/\/www.keyter.com\/es\/jornada-tecnica-tecnologias-de-calor-y-frio-en-aplicaciones-industriales-con-cta-e-iberdrola\/\" \/>\n<meta property=\"og:site_name\" content=\"Keyter\" \/>\n<meta property=\"article:modified_time\" content=\"2022-06-08T06:37:19+00:00\" \/>\n<meta property=\"og:image\" content=\"https:\/\/www.keyter.com\/wp-content\/uploads\/2020\/11\/line-leaf-single-right.svg\" \/>\n<meta name=\"twitter:card\" content=\"summary_large_image\" \/>\n<meta name=\"twitter:label1\" content=\"Tiempo de lectura\" \/>\n\t<meta name=\"twitter:data1\" content=\"3 minutos\" \/>\n<script type=\"application\/ld+json\" class=\"yoast-schema-graph\">{\"@context\":\"https:\\\/\\\/schema.org\",\"@graph\":[{\"@type\":\"WebPage\",\"@id\":\"https:\\\/\\\/www.keyter.com\\\/es\\\/jornada-tecnica-tecnologias-de-calor-y-frio-en-aplicaciones-industriales-con-cta-e-iberdrola\\\/\",\"url\":\"https:\\\/\\\/www.keyter.com\\\/es\\\/jornada-tecnica-tecnologias-de-calor-y-frio-en-aplicaciones-industriales-con-cta-e-iberdrola\\\/\",\"name\":\"Jornada t\u00e9cnica: \\\"Tecnolog\u00edas de calor y fr\u00edo en aplicaciones industriales\u201d con CTA e Iberdrola - Keyter\",\"isPartOf\":{\"@id\":\"https:\\\/\\\/www.keyter.com\\\/es\\\/#website\"},\"primaryImageOfPage\":{\"@id\":\"https:\\\/\\\/www.keyter.com\\\/es\\\/jornada-tecnica-tecnologias-de-calor-y-frio-en-aplicaciones-industriales-con-cta-e-iberdrola\\\/#primaryimage\"},\"image\":{\"@id\":\"https:\\\/\\\/www.keyter.com\\\/es\\\/jornada-tecnica-tecnologias-de-calor-y-frio-en-aplicaciones-industriales-con-cta-e-iberdrola\\\/#primaryimage\"},\"thumbnailUrl\":\"https:\\\/\\\/www.keyter.com\\\/wp-content\\\/uploads\\\/2020\\\/11\\\/line-leaf-single-right.svg\",\"datePublished\":\"2022-06-01T16:24:31+00:00\",\"dateModified\":\"2022-06-08T06:37:19+00:00\",\"breadcrumb\":{\"@id\":\"https:\\\/\\\/www.keyter.com\\\/es\\\/jornada-tecnica-tecnologias-de-calor-y-frio-en-aplicaciones-industriales-con-cta-e-iberdrola\\\/#breadcrumb\"},\"inLanguage\":\"es\",\"potentialAction\":[{\"@type\":\"ReadAction\",\"target\":[\"https:\\\/\\\/www.keyter.com\\\/es\\\/jornada-tecnica-tecnologias-de-calor-y-frio-en-aplicaciones-industriales-con-cta-e-iberdrola\\\/\"]}]},{\"@type\":\"ImageObject\",\"inLanguage\":\"es\",\"@id\":\"https:\\\/\\\/www.keyter.com\\\/es\\\/jornada-tecnica-tecnologias-de-calor-y-frio-en-aplicaciones-industriales-con-cta-e-iberdrola\\\/#primaryimage\",\"url\":\"https:\\\/\\\/www.keyter.com\\\/wp-content\\\/uploads\\\/2020\\\/11\\\/line-leaf-single-right.svg\",\"contentUrl\":\"https:\\\/\\\/www.keyter.com\\\/wp-content\\\/uploads\\\/2020\\\/11\\\/line-leaf-single-right.svg\"},{\"@type\":\"BreadcrumbList\",\"@id\":\"https:\\\/\\\/www.keyter.com\\\/es\\\/jornada-tecnica-tecnologias-de-calor-y-frio-en-aplicaciones-industriales-con-cta-e-iberdrola\\\/#breadcrumb\",\"itemListElement\":[{\"@type\":\"ListItem\",\"position\":1,\"name\":\"Home\",\"item\":\"https:\\\/\\\/www.keyter.com\\\/es\\\/\"},{\"@type\":\"ListItem\",\"position\":2,\"name\":\"Jornada t\u00e9cnica: \u00abTecnolog\u00edas de calor y fr\u00edo en aplicaciones industriales\u201d con CTA e Iberdrola\"}]},{\"@type\":\"WebSite\",\"@id\":\"https:\\\/\\\/www.keyter.com\\\/es\\\/#website\",\"url\":\"https:\\\/\\\/www.keyter.com\\\/es\\\/\",\"name\":\"Keyter\",\"description\":\"Leading thermodynamic technologies\",\"potentialAction\":[{\"@type\":\"SearchAction\",\"target\":{\"@type\":\"EntryPoint\",\"urlTemplate\":\"https:\\\/\\\/www.keyter.com\\\/es\\\/?s={search_term_string}\"},\"query-input\":{\"@type\":\"PropertyValueSpecification\",\"valueRequired\":true,\"valueName\":\"search_term_string\"}}],\"inLanguage\":\"es\"}]}<\/script>\n<!-- \/ Yoast SEO plugin. -->","yoast_head_json":{"title":"Jornada t\u00e9cnica: \"Tecnolog\u00edas de calor y fr\u00edo en aplicaciones industriales\u201d con CTA e Iberdrola - Keyter","robots":{"index":"index","follow":"follow","max-snippet":"max-snippet:-1","max-image-preview":"max-image-preview:large","max-video-preview":"max-video-preview:-1"},"canonical":"https:\/\/www.keyter.com\/es\/jornada-tecnica-tecnologias-de-calor-y-frio-en-aplicaciones-industriales-con-cta-e-iberdrola\/","og_locale":"es_ES","og_type":"article","og_title":"Jornada t\u00e9cnica: \"Tecnolog\u00edas de calor y fr\u00edo en aplicaciones industriales\u201d con CTA e Iberdrola - Keyter","og_description":"NOTICIAS \u2022 02.06.2022 Jornada t\u00e9cnica: \u00abTecnolog\u00edas de calor y fr\u00edo en aplicaciones industriales\u201d con CTA e Iberdrola CTA, Corporaci\u00f3n Tecnol\u00f3gica de Andaluc\u00eda en colaboraci\u00f3n con Iberdrola est\u00e1n llevando a cabo diferentes acciones con el objetivo de impulsar la descarbonizaci\u00f3n de la econom\u00eda. KEYTER como fabricante...","og_url":"https:\/\/www.keyter.com\/es\/jornada-tecnica-tecnologias-de-calor-y-frio-en-aplicaciones-industriales-con-cta-e-iberdrola\/","og_site_name":"Keyter","article_modified_time":"2022-06-08T06:37:19+00:00","og_image":[{"url":"https:\/\/www.keyter.com\/wp-content\/uploads\/2020\/11\/line-leaf-single-right.svg","type":"","width":"","height":""}],"twitter_card":"summary_large_image","twitter_misc":{"Tiempo de lectura":"3 minutos"},"schema":{"@context":"https:\/\/schema.org","@graph":[{"@type":"WebPage","@id":"https:\/\/www.keyter.com\/es\/jornada-tecnica-tecnologias-de-calor-y-frio-en-aplicaciones-industriales-con-cta-e-iberdrola\/","url":"https:\/\/www.keyter.com\/es\/jornada-tecnica-tecnologias-de-calor-y-frio-en-aplicaciones-industriales-con-cta-e-iberdrola\/","name":"Jornada t\u00e9cnica: \"Tecnolog\u00edas de calor y fr\u00edo en aplicaciones industriales\u201d con CTA e Iberdrola - Keyter","isPartOf":{"@id":"https:\/\/www.keyter.com\/es\/#website"},"primaryImageOfPage":{"@id":"https:\/\/www.keyter.com\/es\/jornada-tecnica-tecnologias-de-calor-y-frio-en-aplicaciones-industriales-con-cta-e-iberdrola\/#primaryimage"},"image":{"@id":"https:\/\/www.keyter.com\/es\/jornada-tecnica-tecnologias-de-calor-y-frio-en-aplicaciones-industriales-con-cta-e-iberdrola\/#primaryimage"},"thumbnailUrl":"https:\/\/www.keyter.com\/wp-content\/uploads\/2020\/11\/line-leaf-single-right.svg","datePublished":"2022-06-01T16:24:31+00:00","dateModified":"2022-06-08T06:37:19+00:00","breadcrumb":{"@id":"https:\/\/www.keyter.com\/es\/jornada-tecnica-tecnologias-de-calor-y-frio-en-aplicaciones-industriales-con-cta-e-iberdrola\/#breadcrumb"},"inLanguage":"es","potentialAction":[{"@type":"ReadAction","target":["https:\/\/www.keyter.com\/es\/jornada-tecnica-tecnologias-de-calor-y-frio-en-aplicaciones-industriales-con-cta-e-iberdrola\/"]}]},{"@type":"ImageObject","inLanguage":"es","@id":"https:\/\/www.keyter.com\/es\/jornada-tecnica-tecnologias-de-calor-y-frio-en-aplicaciones-industriales-con-cta-e-iberdrola\/#primaryimage","url":"https:\/\/www.keyter.com\/wp-content\/uploads\/2020\/11\/line-leaf-single-right.svg","contentUrl":"https:\/\/www.keyter.com\/wp-content\/uploads\/2020\/11\/line-leaf-single-right.svg"},{"@type":"BreadcrumbList","@id":"https:\/\/www.keyter.com\/es\/jornada-tecnica-tecnologias-de-calor-y-frio-en-aplicaciones-industriales-con-cta-e-iberdrola\/#breadcrumb","itemListElement":[{"@type":"ListItem","position":1,"name":"Home","item":"https:\/\/www.keyter.com\/es\/"},{"@type":"ListItem","position":2,"name":"Jornada t\u00e9cnica: \u00abTecnolog\u00edas de calor y fr\u00edo en aplicaciones industriales\u201d con CTA e Iberdrola"}]},{"@type":"WebSite","@id":"https:\/\/www.keyter.com\/es\/#website","url":"https:\/\/www.keyter.com\/es\/","name":"Keyter","description":"Leading thermodynamic technologies","potentialAction":[{"@type":"SearchAction","target":{"@type":"EntryPoint","urlTemplate":"https:\/\/www.keyter.com\/es\/?s={search_term_string}"},"query-input":{"@type":"PropertyValueSpecification","valueRequired":true,"valueName":"search_term_string"}}],"inLanguage":"es"}]}},"_links":{"self":[{"href":"https:\/\/www.keyter.com\/es\/wp-json\/wp\/v2\/pages\/48294","targetHints":{"allow":["GET"]}}],"collection":[{"href":"https:\/\/www.keyter.com\/es\/wp-json\/wp\/v2\/pages"}],"about":[{"href":"https:\/\/www.keyter.com\/es\/wp-json\/wp\/v2\/types\/page"}],"author":[{"embeddable":true,"href":"https:\/\/www.keyter.com\/es\/wp-json\/wp\/v2\/users\/3"}],"replies":[{"embeddable":true,"href":"https:\/\/www.keyter.com\/es\/wp-json\/wp\/v2\/comments?post=48294"}],"version-history":[{"count":2,"href":"https:\/\/www.keyter.com\/es\/wp-json\/wp\/v2\/pages\/48294\/revisions"}],"predecessor-version":[{"id":48366,"href":"https:\/\/www.keyter.com\/es\/wp-json\/wp\/v2\/pages\/48294\/revisions\/48366"}],"wp:attachment":[{"href":"https:\/\/www.keyter.com\/es\/wp-json\/wp\/v2\/media?parent=48294"}],"curies":[{"name":"wp","href":"https:\/\/api.w.org\/{rel}","templated":true}]}}