{"id":51441,"date":"2022-09-20T07:22:15","date_gmt":"2022-09-20T07:22:15","guid":{"rendered":"https:\/\/www.keyter.com\/jornada-tecnica-descarbonizacion-de-instalaciones-termicas-con-sistemas-hvac\/"},"modified":"2022-09-20T08:07:04","modified_gmt":"2022-09-20T08:07:04","slug":"jornada-tecnica-descarbonizacion-de-instalaciones-termicas-con-sistemas-hvac","status":"publish","type":"page","link":"https:\/\/www.keyter.com\/es\/jornada-tecnica-descarbonizacion-de-instalaciones-termicas-con-sistemas-hvac\/","title":{"rendered":"Jornada t\u00e9cnica: Descarbonizaci\u00f3n de instalaciones t\u00e9rmicas con sistemas HVAC eficientes (presencial)"},"content":{"rendered":"\t\t<div data-elementor-type=\"wp-page\" data-elementor-id=\"51441\" class=\"elementor elementor-51441 elementor-51431\" data-elementor-post-type=\"page\">\n\t\t\t\t\t\t<section class=\"elementor-section elementor-top-section elementor-element elementor-element-35fb782 elementor-section-full_width elementor-section-stretched elementor-section-height-default elementor-section-height-default parallax_section_no qode_elementor_container_no\" data-id=\"35fb782\" data-element_type=\"section\" data-e-type=\"section\" data-settings=\"{&quot;background_background&quot;:&quot;classic&quot;,&quot;stretch_section&quot;:&quot;section-stretched&quot;}\">\n\t\t\t\t\t\t<div class=\"elementor-container elementor-column-gap-default\">\n\t\t\t\t\t<div class=\"elementor-column elementor-col-100 elementor-top-column elementor-element elementor-element-828a3ad\" data-id=\"828a3ad\" data-element_type=\"column\" data-e-type=\"column\">\n\t\t\t<div class=\"elementor-widget-wrap elementor-element-populated\">\n\t\t\t\t\t\t<section class=\"elementor-section elementor-inner-section elementor-element elementor-element-f8f03c9 elementor-section-boxed elementor-section-height-default elementor-section-height-default parallax_section_no qode_elementor_container_no\" data-id=\"f8f03c9\" data-element_type=\"section\" data-e-type=\"section\">\n\t\t\t\t\t\t<div class=\"elementor-container elementor-column-gap-default\">\n\t\t\t\t\t<div class=\"elementor-column elementor-col-100 elementor-inner-column elementor-element elementor-element-3584d49\" data-id=\"3584d49\" data-element_type=\"column\" data-e-type=\"column\">\n\t\t\t<div class=\"elementor-widget-wrap elementor-element-populated\">\n\t\t\t\t\t\t<div class=\"elementor-element elementor-element-3048b3f elementor-widget elementor-widget-menu-anchor\" data-id=\"3048b3f\" data-element_type=\"widget\" data-e-type=\"widget\" data-widget_type=\"menu-anchor.default\">\n\t\t\t\t<div class=\"elementor-widget-container\">\n\t\t\t\t\t\t\t<div class=\"elementor-menu-anchor\" id=\"news\"><\/div>\n\t\t\t\t\t\t<\/div>\n\t\t\t\t<\/div>\n\t\t\t\t<div class=\"elementor-element elementor-element-44a1c28 elementor-widget elementor-widget-spacer\" data-id=\"44a1c28\" data-element_type=\"widget\" data-e-type=\"widget\" data-widget_type=\"spacer.default\">\n\t\t\t\t<div class=\"elementor-widget-container\">\n\t\t\t\t\t\t\t<div class=\"elementor-spacer\">\n\t\t\t<div class=\"elementor-spacer-inner\"><\/div>\n\t\t<\/div>\n\t\t\t\t\t\t<\/div>\n\t\t\t\t<\/div>\n\t\t\t\t<div class=\"elementor-element elementor-element-57e52e4 elementor-widget elementor-widget-text-editor\" data-id=\"57e52e4\" data-element_type=\"widget\" data-e-type=\"widget\" data-widget_type=\"text-editor.default\">\n\t\t\t\t<div class=\"elementor-widget-container\">\n\t\t\t\t\t\t\t\t\t<p>NOTICIAS \u2022 20.09.2022<\/p>\n\t\t\t\t\t\t\t\t<\/div>\n\t\t\t\t<\/div>\n\t\t\t\t<div class=\"elementor-element elementor-element-9b9649e elementor-widget elementor-widget-image\" data-id=\"9b9649e\" data-element_type=\"widget\" data-e-type=\"widget\" data-widget_type=\"image.default\">\n\t\t\t\t<div class=\"elementor-widget-container\">\n\t\t\t\t\t\t\t\t\t\t\t\t\t\t\t<img decoding=\"async\" width=\"189\" height=\"9\" src=\"https:\/\/www.keyter.com\/wp-content\/uploads\/2020\/11\/line-leaf-single-right.svg\" class=\"attachment-medium size-medium wp-image-31456\" alt=\"\" \/>\t\t\t\t\t\t\t\t\t\t\t\t\t\t\t<\/div>\n\t\t\t\t<\/div>\n\t\t\t\t<div class=\"elementor-element elementor-element-0cab9e3 elementor-widget elementor-widget-text-editor\" data-id=\"0cab9e3\" data-element_type=\"widget\" data-e-type=\"widget\" data-widget_type=\"text-editor.default\">\n\t\t\t\t<div class=\"elementor-widget-container\">\n\t\t\t\t\t\t\t\t\t<h4 style=\"font-size: 40px;\">Jornada t\u00e9cnica: Descarbonizaci\u00f3n de instalaciones t\u00e9rmicas con sistemas HVAC eficientes (presencial)<\/h4>\n\t\t\t\t\t\t\t\t<\/div>\n\t\t\t\t<\/div>\n\t\t\t\t<div class=\"elementor-element elementor-element-09fa1f8 elementor-widget elementor-widget-text-editor\" data-id=\"09fa1f8\" data-element_type=\"widget\" data-e-type=\"widget\" data-widget_type=\"text-editor.default\">\n\t\t\t\t<div class=\"elementor-widget-container\">\n\t\t\t\t\t\t\t\t\t<p>Organizada por el Colegio de Ingenieros Industriales de Catalu\u00f1a en Girona.<\/p>\n\t\t\t\t\t\t\t\t<\/div>\n\t\t\t\t<\/div>\n\t\t\t\t<div class=\"elementor-element elementor-element-a8f0127 elementor-widget elementor-widget-text-editor\" data-id=\"a8f0127\" data-element_type=\"widget\" data-e-type=\"widget\" data-widget_type=\"text-editor.default\">\n\t\t\t\t<div class=\"elementor-widget-container\">\n\t\t\t\t\t\t\t\t\t<p><strong style=\"font-size: 20px; color: #72b431;\">JORNADA T\u00c9CNICA PRESENCIAL<\/strong><\/p>\n\t\t\t\t\t\t\t\t<\/div>\n\t\t\t\t<\/div>\n\t\t\t\t<div class=\"elementor-element elementor-element-cc86bb3 elementor-widget elementor-widget-text-editor\" data-id=\"cc86bb3\" data-element_type=\"widget\" data-e-type=\"widget\" data-widget_type=\"text-editor.default\">\n\t\t\t\t<div class=\"elementor-widget-container\">\n\t\t\t\t\t\t\t\t\t<p><strong style=\"font-size: 20px;\">D\u00eda: 28 de septiembre de 2022<\/strong><br \/>\n<strong style=\"font-size: 20px;\">Hora: 18h (UTC +1)<\/strong><br \/>\n<strong style=\"font-size: 20px;\">Formato: Presencial<\/strong><\/p>\n<p><strong style=\"font-size: 20px;\">Lugar: Narc\u00eds Blanc 39 baixos 17003 Girona <\/strong><\/p>\n\t\t\t\t\t\t\t\t<\/div>\n\t\t\t\t<\/div>\n\t\t\t\t<div class=\"elementor-element elementor-element-0025394 elementor-align-center elementor-widget elementor-widget-button\" data-id=\"0025394\" data-element_type=\"widget\" data-e-type=\"widget\" data-widget_type=\"button.default\">\n\t\t\t\t<div class=\"elementor-widget-container\">\n\t\t\t\t\t\t\t\t\t<div class=\"elementor-button-wrapper\">\n\t\t\t\t\t<a class=\"elementor-button elementor-button-link elementor-size-sm\" href=\"https:\/\/girona.eic.cat\/jornades\/1126037?utm_medium=email&#038;id_mail=60692756\" target=\"_blank\">\n\t\t\t\t\t\t<span class=\"elementor-button-content-wrapper\">\n\t\t\t\t\t\t<span class=\"elementor-button-icon\">\n\t\t\t\t<i aria-hidden=\"true\" class=\"fas fa-arrow-circle-right\"><\/i>\t\t\t<\/span>\n\t\t\t\t\t\t\t\t\t<span class=\"elementor-button-text\">INSCRIPCIONES<\/span>\n\t\t\t\t\t<\/span>\n\t\t\t\t\t<\/a>\n\t\t\t\t<\/div>\n\t\t\t\t\t\t\t\t<\/div>\n\t\t\t\t<\/div>\n\t\t\t\t<div class=\"elementor-element elementor-element-9bf6b18 elementor-widget elementor-widget-image\" data-id=\"9bf6b18\" data-element_type=\"widget\" data-e-type=\"widget\" data-widget_type=\"image.default\">\n\t\t\t\t<div class=\"elementor-widget-container\">\n\t\t\t\t\t\t\t\t\t\t\t\t\t\t\t<img fetchpriority=\"high\" decoding=\"async\" width=\"846\" height=\"252\" src=\"https:\/\/www.keyter.com\/wp-content\/uploads\/2022\/09\/Screenshot_3.png\" class=\"attachment-large size-large wp-image-51437\" alt=\"\" srcset=\"https:\/\/www.keyter.com\/wp-content\/uploads\/2022\/09\/Screenshot_3.png 846w, https:\/\/www.keyter.com\/wp-content\/uploads\/2022\/09\/Screenshot_3-300x89.png 300w, https:\/\/www.keyter.com\/wp-content\/uploads\/2022\/09\/Screenshot_3-768x229.png 768w, https:\/\/www.keyter.com\/wp-content\/uploads\/2022\/09\/Screenshot_3-700x209.png 700w\" sizes=\"(max-width: 846px) 100vw, 846px\" \/>\t\t\t\t\t\t\t\t\t\t\t\t\t\t\t<\/div>\n\t\t\t\t<\/div>\n\t\t\t\t<div class=\"elementor-element elementor-element-8ae9831 elementor-widget elementor-widget-text-editor\" data-id=\"8ae9831\" data-element_type=\"widget\" data-e-type=\"widget\" data-widget_type=\"text-editor.default\">\n\t\t\t\t<div class=\"elementor-widget-container\">\n\t\t\t\t\t\t\t\t\t<p>Nueva jornada t\u00e9cnica presencial organizada por el Colegio de Ingenieros de Catalu\u00f1a en Girona el pr\u00f3ximo mi\u00e9rcoles 28 de septiembre a las 18h. Rafael Vidal, Ingeniero Comercial de Keyter, analizar\u00e1 la situaci\u00f3n actual del mercado y el futuro de los equipos de climatizaci\u00f3n HVAC (calefacci\u00f3n, ventilaci\u00f3n y aire acondicionado).<\/p>\n\t\t\t\t\t\t\t\t<\/div>\n\t\t\t\t<\/div>\n\t\t\t\t<div class=\"elementor-element elementor-element-886e008 elementor-widget elementor-widget-text-editor\" data-id=\"886e008\" data-element_type=\"widget\" data-e-type=\"widget\" data-widget_type=\"text-editor.default\">\n\t\t\t\t<div class=\"elementor-widget-container\">\n\t\t\t\t\t\t\t\t\t<p>Se expondr\u00e1n el actual marco regulador, donde se abarcar\u00e1 desde la normativa EcoDise\u00f1o, la evoluci\u00f3n de la normativa F-GAS as\u00ed como normativas estatales, CTE, RITE y nuevos impuestos de gases fluorados.<\/p>\n\t\t\t\t\t\t\t\t<\/div>\n\t\t\t\t<\/div>\n\t\t\t\t<div class=\"elementor-element elementor-element-bb344f7 elementor-widget elementor-widget-text-editor\" data-id=\"bb344f7\" data-element_type=\"widget\" data-e-type=\"widget\" data-widget_type=\"text-editor.default\">\n\t\t\t\t<div class=\"elementor-widget-container\">\n\t\t\t\t\t\t\t\t\t<p>Se presentar\u00e1n las diferentes alternativas que ofrece actualmente el mercado en busca de la mejora de la eficiencia energ\u00e9tica y la descarbonizaci\u00f3n del sector reduciendo el uso de combustibles f\u00f3siles en el sector de la climatizaci\u00f3n y producci\u00f3n de ACS (agua caliente sanitaria). Bajo estas premisas se ha innovado mucho en el nuevo desarrollo de equipos Roof-top as\u00ed como Bombas de Calor de media y gran potencia combinados con el uso de refrigerantes naturales y de muy bajo PCA (Potencial de Calentamiento Atmosf\u00e9rico o GWP: Global Warming Potential) que permiten rangos de trabajo a mayor temperatura. Adem\u00e1s, se expondr\u00e1n las soluciones existentes para la hibridaci\u00f3n con energ\u00edas renovables.<\/p>\n\t\t\t\t\t\t\t\t<\/div>\n\t\t\t\t<\/div>\n\t\t\t\t<div class=\"elementor-element elementor-element-99571ab elementor-widget elementor-widget-text-editor\" data-id=\"99571ab\" data-element_type=\"widget\" data-e-type=\"widget\" data-widget_type=\"text-editor.default\">\n\t\t\t\t<div class=\"elementor-widget-container\">\n\t\t\t\t\t\t\t\t\t<p>\u00a1Os esperamos a todos!<\/p>\n\t\t\t\t\t\t\t\t<\/div>\n\t\t\t\t<\/div>\n\t\t\t\t<div class=\"elementor-element elementor-element-2a4ea86 elementor-widget elementor-widget-text-editor\" data-id=\"2a4ea86\" data-element_type=\"widget\" data-e-type=\"widget\" data-widget_type=\"text-editor.default\">\n\t\t\t\t<div class=\"elementor-widget-container\">\n\t\t\t\t\t\t\t\t\t<p><strong style=\"font-size: 20px; color: #72b431;\">PROGRAMA<\/strong><\/p>\n\t\t\t\t\t\t\t\t<\/div>\n\t\t\t\t<\/div>\n\t\t\t\t<div class=\"elementor-element elementor-element-c51f427 elementor-widget elementor-widget-text-editor\" data-id=\"c51f427\" data-element_type=\"widget\" data-e-type=\"widget\" data-widget_type=\"text-editor.default\">\n\t\t\t\t<div class=\"elementor-widget-container\">\n\t\t\t\t\t\t\t\t\t<p><strong>INTRODUCCI\u00d3N<\/strong><br \/>\n&#8211; Marco regulador actual (Ecodise\u00f1o, RITE, FGas)<br \/>\n<strong>REFRIGERANTES<\/strong><br \/>\n&#8211; Evoluci\u00f3n y tendencias<br \/>\n<strong>MEJORA EFICIENCIA ENERG\u00c9TICA EN CLIMATIZACI\u00d3N<\/strong><br \/>\n&#8211; Mejora eficiencia energ\u00e9tica estacional en equipos de compresi\u00f3n mec\u00e1nica<\/p>\n<p>&#8211; Enfriamiento gratuito por aire exterior. Directo e Indirecto<\/p>\n<p>&#8211; Recuperaci\u00f3n de energ\u00eda del aire de extracci\u00f3n<\/p>\n<p>&#8211; Recuperaci\u00f3n del calor de condensaci\u00f3n<br \/>\n<strong>DESCARBONIZACI\u00d3N DE INSTALACIONES T\u00c9RMICAS<\/strong><br \/>\n&#8211; Bomba de calor de alta temperatura<\/p>\n<p>&#8211; Hibridaci\u00f3n Bomba de calor con otras fuentes de energ\u00eda renovables\/residuales<\/p>\n<p>&#8211; Bomba de calor Fotovoltaica<\/p>\n<p><strong>SOLUCIONES KEYTER<\/strong><\/p>\n\t\t\t\t\t\t\t\t<\/div>\n\t\t\t\t<\/div>\n\t\t\t\t<div class=\"elementor-element elementor-element-9f23868 elementor-widget elementor-widget-text-editor\" data-id=\"9f23868\" data-element_type=\"widget\" data-e-type=\"widget\" data-widget_type=\"text-editor.default\">\n\t\t\t\t<div class=\"elementor-widget-container\">\n\t\t\t\t\t\t\t\t\t<p>#LaClimatizacionEsVerde #CambiaAverde #LaRevolucionVerde<\/p>\n\t\t\t\t\t\t\t\t<\/div>\n\t\t\t\t<\/div>\n\t\t\t\t<div class=\"elementor-element elementor-element-46c19bd elementor-widget elementor-widget-image\" data-id=\"46c19bd\" data-element_type=\"widget\" data-e-type=\"widget\" data-widget_type=\"image.default\">\n\t\t\t\t<div class=\"elementor-widget-container\">\n\t\t\t\t\t\t\t\t\t\t\t\t\t\t\t<img decoding=\"async\" width=\"204\" height=\"96\" src=\"https:\/\/www.keyter.com\/wp-content\/uploads\/2022\/09\/Engi.jpg\" class=\"attachment-large size-large wp-image-51454\" alt=\"\" \/>\t\t\t\t\t\t\t\t\t\t\t\t\t\t\t<\/div>\n\t\t\t\t<\/div>\n\t\t\t\t\t<\/div>\n\t\t<\/div>\n\t\t\t\t\t<\/div>\n\t\t<\/section>\n\t\t\t\t\t<\/div>\n\t\t<\/div>\n\t\t\t\t\t<\/div>\n\t\t<\/section>\n\t\t\t\t<section class=\"elementor-section elementor-top-section elementor-element elementor-element-e6d3e95 elementor-section-full_width elementor-section-height-min-height elementor-section-stretched elementor-section-height-default elementor-section-items-middle parallax_section_no qode_elementor_container_no\" data-id=\"e6d3e95\" data-element_type=\"section\" data-e-type=\"section\" data-settings=\"{&quot;background_background&quot;:&quot;classic&quot;,&quot;stretch_section&quot;:&quot;section-stretched&quot;}\">\n\t\t\t\t\t\t\t<div class=\"elementor-background-overlay\"><\/div>\n\t\t\t\t\t\t\t<div class=\"elementor-container elementor-column-gap-default\">\n\t\t\t\t\t<div class=\"elementor-column elementor-col-100 elementor-top-column elementor-element elementor-element-e5735e8\" data-id=\"e5735e8\" data-element_type=\"column\" data-e-type=\"column\">\n\t\t\t<div class=\"elementor-widget-wrap elementor-element-populated\">\n\t\t\t\t\t\t<div class=\"elementor-element elementor-element-51fa38a elementor-widget elementor-widget-heading\" data-id=\"51fa38a\" data-element_type=\"widget\" data-e-type=\"widget\" data-widget_type=\"heading.default\">\n\t\t\t\t<div class=\"elementor-widget-container\">\n\t\t\t\t\t<p class=\"elementor-heading-title elementor-size-default\">M\u00e1s noticias<\/p>\t\t\t\t<\/div>\n\t\t\t\t<\/div>\n\t\t\t\t<div class=\"elementor-element elementor-element-6c75f5b elementor-widget elementor-widget-text-editor\" data-id=\"6c75f5b\" data-element_type=\"widget\" data-e-type=\"widget\" data-widget_type=\"text-editor.default\">\n\t\t\t\t<div class=\"elementor-widget-container\">\n\t\t\t\t\t\t\t\t\t<p>\u00bfTe interesan todas nuestras noticias, art\u00edculos y actualizaciones? Lee todas y mantente al d\u00eda.<\/p>\n\t\t\t\t\t\t\t\t<\/div>\n\t\t\t\t<\/div>\n\t\t\t\t<div class=\"elementor-element elementor-element-1d10584 elementor-align-center elementor-widget elementor-widget-button\" data-id=\"1d10584\" data-element_type=\"widget\" data-e-type=\"widget\" data-widget_type=\"button.default\">\n\t\t\t\t<div class=\"elementor-widget-container\">\n\t\t\t\t\t\t\t\t\t<div class=\"elementor-button-wrapper\">\n\t\t\t\t\t<a class=\"elementor-button elementor-button-link elementor-size-sm\" href=\"https:\/\/www.keyter.com\/es\/noticias\/\">\n\t\t\t\t\t\t<span class=\"elementor-button-content-wrapper\">\n\t\t\t\t\t\t<span class=\"elementor-button-icon\">\n\t\t\t\t<i aria-hidden=\"true\" class=\"fas fa-arrow-circle-right\"><\/i>\t\t\t<\/span>\n\t\t\t\t\t\t\t\t\t<span class=\"elementor-button-text\">NOTICIAS<\/span>\n\t\t\t\t\t<\/span>\n\t\t\t\t\t<\/a>\n\t\t\t\t<\/div>\n\t\t\t\t\t\t\t\t<\/div>\n\t\t\t\t<\/div>\n\t\t\t\t\t<\/div>\n\t\t<\/div>\n\t\t\t\t\t<\/div>\n\t\t<\/section>\n\t\t\t\t<section class=\"elementor-section elementor-top-section elementor-element elementor-element-cfb5775 elementor-section-full_width elementor-section-height-min-height elementor-section-stretched elementor-section-height-default elementor-section-items-middle parallax_section_no qode_elementor_container_no\" data-id=\"cfb5775\" data-element_type=\"section\" data-e-type=\"section\" data-settings=\"{&quot;background_background&quot;:&quot;classic&quot;,&quot;stretch_section&quot;:&quot;section-stretched&quot;}\">\n\t\t\t\t\t\t\t<div class=\"elementor-background-overlay\"><\/div>\n\t\t\t\t\t\t\t<div class=\"elementor-container elementor-column-gap-default\">\n\t\t\t\t\t<div class=\"elementor-column elementor-col-100 elementor-top-column elementor-element elementor-element-fec5411\" data-id=\"fec5411\" data-element_type=\"column\" data-e-type=\"column\">\n\t\t\t<div class=\"elementor-widget-wrap elementor-element-populated\">\n\t\t\t\t\t\t<div class=\"elementor-element elementor-element-c0d933e elementor-widget elementor-widget-text-editor\" data-id=\"c0d933e\" data-element_type=\"widget\" data-e-type=\"widget\" data-widget_type=\"text-editor.default\">\n\t\t\t\t<div class=\"elementor-widget-container\">\n\t\t\t\t\t\t\t\t\t<p>M\u00c1S SOBRE KEYTER<\/p>\n\t\t\t\t\t\t\t\t<\/div>\n\t\t\t\t<\/div>\n\t\t\t\t<div class=\"elementor-element elementor-element-2c4d122 elementor-widget elementor-widget-text-editor\" data-id=\"2c4d122\" data-element_type=\"widget\" data-e-type=\"widget\" data-widget_type=\"text-editor.default\">\n\t\t\t\t<div class=\"elementor-widget-container\">\n\t\t\t\t\t\t\t\t\t<h4 style=\"font-size: 40px;\">\u00bfEn qu\u00e9 est\u00e1s interesado?<\/h4>\n\t\t\t\t\t\t\t\t<\/div>\n\t\t\t\t<\/div>\n\t\t\t\t<div class=\"elementor-element elementor-element-b01f76b elementor-widget elementor-widget-image\" data-id=\"b01f76b\" data-element_type=\"widget\" data-e-type=\"widget\" data-widget_type=\"image.default\">\n\t\t\t\t<div class=\"elementor-widget-container\">\n\t\t\t\t\t\t\t\t\t\t\t\t\t\t\t<img loading=\"lazy\" decoding=\"async\" width=\"369\" height=\"9\" src=\"https:\/\/www.keyter.com\/wp-content\/uploads\/2020\/10\/line-leaf.svg\" class=\"attachment-medium size-medium wp-image-45826\" alt=\"\" \/>\t\t\t\t\t\t\t\t\t\t\t\t\t\t\t<\/div>\n\t\t\t\t<\/div>\n\t\t\t\t<section class=\"elementor-section elementor-inner-section elementor-element elementor-element-c68b7cb elementor-section-boxed elementor-section-height-default elementor-section-height-default parallax_section_no qode_elementor_container_no\" data-id=\"c68b7cb\" data-element_type=\"section\" data-e-type=\"section\">\n\t\t\t\t\t\t<div class=\"elementor-container elementor-column-gap-default\">\n\t\t\t\t\t<div class=\"elementor-column elementor-col-25 elementor-inner-column elementor-element elementor-element-6cf4743\" data-id=\"6cf4743\" data-element_type=\"column\" data-e-type=\"column\">\n\t\t\t<div class=\"elementor-widget-wrap elementor-element-populated\">\n\t\t\t\t\t\t<div class=\"elementor-element elementor-element-309be93 elementor-align-center elementor-widget elementor-widget-button\" data-id=\"309be93\" data-element_type=\"widget\" data-e-type=\"widget\" data-widget_type=\"button.default\">\n\t\t\t\t<div class=\"elementor-widget-container\">\n\t\t\t\t\t\t\t\t\t<div class=\"elementor-button-wrapper\">\n\t\t\t\t\t<a class=\"elementor-button elementor-button-link elementor-size-sm\" href=\"https:\/\/www.keyter.com\/es\/nuestra-historia\/\">\n\t\t\t\t\t\t<span class=\"elementor-button-content-wrapper\">\n\t\t\t\t\t\t<span class=\"elementor-button-icon\">\n\t\t\t\t<i aria-hidden=\"true\" class=\"fas fa-arrow-circle-right\"><\/i>\t\t\t<\/span>\n\t\t\t\t\t\t\t\t\t<span class=\"elementor-button-text\">NUESTRA HISTORIA<\/span>\n\t\t\t\t\t<\/span>\n\t\t\t\t\t<\/a>\n\t\t\t\t<\/div>\n\t\t\t\t\t\t\t\t<\/div>\n\t\t\t\t<\/div>\n\t\t\t\t\t<\/div>\n\t\t<\/div>\n\t\t\t\t<div class=\"elementor-column elementor-col-25 elementor-inner-column elementor-element elementor-element-e563b17\" data-id=\"e563b17\" data-element_type=\"column\" data-e-type=\"column\">\n\t\t\t<div class=\"elementor-widget-wrap elementor-element-populated\">\n\t\t\t\t\t\t<div class=\"elementor-element elementor-element-bdead2d elementor-align-center elementor-widget elementor-widget-button\" data-id=\"bdead2d\" data-element_type=\"widget\" data-e-type=\"widget\" data-widget_type=\"button.default\">\n\t\t\t\t<div class=\"elementor-widget-container\">\n\t\t\t\t\t\t\t\t\t<div class=\"elementor-button-wrapper\">\n\t\t\t\t\t<a class=\"elementor-button elementor-button-link elementor-size-sm\" href=\"https:\/\/www.keyter.com\/es\/productos\/\">\n\t\t\t\t\t\t<span class=\"elementor-button-content-wrapper\">\n\t\t\t\t\t\t<span class=\"elementor-button-icon\">\n\t\t\t\t<i aria-hidden=\"true\" class=\"fas fa-arrow-circle-right\"><\/i>\t\t\t<\/span>\n\t\t\t\t\t\t\t\t\t<span class=\"elementor-button-text\">PRODUCTOS<\/span>\n\t\t\t\t\t<\/span>\n\t\t\t\t\t<\/a>\n\t\t\t\t<\/div>\n\t\t\t\t\t\t\t\t<\/div>\n\t\t\t\t<\/div>\n\t\t\t\t\t<\/div>\n\t\t<\/div>\n\t\t\t\t<div class=\"elementor-column elementor-col-25 elementor-inner-column elementor-element elementor-element-a04405f\" data-id=\"a04405f\" data-element_type=\"column\" data-e-type=\"column\">\n\t\t\t<div class=\"elementor-widget-wrap elementor-element-populated\">\n\t\t\t\t\t\t<div class=\"elementor-element elementor-element-40e6c4b elementor-align-center elementor-widget elementor-widget-button\" data-id=\"40e6c4b\" data-element_type=\"widget\" data-e-type=\"widget\" data-widget_type=\"button.default\">\n\t\t\t\t<div class=\"elementor-widget-container\">\n\t\t\t\t\t\t\t\t\t<div class=\"elementor-button-wrapper\">\n\t\t\t\t\t<a class=\"elementor-button elementor-button-link elementor-size-sm\" href=\"https:\/\/www.keyter.com\/es\/referencias\/\">\n\t\t\t\t\t\t<span class=\"elementor-button-content-wrapper\">\n\t\t\t\t\t\t<span class=\"elementor-button-icon\">\n\t\t\t\t<i aria-hidden=\"true\" class=\"fas fa-arrow-circle-right\"><\/i>\t\t\t<\/span>\n\t\t\t\t\t\t\t\t\t<span class=\"elementor-button-text\">REFERENCIAS<\/span>\n\t\t\t\t\t<\/span>\n\t\t\t\t\t<\/a>\n\t\t\t\t<\/div>\n\t\t\t\t\t\t\t\t<\/div>\n\t\t\t\t<\/div>\n\t\t\t\t\t<\/div>\n\t\t<\/div>\n\t\t\t\t<div class=\"elementor-column elementor-col-25 elementor-inner-column elementor-element elementor-element-cd597c5\" data-id=\"cd597c5\" data-element_type=\"column\" data-e-type=\"column\">\n\t\t\t<div class=\"elementor-widget-wrap elementor-element-populated\">\n\t\t\t\t\t\t<div class=\"elementor-element elementor-element-eddf82c elementor-align-center elementor-widget elementor-widget-button\" data-id=\"eddf82c\" data-element_type=\"widget\" data-e-type=\"widget\" data-widget_type=\"button.default\">\n\t\t\t\t<div class=\"elementor-widget-container\">\n\t\t\t\t\t\t\t\t\t<div class=\"elementor-button-wrapper\">\n\t\t\t\t\t<a class=\"elementor-button elementor-button-link elementor-size-sm\" href=\"https:\/\/www.keyter.com\/es\/empleo\/\">\n\t\t\t\t\t\t<span class=\"elementor-button-content-wrapper\">\n\t\t\t\t\t\t<span class=\"elementor-button-icon\">\n\t\t\t\t<i aria-hidden=\"true\" class=\"fas fa-arrow-circle-right\"><\/i>\t\t\t<\/span>\n\t\t\t\t\t\t\t\t\t<span class=\"elementor-button-text\">TRABAJA CON NOSOTROS<\/span>\n\t\t\t\t\t<\/span>\n\t\t\t\t\t<\/a>\n\t\t\t\t<\/div>\n\t\t\t\t\t\t\t\t<\/div>\n\t\t\t\t<\/div>\n\t\t\t\t\t<\/div>\n\t\t<\/div>\n\t\t\t\t\t<\/div>\n\t\t<\/section>\n\t\t\t\t\t<\/div>\n\t\t<\/div>\n\t\t\t\t\t<\/div>\n\t\t<\/section>\n\t\t\t\t<\/div>\n\t\t","protected":false},"excerpt":{"rendered":"<p>NOTICIAS \u2022 20.09.2022 Jornada t\u00e9cnica: Descarbonizaci\u00f3n de instalaciones t\u00e9rmicas con sistemas HVAC eficientes (presencial) Organizada por el Colegio de Ingenieros Industriales de Catalu\u00f1a en Girona. JORNADA T\u00c9CNICA PRESENCIAL D\u00eda: 28 de septiembre de 2022 Hora: 18h (UTC +1) Formato: Presencial Lugar: Narc\u00eds Blanc 39 baixos&#8230;<\/p>\n","protected":false},"author":3,"featured_media":0,"parent":0,"menu_order":0,"comment_status":"open","ping_status":"open","template":"","meta":{"content-type":"","inline_featured_image":false,"footnotes":""},"class_list":["post-51441","page","type-page","status-publish","hentry"],"yoast_head":"<!-- This site is optimized with the Yoast SEO plugin v27.3 - https:\/\/yoast.com\/product\/yoast-seo-wordpress\/ -->\n<title>Jornada t\u00e9cnica: Descarbonizaci\u00f3n de instalaciones t\u00e9rmicas con sistemas HVAC eficientes (presencial) - Keyter<\/title>\n<meta name=\"robots\" content=\"index, follow, max-snippet:-1, max-image-preview:large, max-video-preview:-1\" \/>\n<link rel=\"canonical\" href=\"https:\/\/www.keyter.com\/es\/jornada-tecnica-descarbonizacion-de-instalaciones-termicas-con-sistemas-hvac\/\" \/>\n<meta property=\"og:locale\" content=\"es_ES\" \/>\n<meta property=\"og:type\" content=\"article\" \/>\n<meta property=\"og:title\" content=\"Jornada t\u00e9cnica: Descarbonizaci\u00f3n de instalaciones t\u00e9rmicas con sistemas HVAC eficientes (presencial) - Keyter\" \/>\n<meta property=\"og:description\" content=\"NOTICIAS \u2022 20.09.2022 Jornada t\u00e9cnica: Descarbonizaci\u00f3n de instalaciones t\u00e9rmicas con sistemas HVAC eficientes (presencial) Organizada por el Colegio de Ingenieros Industriales de Catalu\u00f1a en Girona. JORNADA T\u00c9CNICA PRESENCIAL D\u00eda: 28 de septiembre de 2022 Hora: 18h (UTC +1) Formato: Presencial Lugar: Narc\u00eds Blanc 39 baixos...\" \/>\n<meta property=\"og:url\" content=\"https:\/\/www.keyter.com\/es\/jornada-tecnica-descarbonizacion-de-instalaciones-termicas-con-sistemas-hvac\/\" \/>\n<meta property=\"og:site_name\" content=\"Keyter\" \/>\n<meta property=\"article:modified_time\" content=\"2022-09-20T08:07:04+00:00\" \/>\n<meta property=\"og:image\" content=\"https:\/\/www.keyter.com\/wp-content\/uploads\/2020\/11\/line-leaf-single-right.svg\" \/>\n<meta name=\"twitter:card\" content=\"summary_large_image\" \/>\n<meta name=\"twitter:label1\" content=\"Tiempo de lectura\" \/>\n\t<meta name=\"twitter:data1\" content=\"2 minutos\" \/>\n<script type=\"application\/ld+json\" class=\"yoast-schema-graph\">{\"@context\":\"https:\\\/\\\/schema.org\",\"@graph\":[{\"@type\":\"WebPage\",\"@id\":\"https:\\\/\\\/www.keyter.com\\\/es\\\/jornada-tecnica-descarbonizacion-de-instalaciones-termicas-con-sistemas-hvac\\\/\",\"url\":\"https:\\\/\\\/www.keyter.com\\\/es\\\/jornada-tecnica-descarbonizacion-de-instalaciones-termicas-con-sistemas-hvac\\\/\",\"name\":\"Jornada t\u00e9cnica: Descarbonizaci\u00f3n de instalaciones t\u00e9rmicas con sistemas HVAC eficientes (presencial) - Keyter\",\"isPartOf\":{\"@id\":\"https:\\\/\\\/www.keyter.com\\\/es\\\/#website\"},\"primaryImageOfPage\":{\"@id\":\"https:\\\/\\\/www.keyter.com\\\/es\\\/jornada-tecnica-descarbonizacion-de-instalaciones-termicas-con-sistemas-hvac\\\/#primaryimage\"},\"image\":{\"@id\":\"https:\\\/\\\/www.keyter.com\\\/es\\\/jornada-tecnica-descarbonizacion-de-instalaciones-termicas-con-sistemas-hvac\\\/#primaryimage\"},\"thumbnailUrl\":\"https:\\\/\\\/www.keyter.com\\\/wp-content\\\/uploads\\\/2020\\\/11\\\/line-leaf-single-right.svg\",\"datePublished\":\"2022-09-20T07:22:15+00:00\",\"dateModified\":\"2022-09-20T08:07:04+00:00\",\"breadcrumb\":{\"@id\":\"https:\\\/\\\/www.keyter.com\\\/es\\\/jornada-tecnica-descarbonizacion-de-instalaciones-termicas-con-sistemas-hvac\\\/#breadcrumb\"},\"inLanguage\":\"es\",\"potentialAction\":[{\"@type\":\"ReadAction\",\"target\":[\"https:\\\/\\\/www.keyter.com\\\/es\\\/jornada-tecnica-descarbonizacion-de-instalaciones-termicas-con-sistemas-hvac\\\/\"]}]},{\"@type\":\"ImageObject\",\"inLanguage\":\"es\",\"@id\":\"https:\\\/\\\/www.keyter.com\\\/es\\\/jornada-tecnica-descarbonizacion-de-instalaciones-termicas-con-sistemas-hvac\\\/#primaryimage\",\"url\":\"https:\\\/\\\/www.keyter.com\\\/wp-content\\\/uploads\\\/2020\\\/11\\\/line-leaf-single-right.svg\",\"contentUrl\":\"https:\\\/\\\/www.keyter.com\\\/wp-content\\\/uploads\\\/2020\\\/11\\\/line-leaf-single-right.svg\"},{\"@type\":\"BreadcrumbList\",\"@id\":\"https:\\\/\\\/www.keyter.com\\\/es\\\/jornada-tecnica-descarbonizacion-de-instalaciones-termicas-con-sistemas-hvac\\\/#breadcrumb\",\"itemListElement\":[{\"@type\":\"ListItem\",\"position\":1,\"name\":\"Home\",\"item\":\"https:\\\/\\\/www.keyter.com\\\/es\\\/\"},{\"@type\":\"ListItem\",\"position\":2,\"name\":\"Jornada t\u00e9cnica: Descarbonizaci\u00f3n de instalaciones t\u00e9rmicas con sistemas HVAC eficientes (presencial)\"}]},{\"@type\":\"WebSite\",\"@id\":\"https:\\\/\\\/www.keyter.com\\\/es\\\/#website\",\"url\":\"https:\\\/\\\/www.keyter.com\\\/es\\\/\",\"name\":\"Keyter\",\"description\":\"Leading thermodynamic technologies\",\"potentialAction\":[{\"@type\":\"SearchAction\",\"target\":{\"@type\":\"EntryPoint\",\"urlTemplate\":\"https:\\\/\\\/www.keyter.com\\\/es\\\/?s={search_term_string}\"},\"query-input\":{\"@type\":\"PropertyValueSpecification\",\"valueRequired\":true,\"valueName\":\"search_term_string\"}}],\"inLanguage\":\"es\"}]}<\/script>\n<!-- \/ Yoast SEO plugin. -->","yoast_head_json":{"title":"Jornada t\u00e9cnica: Descarbonizaci\u00f3n de instalaciones t\u00e9rmicas con sistemas HVAC eficientes (presencial) - Keyter","robots":{"index":"index","follow":"follow","max-snippet":"max-snippet:-1","max-image-preview":"max-image-preview:large","max-video-preview":"max-video-preview:-1"},"canonical":"https:\/\/www.keyter.com\/es\/jornada-tecnica-descarbonizacion-de-instalaciones-termicas-con-sistemas-hvac\/","og_locale":"es_ES","og_type":"article","og_title":"Jornada t\u00e9cnica: Descarbonizaci\u00f3n de instalaciones t\u00e9rmicas con sistemas HVAC eficientes (presencial) - Keyter","og_description":"NOTICIAS \u2022 20.09.2022 Jornada t\u00e9cnica: Descarbonizaci\u00f3n de instalaciones t\u00e9rmicas con sistemas HVAC eficientes (presencial) Organizada por el Colegio de Ingenieros Industriales de Catalu\u00f1a en Girona. JORNADA T\u00c9CNICA PRESENCIAL D\u00eda: 28 de septiembre de 2022 Hora: 18h (UTC +1) Formato: Presencial Lugar: Narc\u00eds Blanc 39 baixos...","og_url":"https:\/\/www.keyter.com\/es\/jornada-tecnica-descarbonizacion-de-instalaciones-termicas-con-sistemas-hvac\/","og_site_name":"Keyter","article_modified_time":"2022-09-20T08:07:04+00:00","og_image":[{"url":"https:\/\/www.keyter.com\/wp-content\/uploads\/2020\/11\/line-leaf-single-right.svg","type":"","width":"","height":""}],"twitter_card":"summary_large_image","twitter_misc":{"Tiempo de lectura":"2 minutos"},"schema":{"@context":"https:\/\/schema.org","@graph":[{"@type":"WebPage","@id":"https:\/\/www.keyter.com\/es\/jornada-tecnica-descarbonizacion-de-instalaciones-termicas-con-sistemas-hvac\/","url":"https:\/\/www.keyter.com\/es\/jornada-tecnica-descarbonizacion-de-instalaciones-termicas-con-sistemas-hvac\/","name":"Jornada t\u00e9cnica: Descarbonizaci\u00f3n de instalaciones t\u00e9rmicas con sistemas HVAC eficientes (presencial) - Keyter","isPartOf":{"@id":"https:\/\/www.keyter.com\/es\/#website"},"primaryImageOfPage":{"@id":"https:\/\/www.keyter.com\/es\/jornada-tecnica-descarbonizacion-de-instalaciones-termicas-con-sistemas-hvac\/#primaryimage"},"image":{"@id":"https:\/\/www.keyter.com\/es\/jornada-tecnica-descarbonizacion-de-instalaciones-termicas-con-sistemas-hvac\/#primaryimage"},"thumbnailUrl":"https:\/\/www.keyter.com\/wp-content\/uploads\/2020\/11\/line-leaf-single-right.svg","datePublished":"2022-09-20T07:22:15+00:00","dateModified":"2022-09-20T08:07:04+00:00","breadcrumb":{"@id":"https:\/\/www.keyter.com\/es\/jornada-tecnica-descarbonizacion-de-instalaciones-termicas-con-sistemas-hvac\/#breadcrumb"},"inLanguage":"es","potentialAction":[{"@type":"ReadAction","target":["https:\/\/www.keyter.com\/es\/jornada-tecnica-descarbonizacion-de-instalaciones-termicas-con-sistemas-hvac\/"]}]},{"@type":"ImageObject","inLanguage":"es","@id":"https:\/\/www.keyter.com\/es\/jornada-tecnica-descarbonizacion-de-instalaciones-termicas-con-sistemas-hvac\/#primaryimage","url":"https:\/\/www.keyter.com\/wp-content\/uploads\/2020\/11\/line-leaf-single-right.svg","contentUrl":"https:\/\/www.keyter.com\/wp-content\/uploads\/2020\/11\/line-leaf-single-right.svg"},{"@type":"BreadcrumbList","@id":"https:\/\/www.keyter.com\/es\/jornada-tecnica-descarbonizacion-de-instalaciones-termicas-con-sistemas-hvac\/#breadcrumb","itemListElement":[{"@type":"ListItem","position":1,"name":"Home","item":"https:\/\/www.keyter.com\/es\/"},{"@type":"ListItem","position":2,"name":"Jornada t\u00e9cnica: Descarbonizaci\u00f3n de instalaciones t\u00e9rmicas con sistemas HVAC eficientes (presencial)"}]},{"@type":"WebSite","@id":"https:\/\/www.keyter.com\/es\/#website","url":"https:\/\/www.keyter.com\/es\/","name":"Keyter","description":"Leading thermodynamic technologies","potentialAction":[{"@type":"SearchAction","target":{"@type":"EntryPoint","urlTemplate":"https:\/\/www.keyter.com\/es\/?s={search_term_string}"},"query-input":{"@type":"PropertyValueSpecification","valueRequired":true,"valueName":"search_term_string"}}],"inLanguage":"es"}]}},"_links":{"self":[{"href":"https:\/\/www.keyter.com\/es\/wp-json\/wp\/v2\/pages\/51441","targetHints":{"allow":["GET"]}}],"collection":[{"href":"https:\/\/www.keyter.com\/es\/wp-json\/wp\/v2\/pages"}],"about":[{"href":"https:\/\/www.keyter.com\/es\/wp-json\/wp\/v2\/types\/page"}],"author":[{"embeddable":true,"href":"https:\/\/www.keyter.com\/es\/wp-json\/wp\/v2\/users\/3"}],"replies":[{"embeddable":true,"href":"https:\/\/www.keyter.com\/es\/wp-json\/wp\/v2\/comments?post=51441"}],"version-history":[{"count":4,"href":"https:\/\/www.keyter.com\/es\/wp-json\/wp\/v2\/pages\/51441\/revisions"}],"predecessor-version":[{"id":51458,"href":"https:\/\/www.keyter.com\/es\/wp-json\/wp\/v2\/pages\/51441\/revisions\/51458"}],"wp:attachment":[{"href":"https:\/\/www.keyter.com\/es\/wp-json\/wp\/v2\/media?parent=51441"}],"curies":[{"name":"wp","href":"https:\/\/api.w.org\/{rel}","templated":true}]}}