{"id":60268,"date":"2023-02-08T09:31:17","date_gmt":"2023-02-08T09:31:17","guid":{"rendered":"https:\/\/www.keyter.com\/keyter-se-une-como-miembro-a-cta-para-acelerar-su-innovacion-en-climatizacion-industrial\/"},"modified":"2023-02-08T11:46:39","modified_gmt":"2023-02-08T11:46:39","slug":"keyter-se-une-como-miembro-a-cta-para-acelerar-su-innovacion-en-climatizacion-industrial","status":"publish","type":"page","link":"https:\/\/www.keyter.com\/es\/keyter-se-une-como-miembro-a-cta-para-acelerar-su-innovacion-en-climatizacion-industrial\/","title":{"rendered":"Keyter se une como miembro a CTA para acelerar su innovaci\u00f3n en climatizaci\u00f3n industrial"},"content":{"rendered":"\t\t<div data-elementor-type=\"wp-page\" data-elementor-id=\"60268\" class=\"elementor elementor-60268 elementor-60227\" data-elementor-post-type=\"page\">\n\t\t\t\t\t\t<section class=\"elementor-section elementor-top-section elementor-element elementor-element-35fb782 elementor-section-full_width elementor-section-stretched elementor-section-height-default elementor-section-height-default parallax_section_no qode_elementor_container_no\" data-id=\"35fb782\" data-element_type=\"section\" data-e-type=\"section\" data-settings=\"{&quot;background_background&quot;:&quot;classic&quot;,&quot;stretch_section&quot;:&quot;section-stretched&quot;}\">\n\t\t\t\t\t\t<div class=\"elementor-container elementor-column-gap-default\">\n\t\t\t\t\t<div class=\"elementor-column elementor-col-100 elementor-top-column elementor-element elementor-element-828a3ad\" data-id=\"828a3ad\" data-element_type=\"column\" data-e-type=\"column\">\n\t\t\t<div class=\"elementor-widget-wrap elementor-element-populated\">\n\t\t\t\t\t\t<section class=\"elementor-section elementor-inner-section elementor-element elementor-element-f8f03c9 elementor-section-boxed elementor-section-height-default elementor-section-height-default parallax_section_no qode_elementor_container_no\" data-id=\"f8f03c9\" data-element_type=\"section\" data-e-type=\"section\">\n\t\t\t\t\t\t<div class=\"elementor-container elementor-column-gap-default\">\n\t\t\t\t\t<div class=\"elementor-column elementor-col-100 elementor-inner-column elementor-element elementor-element-3584d49\" data-id=\"3584d49\" data-element_type=\"column\" data-e-type=\"column\">\n\t\t\t<div class=\"elementor-widget-wrap elementor-element-populated\">\n\t\t\t\t\t\t<div class=\"elementor-element elementor-element-3048b3f elementor-widget elementor-widget-menu-anchor\" data-id=\"3048b3f\" data-element_type=\"widget\" data-e-type=\"widget\" data-widget_type=\"menu-anchor.default\">\n\t\t\t\t<div class=\"elementor-widget-container\">\n\t\t\t\t\t\t\t<div class=\"elementor-menu-anchor\" id=\"news\"><\/div>\n\t\t\t\t\t\t<\/div>\n\t\t\t\t<\/div>\n\t\t\t\t<div class=\"elementor-element elementor-element-44a1c28 elementor-widget elementor-widget-spacer\" data-id=\"44a1c28\" data-element_type=\"widget\" data-e-type=\"widget\" data-widget_type=\"spacer.default\">\n\t\t\t\t<div class=\"elementor-widget-container\">\n\t\t\t\t\t\t\t<div class=\"elementor-spacer\">\n\t\t\t<div class=\"elementor-spacer-inner\"><\/div>\n\t\t<\/div>\n\t\t\t\t\t\t<\/div>\n\t\t\t\t<\/div>\n\t\t\t\t<div class=\"elementor-element elementor-element-57e52e4 elementor-widget elementor-widget-text-editor\" data-id=\"57e52e4\" data-element_type=\"widget\" data-e-type=\"widget\" data-widget_type=\"text-editor.default\">\n\t\t\t\t<div class=\"elementor-widget-container\">\n\t\t\t\t\t\t\t\t\t<p>NOTICIAS \u2022 08.02.2023<\/p>\n\t\t\t\t\t\t\t\t<\/div>\n\t\t\t\t<\/div>\n\t\t\t\t\t<\/div>\n\t\t<\/div>\n\t\t\t\t\t<\/div>\n\t\t<\/section>\n\t\t\t\t\t<\/div>\n\t\t<\/div>\n\t\t\t\t\t<\/div>\n\t\t<\/section>\n\t\t\t\t<section class=\"elementor-section elementor-top-section elementor-element elementor-element-6eaf735 elementor-section-full_width elementor-section-stretched elementor-section-height-default elementor-section-height-default parallax_section_no qode_elementor_container_no\" data-id=\"6eaf735\" data-element_type=\"section\" data-e-type=\"section\" data-settings=\"{&quot;background_background&quot;:&quot;classic&quot;,&quot;stretch_section&quot;:&quot;section-stretched&quot;}\">\n\t\t\t\t\t\t<div class=\"elementor-container elementor-column-gap-default\">\n\t\t\t\t\t<div class=\"elementor-column elementor-col-100 elementor-top-column elementor-element elementor-element-0f871be\" data-id=\"0f871be\" data-element_type=\"column\" data-e-type=\"column\">\n\t\t\t<div class=\"elementor-widget-wrap elementor-element-populated\">\n\t\t\t\t\t\t<section class=\"elementor-section elementor-inner-section elementor-element elementor-element-637bcc0 elementor-section-boxed elementor-section-height-default elementor-section-height-default parallax_section_no qode_elementor_container_no\" data-id=\"637bcc0\" data-element_type=\"section\" data-e-type=\"section\">\n\t\t\t\t\t\t<div class=\"elementor-container elementor-column-gap-default\">\n\t\t\t\t\t<div class=\"elementor-column elementor-col-100 elementor-inner-column elementor-element elementor-element-be064da\" data-id=\"be064da\" data-element_type=\"column\" data-e-type=\"column\">\n\t\t\t<div class=\"elementor-widget-wrap elementor-element-populated\">\n\t\t\t\t\t\t<div class=\"elementor-element elementor-element-ac122d3 elementor-widget elementor-widget-spacer\" data-id=\"ac122d3\" data-element_type=\"widget\" data-e-type=\"widget\" data-widget_type=\"spacer.default\">\n\t\t\t\t<div class=\"elementor-widget-container\">\n\t\t\t\t\t\t\t<div class=\"elementor-spacer\">\n\t\t\t<div class=\"elementor-spacer-inner\"><\/div>\n\t\t<\/div>\n\t\t\t\t\t\t<\/div>\n\t\t\t\t<\/div>\n\t\t\t\t<div class=\"elementor-element elementor-element-9aa8b53 elementor-widget elementor-widget-text-editor\" data-id=\"9aa8b53\" data-element_type=\"widget\" data-e-type=\"widget\" data-widget_type=\"text-editor.default\">\n\t\t\t\t<div class=\"elementor-widget-container\">\n\t\t\t\t\t\t\t\t\t<h4 style=\"font-size: 40px;\">Keyter se une como miembro a CTA para acelerar su innovaci\u00f3n en climatizaci\u00f3n industrial<\/h4>\n\t\t\t\t\t\t\t\t<\/div>\n\t\t\t\t<\/div>\n\t\t\t\t<div class=\"elementor-element elementor-element-1e32a55 elementor-widget elementor-widget-image\" data-id=\"1e32a55\" data-element_type=\"widget\" data-e-type=\"widget\" data-widget_type=\"image.default\">\n\t\t\t\t<div class=\"elementor-widget-container\">\n\t\t\t\t\t\t\t\t\t\t\t\t\t\t\t<img decoding=\"async\" width=\"189\" height=\"9\" src=\"https:\/\/www.keyter.com\/wp-content\/uploads\/2020\/11\/line-leaf-single-right.svg\" class=\"attachment-medium size-medium wp-image-31456\" alt=\"\" \/>\t\t\t\t\t\t\t\t\t\t\t\t\t\t\t<\/div>\n\t\t\t\t<\/div>\n\t\t\t\t<div class=\"elementor-element elementor-element-f724b8d elementor-widget elementor-widget-text-editor\" data-id=\"f724b8d\" data-element_type=\"widget\" data-e-type=\"widget\" data-widget_type=\"text-editor.default\">\n\t\t\t\t<div class=\"elementor-widget-container\">\n\t\t\t\t\t\t\t\t\t<p><strong>\u203a La empresa lucentina Keyter desarrolla nuevas soluciones tecnol\u00f3gicas basadas en las sinergias entre la climatizaci\u00f3n, la refrigeraci\u00f3n, las energ\u00edas renovables y otras tecnolog\u00edas relacionadas.<\/strong><\/p>\n\t\t\t\t\t\t\t\t<\/div>\n\t\t\t\t<\/div>\n\t\t\t\t<div class=\"elementor-element elementor-element-d3e4292 elementor-widget elementor-widget-text-editor\" data-id=\"d3e4292\" data-element_type=\"widget\" data-e-type=\"widget\" data-widget_type=\"text-editor.default\">\n\t\t\t\t<div class=\"elementor-widget-container\">\n\t\t\t\t\t\t\t\t\t<p><strong>\u203a CTA suma ya m\u00e1s de 170 empresas miembro de todos los sectores y tama\u00f1os, desde startups y pymes tecnol\u00f3gicas a grandes corporaciones, con la innovaci\u00f3n como denominador com\u00fan.<\/strong><\/p>\n\t\t\t\t\t\t\t\t<\/div>\n\t\t\t\t<\/div>\n\t\t\t\t<div class=\"elementor-element elementor-element-0b6582e elementor-widget elementor-widget-text-editor\" data-id=\"0b6582e\" data-element_type=\"widget\" data-e-type=\"widget\" data-widget_type=\"text-editor.default\">\n\t\t\t\t<div class=\"elementor-widget-container\">\n\t\t\t\t\t\t\t\t\t<p>Keyter se ha incorporado como miembro asociado a la Fundaci\u00f3n CTA (Corporaci\u00f3n Tecnol\u00f3gica de Andaluc\u00eda) con el objetivo de acelerar su capacidad de innovaci\u00f3n en su actividad relacionada con la climatizaci\u00f3n industrial, en concreto, con tecnolog\u00edas de la calefacci\u00f3n, refrigeraci\u00f3n, ventilaci\u00f3n y purificaci\u00f3n de aire (HVAC+R).<\/p>\n\t\t\t\t\t\t\t\t<\/div>\n\t\t\t\t<\/div>\n\t\t\t\t<div class=\"elementor-element elementor-element-625e80f elementor-widget elementor-widget-image\" data-id=\"625e80f\" data-element_type=\"widget\" data-e-type=\"widget\" data-widget_type=\"image.default\">\n\t\t\t\t<div class=\"elementor-widget-container\">\n\t\t\t\t\t\t\t\t\t\t\t\t\t\t\t<img decoding=\"async\" src=\"https:\/\/www.keyter.com\/wp-content\/uploads\/2023\/02\/Testimonio-Keyter.jpg\" title=\"Testimonio Keyter\" alt=\"Testimonio Keyter\" loading=\"lazy\" \/>\t\t\t\t\t\t\t\t\t\t\t\t\t\t\t<\/div>\n\t\t\t\t<\/div>\n\t\t\t\t<div class=\"elementor-element elementor-element-2357b8c elementor-widget elementor-widget-text-editor\" data-id=\"2357b8c\" data-element_type=\"widget\" data-e-type=\"widget\" data-widget_type=\"text-editor.default\">\n\t\t\t\t<div class=\"elementor-widget-container\">\n\t\t\t\t\t\t\t\t\t<p>El director general de Keyter, Antonio Blanco, explica que la empresa se incorpor\u00f3 a la CTA \u201cporque lo entiende como una oportunidad para cooperar en el desarrollo industrial y la innovaci\u00f3n en Andaluc\u00eda\u00bb.<\/p>\n\t\t\t\t\t\t\t\t<\/div>\n\t\t\t\t<\/div>\n\t\t\t\t<div class=\"elementor-element elementor-element-ef38ef5 elementor-widget elementor-widget-text-editor\" data-id=\"ef38ef5\" data-element_type=\"widget\" data-e-type=\"widget\" data-widget_type=\"text-editor.default\">\n\t\t\t\t<div class=\"elementor-widget-container\">\n\t\t\t\t\t\t\t\t\t<p>Fundada en 2013, Keyter tiene su sede en Lucena (C\u00f3rdoba) y es un grupo de empresas industriales dedicadas al dise\u00f1o, desarrollo, fabricaci\u00f3n y comercializaci\u00f3n de soluciones basadas en las tecnolog\u00edas de la calefacci\u00f3n, refrigeraci\u00f3n, ventilaci\u00f3n y purificaci\u00f3n de aire (HVAC+R). Reconocida por su labor en I+D+i, Keyter es fiel a los principios de sostenibilidad, fiabilidad y eficiencia energ\u00e9tica, con presencia en Espa\u00f1a, Europa, Am\u00e9rica Latina, Norte de \u00c1frica, Oriente-Medio y Asia-Pac\u00edfico.<\/p>\n\t\t\t\t\t\t\t\t<\/div>\n\t\t\t\t<\/div>\n\t\t\t\t<div class=\"elementor-element elementor-element-ef12db5 elementor-widget elementor-widget-text-editor\" data-id=\"ef12db5\" data-element_type=\"widget\" data-e-type=\"widget\" data-widget_type=\"text-editor.default\">\n\t\t\t\t<div class=\"elementor-widget-container\">\n\t\t\t\t\t\t\t\t\t<p>Con esta incorporaci\u00f3n, CTA suma ya m\u00e1s de 170 empresas miembros de todos los sectores y tama\u00f1os que tienen en com\u00fan un compromiso firme con la innovaci\u00f3n.<\/p>\n\t\t\t\t\t\t\t\t<\/div>\n\t\t\t\t<\/div>\n\t\t\t\t<div class=\"elementor-element elementor-element-f8ae21f elementor-widget elementor-widget-image\" data-id=\"f8ae21f\" data-element_type=\"widget\" data-e-type=\"widget\" data-widget_type=\"image.default\">\n\t\t\t\t<div class=\"elementor-widget-container\">\n\t\t\t\t\t\t\t\t\t\t\t\t\t\t\t<img decoding=\"async\" src=\"https:\/\/www.keyter.com\/wp-content\/uploads\/2023\/02\/000000-FACHADA-KEYTER.jpg\" title=\"\" alt=\"\" loading=\"lazy\" \/>\t\t\t\t\t\t\t\t\t\t\t\t\t\t\t<\/div>\n\t\t\t\t<\/div>\n\t\t\t\t<div class=\"elementor-element elementor-element-62def97 elementor-widget elementor-widget-text-editor\" data-id=\"62def97\" data-element_type=\"widget\" data-e-type=\"widget\" data-widget_type=\"text-editor.default\">\n\t\t\t\t<div class=\"elementor-widget-container\">\n\t\t\t\t\t\t\t\t\t<p><strong>I+D+i orientada al dise\u00f1o, eficiencia energ\u00e9tica y rendimiento \u00f3ptimo<\/strong><\/p>\n\t\t\t\t\t\t\t\t<\/div>\n\t\t\t\t<\/div>\n\t\t\t\t<div class=\"elementor-element elementor-element-d97a233 elementor-widget elementor-widget-text-editor\" data-id=\"d97a233\" data-element_type=\"widget\" data-e-type=\"widget\" data-widget_type=\"text-editor.default\">\n\t\t\t\t<div class=\"elementor-widget-container\">\n\t\t\t\t\t\t\t\t\t<p>Keyter es un grupo de empresas industriales dedicado al dise\u00f1o, ingenier\u00eda, fabricaci\u00f3n y comercializaci\u00f3n de sistemas y soluciones basadas en tecnolog\u00edas de refrigeraci\u00f3n y climatizaci\u00f3n (HVAC+R). Su ubicaci\u00f3n en Andaluc\u00eda, la zona m\u00e1s c\u00e1lida de Europa, le permite probar los equipos en las circunstancias m\u00e1s extremas, para que rindan al m\u00e1ximo.<\/p>\n\t\t\t\t\t\t\t\t<\/div>\n\t\t\t\t<\/div>\n\t\t\t\t<div class=\"elementor-element elementor-element-fb8c054 elementor-widget elementor-widget-text-editor\" data-id=\"fb8c054\" data-element_type=\"widget\" data-e-type=\"widget\" data-widget_type=\"text-editor.default\">\n\t\t\t\t<div class=\"elementor-widget-container\">\n\t\t\t\t\t\t\t\t\t<p>Keyter es reconocida por su labor de I+D+i y por estar comprometida con el desarrollo de proyectos relacionados con la innovaci\u00f3n tecnol\u00f3gica y la preservaci\u00f3n del medio ambiente. Dispone de 13 oficinas comerciales y de servicio t\u00e9cnico en Espa\u00f1a y una creciente presencia en todo el mundo, con la apertura reciente de filiales de ventas y servicios en Pa\u00edses Bajos, Turqu\u00eda, Francia y Suiza. Actualmente, la empresa exporta m\u00e1s del 50% de su fabricaci\u00f3n fuera de Espa\u00f1a.<\/p>\n\t\t\t\t\t\t\t\t<\/div>\n\t\t\t\t<\/div>\n\t\t\t\t<div class=\"elementor-element elementor-element-91db0b2 elementor-widget elementor-widget-text-editor\" data-id=\"91db0b2\" data-element_type=\"widget\" data-e-type=\"widget\" data-widget_type=\"text-editor.default\">\n\t\t\t\t<div class=\"elementor-widget-container\">\n\t\t\t\t\t\t\t\t\t<p>La estrategia global de Keyter se centra en el desarrollo industrial de nuevas soluciones tecnol\u00f3gicas basadas en las sinergias entre la climatizaci\u00f3n, la refrigeraci\u00f3n, las energ\u00edas renovables y otras tecnolog\u00edas relacionadas. La eficiencia energ\u00e9tica y la optimizaci\u00f3n del rendimiento operativo, manteniendo el dise\u00f1o, son algunos de los objetivos clave de su estrategia de innovaci\u00f3n e incorporaci\u00f3n de tecnolog\u00edas disruptivas.<\/p>\n\t\t\t\t\t\t\t\t<\/div>\n\t\t\t\t<\/div>\n\t\t\t\t<div class=\"elementor-element elementor-element-fc05f3e elementor-widget elementor-widget-image\" data-id=\"fc05f3e\" data-element_type=\"widget\" data-e-type=\"widget\" data-widget_type=\"image.default\">\n\t\t\t\t<div class=\"elementor-widget-container\">\n\t\t\t\t\t\t\t\t\t\t\t\t\t\t\t<img decoding=\"async\" src=\"https:\/\/www.keyter.com\/wp-content\/uploads\/2023\/02\/IMG_1760-scaled.jpg\" title=\"IMG_1760\" alt=\"IMG_1760\" loading=\"lazy\" \/>\t\t\t\t\t\t\t\t\t\t\t\t\t\t\t<\/div>\n\t\t\t\t<\/div>\n\t\t\t\t<div class=\"elementor-element elementor-element-a163bf1 elementor-widget elementor-widget-text-editor\" data-id=\"a163bf1\" data-element_type=\"widget\" data-e-type=\"widget\" data-widget_type=\"text-editor.default\">\n\t\t\t\t<div class=\"elementor-widget-container\">\n\t\t\t\t\t\t\t\t\t<p><strong>Un aliado estrat\u00e9gico para innovar<\/strong><\/p>\n\t\t\t\t\t\t\t\t<\/div>\n\t\t\t\t<\/div>\n\t\t\t\t<div class=\"elementor-element elementor-element-6e78389 elementor-widget elementor-widget-text-editor\" data-id=\"6e78389\" data-element_type=\"widget\" data-e-type=\"widget\" data-widget_type=\"text-editor.default\">\n\t\t\t\t<div class=\"elementor-widget-container\">\n\t\t\t\t\t\t\t\t\t<p>CTA es una fundaci\u00f3n privada con m\u00e1s de 17 a\u00f1os de trayectoria e integrada por m\u00e1s de 170 empresas de todos los sectores y tama\u00f1os con la innovaci\u00f3n como denominador com\u00fan. CTA se dedica al fomento de la I+D+i y la transferencia de tecnolog\u00eda, contribuye a la mejora de la competitividad de las empresas, profesionales y organizaciones, facilita su acceso a las actividades de I+D+i e impulsa los procesos de innovaci\u00f3n tecnol\u00f3gica y mejora continua.<\/p>\n\t\t\t\t\t\t\t\t<\/div>\n\t\t\t\t<\/div>\n\t\t\t\t<div class=\"elementor-element elementor-element-50cb677 elementor-widget elementor-widget-text-editor\" data-id=\"50cb677\" data-element_type=\"widget\" data-e-type=\"widget\" data-widget_type=\"text-editor.default\">\n\t\t\t\t<div class=\"elementor-widget-container\">\n\t\t\t\t\t\t\t\t\t<p>CTA es un aliado estrat\u00e9gico en innovaci\u00f3n que cuenta con su propio programa privado de incentivos con fondos propios para proyectos empresariales de I+D+i. Adem\u00e1s, ofrece un amplio abanico de servicios de apoyo a la innovaci\u00f3n: desde la planificaci\u00f3n estrat\u00e9gica a la Compra P\u00fablica de Innovaci\u00f3n (CPI), pasando por la internacionalizaci\u00f3n de la I+D+i, la evaluaci\u00f3n de proyectos empresariales de base tecnol\u00f3gica o el apoyo al emprendimiento tecnol\u00f3gico.<\/p>\n\t\t\t\t\t\t\t\t<\/div>\n\t\t\t\t<\/div>\n\t\t\t\t<div class=\"elementor-element elementor-element-d0eff71 elementor-widget elementor-widget-text-editor\" data-id=\"d0eff71\" data-element_type=\"widget\" data-e-type=\"widget\" data-widget_type=\"text-editor.default\">\n\t\t\t\t<div class=\"elementor-widget-container\">\n\t\t\t\t\t\t\t\t\t<p>Asimismo, CTA ha desplegado una estrategia internacional con la que se ha posicionado como un socio de referencia en proyectos europeos, participando ya en m\u00e1s de 30 (financiados por programas H2020, Cosme o Interreg) y en el mercado multilateral (financiados por organismos multilaterales, como el Banco Interamericano de Desarrollo o el Banco Centroamericano de Integraci\u00f3n Econ\u00f3mica).<\/p>\n\t\t\t\t\t\t\t\t<\/div>\n\t\t\t\t<\/div>\n\t\t\t\t<div class=\"elementor-element elementor-element-48f1167 elementor-widget elementor-widget-text-editor\" data-id=\"48f1167\" data-element_type=\"widget\" data-e-type=\"widget\" data-widget_type=\"text-editor.default\">\n\t\t\t\t<div class=\"elementor-widget-container\">\n\t\t\t\t\t\t\t\t\t<p><a href=\"http:\/\/www.corporaciontecnologica.com\"><em>www.corporaciontecnologica.com<\/em><\/a><\/p>\n\t\t\t\t\t\t\t\t<\/div>\n\t\t\t\t<\/div>\n\t\t\t\t\t<\/div>\n\t\t<\/div>\n\t\t\t\t\t<\/div>\n\t\t<\/section>\n\t\t\t\t\t<\/div>\n\t\t<\/div>\n\t\t\t\t\t<\/div>\n\t\t<\/section>\n\t\t\t\t<section class=\"elementor-section elementor-top-section elementor-element elementor-element-e0972e7 elementor-section-full_width elementor-section-stretched elementor-section-height-default elementor-section-height-default parallax_section_no qode_elementor_container_no\" data-id=\"e0972e7\" data-element_type=\"section\" data-e-type=\"section\" data-settings=\"{&quot;background_background&quot;:&quot;classic&quot;,&quot;stretch_section&quot;:&quot;section-stretched&quot;}\">\n\t\t\t\t\t\t<div class=\"elementor-container elementor-column-gap-default\">\n\t\t\t\t\t<div class=\"elementor-column elementor-col-100 elementor-top-column elementor-element elementor-element-9900aa6\" data-id=\"9900aa6\" data-element_type=\"column\" data-e-type=\"column\">\n\t\t\t<div class=\"elementor-widget-wrap elementor-element-populated\">\n\t\t\t\t\t\t<div class=\"elementor-element elementor-element-4c21fa5 elementor-widget elementor-widget-spacer\" data-id=\"4c21fa5\" data-element_type=\"widget\" data-e-type=\"widget\" data-widget_type=\"spacer.default\">\n\t\t\t\t<div class=\"elementor-widget-container\">\n\t\t\t\t\t\t\t<div class=\"elementor-spacer\">\n\t\t\t<div class=\"elementor-spacer-inner\"><\/div>\n\t\t<\/div>\n\t\t\t\t\t\t<\/div>\n\t\t\t\t<\/div>\n\t\t\t\t\t<\/div>\n\t\t<\/div>\n\t\t\t\t\t<\/div>\n\t\t<\/section>\n\t\t\t\t<section class=\"elementor-section elementor-top-section elementor-element elementor-element-e6d3e95 elementor-section-full_width elementor-section-height-min-height elementor-section-stretched elementor-section-height-default elementor-section-items-middle parallax_section_no qode_elementor_container_no\" data-id=\"e6d3e95\" data-element_type=\"section\" data-e-type=\"section\" data-settings=\"{&quot;background_background&quot;:&quot;classic&quot;,&quot;stretch_section&quot;:&quot;section-stretched&quot;}\">\n\t\t\t\t\t\t\t<div class=\"elementor-background-overlay\"><\/div>\n\t\t\t\t\t\t\t<div class=\"elementor-container elementor-column-gap-default\">\n\t\t\t\t\t<div class=\"elementor-column elementor-col-100 elementor-top-column elementor-element elementor-element-e5735e8\" data-id=\"e5735e8\" data-element_type=\"column\" data-e-type=\"column\">\n\t\t\t<div class=\"elementor-widget-wrap elementor-element-populated\">\n\t\t\t\t\t\t<div class=\"elementor-element elementor-element-51fa38a elementor-widget elementor-widget-heading\" data-id=\"51fa38a\" data-element_type=\"widget\" data-e-type=\"widget\" data-widget_type=\"heading.default\">\n\t\t\t\t<div class=\"elementor-widget-container\">\n\t\t\t\t\t<p class=\"elementor-heading-title elementor-size-default\">M\u00e1s noticias<\/p>\t\t\t\t<\/div>\n\t\t\t\t<\/div>\n\t\t\t\t<div class=\"elementor-element elementor-element-6c75f5b elementor-widget elementor-widget-text-editor\" data-id=\"6c75f5b\" data-element_type=\"widget\" data-e-type=\"widget\" data-widget_type=\"text-editor.default\">\n\t\t\t\t<div class=\"elementor-widget-container\">\n\t\t\t\t\t\t\t\t\t<p>\u00bfTe interesan todas nuestras noticias, art\u00edculos y actualizaciones? Lee todas y mantente al d\u00eda.<\/p>\n\t\t\t\t\t\t\t\t<\/div>\n\t\t\t\t<\/div>\n\t\t\t\t<div class=\"elementor-element elementor-element-1d10584 elementor-align-center elementor-widget elementor-widget-button\" data-id=\"1d10584\" data-element_type=\"widget\" data-e-type=\"widget\" data-widget_type=\"button.default\">\n\t\t\t\t<div class=\"elementor-widget-container\">\n\t\t\t\t\t\t\t\t\t<div class=\"elementor-button-wrapper\">\n\t\t\t\t\t<a class=\"elementor-button elementor-button-link elementor-size-sm\" href=\"https:\/\/www.keyter.com\/es\/noticias\/\">\n\t\t\t\t\t\t<span class=\"elementor-button-content-wrapper\">\n\t\t\t\t\t\t<span class=\"elementor-button-icon\">\n\t\t\t\t<i aria-hidden=\"true\" class=\"fas fa-arrow-circle-right\"><\/i>\t\t\t<\/span>\n\t\t\t\t\t\t\t\t\t<span class=\"elementor-button-text\">NOTICIAS<\/span>\n\t\t\t\t\t<\/span>\n\t\t\t\t\t<\/a>\n\t\t\t\t<\/div>\n\t\t\t\t\t\t\t\t<\/div>\n\t\t\t\t<\/div>\n\t\t\t\t\t<\/div>\n\t\t<\/div>\n\t\t\t\t\t<\/div>\n\t\t<\/section>\n\t\t\t\t<section class=\"elementor-section elementor-top-section elementor-element elementor-element-cfb5775 elementor-section-full_width elementor-section-height-min-height elementor-section-stretched elementor-section-height-default elementor-section-items-middle parallax_section_no qode_elementor_container_no\" data-id=\"cfb5775\" data-element_type=\"section\" data-e-type=\"section\" data-settings=\"{&quot;background_background&quot;:&quot;classic&quot;,&quot;stretch_section&quot;:&quot;section-stretched&quot;}\">\n\t\t\t\t\t\t\t<div class=\"elementor-background-overlay\"><\/div>\n\t\t\t\t\t\t\t<div class=\"elementor-container elementor-column-gap-default\">\n\t\t\t\t\t<div class=\"elementor-column elementor-col-100 elementor-top-column elementor-element elementor-element-fec5411\" data-id=\"fec5411\" data-element_type=\"column\" data-e-type=\"column\">\n\t\t\t<div class=\"elementor-widget-wrap elementor-element-populated\">\n\t\t\t\t\t\t<div class=\"elementor-element elementor-element-c0d933e elementor-widget elementor-widget-text-editor\" data-id=\"c0d933e\" data-element_type=\"widget\" data-e-type=\"widget\" data-widget_type=\"text-editor.default\">\n\t\t\t\t<div class=\"elementor-widget-container\">\n\t\t\t\t\t\t\t\t\t<p>M\u00c1S SOBRE KEYTER<\/p>\n\t\t\t\t\t\t\t\t<\/div>\n\t\t\t\t<\/div>\n\t\t\t\t<div class=\"elementor-element elementor-element-2c4d122 elementor-widget elementor-widget-text-editor\" data-id=\"2c4d122\" data-element_type=\"widget\" data-e-type=\"widget\" data-widget_type=\"text-editor.default\">\n\t\t\t\t<div class=\"elementor-widget-container\">\n\t\t\t\t\t\t\t\t\t<h4 style=\"font-size: 40px;\">\u00bfEn qu\u00e9 est\u00e1s interesado?<\/h4>\n\t\t\t\t\t\t\t\t<\/div>\n\t\t\t\t<\/div>\n\t\t\t\t<div class=\"elementor-element elementor-element-b01f76b elementor-widget elementor-widget-image\" data-id=\"b01f76b\" data-element_type=\"widget\" data-e-type=\"widget\" data-widget_type=\"image.default\">\n\t\t\t\t<div class=\"elementor-widget-container\">\n\t\t\t\t\t\t\t\t\t\t\t\t\t\t\t<img decoding=\"async\" width=\"369\" height=\"9\" src=\"https:\/\/www.keyter.com\/wp-content\/uploads\/2020\/10\/line-leaf.svg\" class=\"attachment-medium size-medium wp-image-45826\" alt=\"\" \/>\t\t\t\t\t\t\t\t\t\t\t\t\t\t\t<\/div>\n\t\t\t\t<\/div>\n\t\t\t\t<section class=\"elementor-section elementor-inner-section elementor-element elementor-element-c68b7cb elementor-section-boxed elementor-section-height-default elementor-section-height-default parallax_section_no qode_elementor_container_no\" data-id=\"c68b7cb\" data-element_type=\"section\" data-e-type=\"section\">\n\t\t\t\t\t\t<div class=\"elementor-container elementor-column-gap-default\">\n\t\t\t\t\t<div class=\"elementor-column elementor-col-25 elementor-inner-column elementor-element elementor-element-6cf4743\" data-id=\"6cf4743\" data-element_type=\"column\" data-e-type=\"column\">\n\t\t\t<div class=\"elementor-widget-wrap elementor-element-populated\">\n\t\t\t\t\t\t<div class=\"elementor-element elementor-element-309be93 elementor-align-center elementor-widget elementor-widget-button\" data-id=\"309be93\" data-element_type=\"widget\" data-e-type=\"widget\" data-widget_type=\"button.default\">\n\t\t\t\t<div class=\"elementor-widget-container\">\n\t\t\t\t\t\t\t\t\t<div class=\"elementor-button-wrapper\">\n\t\t\t\t\t<a class=\"elementor-button elementor-button-link elementor-size-sm\" href=\"https:\/\/www.keyter.com\/es\/nuestra-historia\/\">\n\t\t\t\t\t\t<span class=\"elementor-button-content-wrapper\">\n\t\t\t\t\t\t<span class=\"elementor-button-icon\">\n\t\t\t\t<i aria-hidden=\"true\" class=\"fas fa-arrow-circle-right\"><\/i>\t\t\t<\/span>\n\t\t\t\t\t\t\t\t\t<span class=\"elementor-button-text\">NUESTRA HISTORIA<\/span>\n\t\t\t\t\t<\/span>\n\t\t\t\t\t<\/a>\n\t\t\t\t<\/div>\n\t\t\t\t\t\t\t\t<\/div>\n\t\t\t\t<\/div>\n\t\t\t\t\t<\/div>\n\t\t<\/div>\n\t\t\t\t<div class=\"elementor-column elementor-col-25 elementor-inner-column elementor-element elementor-element-e563b17\" data-id=\"e563b17\" data-element_type=\"column\" data-e-type=\"column\">\n\t\t\t<div class=\"elementor-widget-wrap elementor-element-populated\">\n\t\t\t\t\t\t<div class=\"elementor-element elementor-element-bdead2d elementor-align-center elementor-widget elementor-widget-button\" data-id=\"bdead2d\" data-element_type=\"widget\" data-e-type=\"widget\" data-widget_type=\"button.default\">\n\t\t\t\t<div class=\"elementor-widget-container\">\n\t\t\t\t\t\t\t\t\t<div class=\"elementor-button-wrapper\">\n\t\t\t\t\t<a class=\"elementor-button elementor-button-link elementor-size-sm\" href=\"https:\/\/www.keyter.com\/es\/productos\/\">\n\t\t\t\t\t\t<span class=\"elementor-button-content-wrapper\">\n\t\t\t\t\t\t<span class=\"elementor-button-icon\">\n\t\t\t\t<i aria-hidden=\"true\" class=\"fas fa-arrow-circle-right\"><\/i>\t\t\t<\/span>\n\t\t\t\t\t\t\t\t\t<span class=\"elementor-button-text\">PRODUCTOS<\/span>\n\t\t\t\t\t<\/span>\n\t\t\t\t\t<\/a>\n\t\t\t\t<\/div>\n\t\t\t\t\t\t\t\t<\/div>\n\t\t\t\t<\/div>\n\t\t\t\t\t<\/div>\n\t\t<\/div>\n\t\t\t\t<div class=\"elementor-column elementor-col-25 elementor-inner-column elementor-element elementor-element-a04405f\" data-id=\"a04405f\" data-element_type=\"column\" data-e-type=\"column\">\n\t\t\t<div class=\"elementor-widget-wrap elementor-element-populated\">\n\t\t\t\t\t\t<div class=\"elementor-element elementor-element-40e6c4b elementor-align-center elementor-widget elementor-widget-button\" data-id=\"40e6c4b\" data-element_type=\"widget\" data-e-type=\"widget\" data-widget_type=\"button.default\">\n\t\t\t\t<div class=\"elementor-widget-container\">\n\t\t\t\t\t\t\t\t\t<div class=\"elementor-button-wrapper\">\n\t\t\t\t\t<a class=\"elementor-button elementor-button-link elementor-size-sm\" href=\"https:\/\/www.keyter.com\/es\/referencias\/\">\n\t\t\t\t\t\t<span class=\"elementor-button-content-wrapper\">\n\t\t\t\t\t\t<span class=\"elementor-button-icon\">\n\t\t\t\t<i aria-hidden=\"true\" class=\"fas fa-arrow-circle-right\"><\/i>\t\t\t<\/span>\n\t\t\t\t\t\t\t\t\t<span class=\"elementor-button-text\">REFERENCIAS<\/span>\n\t\t\t\t\t<\/span>\n\t\t\t\t\t<\/a>\n\t\t\t\t<\/div>\n\t\t\t\t\t\t\t\t<\/div>\n\t\t\t\t<\/div>\n\t\t\t\t\t<\/div>\n\t\t<\/div>\n\t\t\t\t<div class=\"elementor-column elementor-col-25 elementor-inner-column elementor-element elementor-element-cd597c5\" data-id=\"cd597c5\" data-element_type=\"column\" data-e-type=\"column\">\n\t\t\t<div class=\"elementor-widget-wrap elementor-element-populated\">\n\t\t\t\t\t\t<div class=\"elementor-element elementor-element-eddf82c elementor-align-center elementor-widget elementor-widget-button\" data-id=\"eddf82c\" data-element_type=\"widget\" data-e-type=\"widget\" data-widget_type=\"button.default\">\n\t\t\t\t<div class=\"elementor-widget-container\">\n\t\t\t\t\t\t\t\t\t<div class=\"elementor-button-wrapper\">\n\t\t\t\t\t<a class=\"elementor-button elementor-button-link elementor-size-sm\" href=\"https:\/\/www.keyter.com\/es\/empleo\/\">\n\t\t\t\t\t\t<span class=\"elementor-button-content-wrapper\">\n\t\t\t\t\t\t<span class=\"elementor-button-icon\">\n\t\t\t\t<i aria-hidden=\"true\" class=\"fas fa-arrow-circle-right\"><\/i>\t\t\t<\/span>\n\t\t\t\t\t\t\t\t\t<span class=\"elementor-button-text\">TRABAJA CON NOSOTROS<\/span>\n\t\t\t\t\t<\/span>\n\t\t\t\t\t<\/a>\n\t\t\t\t<\/div>\n\t\t\t\t\t\t\t\t<\/div>\n\t\t\t\t<\/div>\n\t\t\t\t\t<\/div>\n\t\t<\/div>\n\t\t\t\t\t<\/div>\n\t\t<\/section>\n\t\t\t\t\t<\/div>\n\t\t<\/div>\n\t\t\t\t\t<\/div>\n\t\t<\/section>\n\t\t\t\t<\/div>\n\t\t","protected":false},"excerpt":{"rendered":"<p>NOTICIAS \u2022 08.02.2023 Keyter se une como miembro a CTA para acelerar su innovaci\u00f3n en climatizaci\u00f3n industrial \u203a La empresa lucentina Keyter desarrolla nuevas soluciones tecnol\u00f3gicas basadas en las sinergias entre la climatizaci\u00f3n, la refrigeraci\u00f3n, las energ\u00edas renovables y otras tecnolog\u00edas relacionadas. \u203a CTA suma&#8230;<\/p>\n","protected":false},"author":3,"featured_media":0,"parent":0,"menu_order":0,"comment_status":"open","ping_status":"open","template":"","meta":{"content-type":"","inline_featured_image":false,"footnotes":""},"class_list":["post-60268","page","type-page","status-publish","hentry"],"yoast_head":"<!-- This site is optimized with the Yoast SEO plugin v27.3 - https:\/\/yoast.com\/product\/yoast-seo-wordpress\/ -->\n<title>Keyter se une como miembro a CTA para acelerar su innovaci\u00f3n en climatizaci\u00f3n industrial - Keyter<\/title>\n<meta name=\"robots\" content=\"index, follow, max-snippet:-1, max-image-preview:large, max-video-preview:-1\" \/>\n<link rel=\"canonical\" href=\"https:\/\/www.keyter.com\/es\/keyter-se-une-como-miembro-a-cta-para-acelerar-su-innovacion-en-climatizacion-industrial\/\" \/>\n<meta property=\"og:locale\" content=\"es_ES\" \/>\n<meta property=\"og:type\" content=\"article\" \/>\n<meta property=\"og:title\" content=\"Keyter se une como miembro a CTA para acelerar su innovaci\u00f3n en climatizaci\u00f3n industrial - Keyter\" \/>\n<meta property=\"og:description\" content=\"NOTICIAS \u2022 08.02.2023 Keyter se une como miembro a CTA para acelerar su innovaci\u00f3n en climatizaci\u00f3n industrial \u203a La empresa lucentina Keyter desarrolla nuevas soluciones tecnol\u00f3gicas basadas en las sinergias entre la climatizaci\u00f3n, la refrigeraci\u00f3n, las energ\u00edas renovables y otras tecnolog\u00edas relacionadas. \u203a CTA suma...\" \/>\n<meta property=\"og:url\" content=\"https:\/\/www.keyter.com\/es\/keyter-se-une-como-miembro-a-cta-para-acelerar-su-innovacion-en-climatizacion-industrial\/\" \/>\n<meta property=\"og:site_name\" content=\"Keyter\" \/>\n<meta property=\"article:modified_time\" content=\"2023-02-08T11:46:39+00:00\" \/>\n<meta property=\"og:image\" content=\"https:\/\/www.keyter.com\/wp-content\/uploads\/2020\/11\/line-leaf-single-right.svg\" \/>\n<meta name=\"twitter:card\" content=\"summary_large_image\" \/>\n<meta name=\"twitter:label1\" content=\"Tiempo de lectura\" \/>\n\t<meta name=\"twitter:data1\" content=\"5 minutos\" \/>\n<script type=\"application\/ld+json\" class=\"yoast-schema-graph\">{\"@context\":\"https:\\\/\\\/schema.org\",\"@graph\":[{\"@type\":\"WebPage\",\"@id\":\"https:\\\/\\\/www.keyter.com\\\/es\\\/keyter-se-une-como-miembro-a-cta-para-acelerar-su-innovacion-en-climatizacion-industrial\\\/\",\"url\":\"https:\\\/\\\/www.keyter.com\\\/es\\\/keyter-se-une-como-miembro-a-cta-para-acelerar-su-innovacion-en-climatizacion-industrial\\\/\",\"name\":\"Keyter se une como miembro a CTA para acelerar su innovaci\u00f3n en climatizaci\u00f3n industrial - Keyter\",\"isPartOf\":{\"@id\":\"https:\\\/\\\/www.keyter.com\\\/es\\\/#website\"},\"primaryImageOfPage\":{\"@id\":\"https:\\\/\\\/www.keyter.com\\\/es\\\/keyter-se-une-como-miembro-a-cta-para-acelerar-su-innovacion-en-climatizacion-industrial\\\/#primaryimage\"},\"image\":{\"@id\":\"https:\\\/\\\/www.keyter.com\\\/es\\\/keyter-se-une-como-miembro-a-cta-para-acelerar-su-innovacion-en-climatizacion-industrial\\\/#primaryimage\"},\"thumbnailUrl\":\"https:\\\/\\\/www.keyter.com\\\/wp-content\\\/uploads\\\/2020\\\/11\\\/line-leaf-single-right.svg\",\"datePublished\":\"2023-02-08T09:31:17+00:00\",\"dateModified\":\"2023-02-08T11:46:39+00:00\",\"breadcrumb\":{\"@id\":\"https:\\\/\\\/www.keyter.com\\\/es\\\/keyter-se-une-como-miembro-a-cta-para-acelerar-su-innovacion-en-climatizacion-industrial\\\/#breadcrumb\"},\"inLanguage\":\"es\",\"potentialAction\":[{\"@type\":\"ReadAction\",\"target\":[\"https:\\\/\\\/www.keyter.com\\\/es\\\/keyter-se-une-como-miembro-a-cta-para-acelerar-su-innovacion-en-climatizacion-industrial\\\/\"]}]},{\"@type\":\"ImageObject\",\"inLanguage\":\"es\",\"@id\":\"https:\\\/\\\/www.keyter.com\\\/es\\\/keyter-se-une-como-miembro-a-cta-para-acelerar-su-innovacion-en-climatizacion-industrial\\\/#primaryimage\",\"url\":\"https:\\\/\\\/www.keyter.com\\\/wp-content\\\/uploads\\\/2020\\\/11\\\/line-leaf-single-right.svg\",\"contentUrl\":\"https:\\\/\\\/www.keyter.com\\\/wp-content\\\/uploads\\\/2020\\\/11\\\/line-leaf-single-right.svg\"},{\"@type\":\"BreadcrumbList\",\"@id\":\"https:\\\/\\\/www.keyter.com\\\/es\\\/keyter-se-une-como-miembro-a-cta-para-acelerar-su-innovacion-en-climatizacion-industrial\\\/#breadcrumb\",\"itemListElement\":[{\"@type\":\"ListItem\",\"position\":1,\"name\":\"Home\",\"item\":\"https:\\\/\\\/www.keyter.com\\\/es\\\/\"},{\"@type\":\"ListItem\",\"position\":2,\"name\":\"Keyter se une como miembro a CTA para acelerar su innovaci\u00f3n en climatizaci\u00f3n industrial\"}]},{\"@type\":\"WebSite\",\"@id\":\"https:\\\/\\\/www.keyter.com\\\/es\\\/#website\",\"url\":\"https:\\\/\\\/www.keyter.com\\\/es\\\/\",\"name\":\"Keyter\",\"description\":\"Leading thermodynamic technologies\",\"potentialAction\":[{\"@type\":\"SearchAction\",\"target\":{\"@type\":\"EntryPoint\",\"urlTemplate\":\"https:\\\/\\\/www.keyter.com\\\/es\\\/?s={search_term_string}\"},\"query-input\":{\"@type\":\"PropertyValueSpecification\",\"valueRequired\":true,\"valueName\":\"search_term_string\"}}],\"inLanguage\":\"es\"}]}<\/script>\n<!-- \/ Yoast SEO plugin. -->","yoast_head_json":{"title":"Keyter se une como miembro a CTA para acelerar su innovaci\u00f3n en climatizaci\u00f3n industrial - Keyter","robots":{"index":"index","follow":"follow","max-snippet":"max-snippet:-1","max-image-preview":"max-image-preview:large","max-video-preview":"max-video-preview:-1"},"canonical":"https:\/\/www.keyter.com\/es\/keyter-se-une-como-miembro-a-cta-para-acelerar-su-innovacion-en-climatizacion-industrial\/","og_locale":"es_ES","og_type":"article","og_title":"Keyter se une como miembro a CTA para acelerar su innovaci\u00f3n en climatizaci\u00f3n industrial - Keyter","og_description":"NOTICIAS \u2022 08.02.2023 Keyter se une como miembro a CTA para acelerar su innovaci\u00f3n en climatizaci\u00f3n industrial \u203a La empresa lucentina Keyter desarrolla nuevas soluciones tecnol\u00f3gicas basadas en las sinergias entre la climatizaci\u00f3n, la refrigeraci\u00f3n, las energ\u00edas renovables y otras tecnolog\u00edas relacionadas. \u203a CTA suma...","og_url":"https:\/\/www.keyter.com\/es\/keyter-se-une-como-miembro-a-cta-para-acelerar-su-innovacion-en-climatizacion-industrial\/","og_site_name":"Keyter","article_modified_time":"2023-02-08T11:46:39+00:00","og_image":[{"url":"https:\/\/www.keyter.com\/wp-content\/uploads\/2020\/11\/line-leaf-single-right.svg","type":"","width":"","height":""}],"twitter_card":"summary_large_image","twitter_misc":{"Tiempo de lectura":"5 minutos"},"schema":{"@context":"https:\/\/schema.org","@graph":[{"@type":"WebPage","@id":"https:\/\/www.keyter.com\/es\/keyter-se-une-como-miembro-a-cta-para-acelerar-su-innovacion-en-climatizacion-industrial\/","url":"https:\/\/www.keyter.com\/es\/keyter-se-une-como-miembro-a-cta-para-acelerar-su-innovacion-en-climatizacion-industrial\/","name":"Keyter se une como miembro a CTA para acelerar su innovaci\u00f3n en climatizaci\u00f3n industrial - Keyter","isPartOf":{"@id":"https:\/\/www.keyter.com\/es\/#website"},"primaryImageOfPage":{"@id":"https:\/\/www.keyter.com\/es\/keyter-se-une-como-miembro-a-cta-para-acelerar-su-innovacion-en-climatizacion-industrial\/#primaryimage"},"image":{"@id":"https:\/\/www.keyter.com\/es\/keyter-se-une-como-miembro-a-cta-para-acelerar-su-innovacion-en-climatizacion-industrial\/#primaryimage"},"thumbnailUrl":"https:\/\/www.keyter.com\/wp-content\/uploads\/2020\/11\/line-leaf-single-right.svg","datePublished":"2023-02-08T09:31:17+00:00","dateModified":"2023-02-08T11:46:39+00:00","breadcrumb":{"@id":"https:\/\/www.keyter.com\/es\/keyter-se-une-como-miembro-a-cta-para-acelerar-su-innovacion-en-climatizacion-industrial\/#breadcrumb"},"inLanguage":"es","potentialAction":[{"@type":"ReadAction","target":["https:\/\/www.keyter.com\/es\/keyter-se-une-como-miembro-a-cta-para-acelerar-su-innovacion-en-climatizacion-industrial\/"]}]},{"@type":"ImageObject","inLanguage":"es","@id":"https:\/\/www.keyter.com\/es\/keyter-se-une-como-miembro-a-cta-para-acelerar-su-innovacion-en-climatizacion-industrial\/#primaryimage","url":"https:\/\/www.keyter.com\/wp-content\/uploads\/2020\/11\/line-leaf-single-right.svg","contentUrl":"https:\/\/www.keyter.com\/wp-content\/uploads\/2020\/11\/line-leaf-single-right.svg"},{"@type":"BreadcrumbList","@id":"https:\/\/www.keyter.com\/es\/keyter-se-une-como-miembro-a-cta-para-acelerar-su-innovacion-en-climatizacion-industrial\/#breadcrumb","itemListElement":[{"@type":"ListItem","position":1,"name":"Home","item":"https:\/\/www.keyter.com\/es\/"},{"@type":"ListItem","position":2,"name":"Keyter se une como miembro a CTA para acelerar su innovaci\u00f3n en climatizaci\u00f3n industrial"}]},{"@type":"WebSite","@id":"https:\/\/www.keyter.com\/es\/#website","url":"https:\/\/www.keyter.com\/es\/","name":"Keyter","description":"Leading thermodynamic technologies","potentialAction":[{"@type":"SearchAction","target":{"@type":"EntryPoint","urlTemplate":"https:\/\/www.keyter.com\/es\/?s={search_term_string}"},"query-input":{"@type":"PropertyValueSpecification","valueRequired":true,"valueName":"search_term_string"}}],"inLanguage":"es"}]}},"_links":{"self":[{"href":"https:\/\/www.keyter.com\/es\/wp-json\/wp\/v2\/pages\/60268","targetHints":{"allow":["GET"]}}],"collection":[{"href":"https:\/\/www.keyter.com\/es\/wp-json\/wp\/v2\/pages"}],"about":[{"href":"https:\/\/www.keyter.com\/es\/wp-json\/wp\/v2\/types\/page"}],"author":[{"embeddable":true,"href":"https:\/\/www.keyter.com\/es\/wp-json\/wp\/v2\/users\/3"}],"replies":[{"embeddable":true,"href":"https:\/\/www.keyter.com\/es\/wp-json\/wp\/v2\/comments?post=60268"}],"version-history":[{"count":3,"href":"https:\/\/www.keyter.com\/es\/wp-json\/wp\/v2\/pages\/60268\/revisions"}],"predecessor-version":[{"id":60306,"href":"https:\/\/www.keyter.com\/es\/wp-json\/wp\/v2\/pages\/60268\/revisions\/60306"}],"wp:attachment":[{"href":"https:\/\/www.keyter.com\/es\/wp-json\/wp\/v2\/media?parent=60268"}],"curies":[{"name":"wp","href":"https:\/\/api.w.org\/{rel}","templated":true}]}}