{"id":75499,"date":"2024-10-01T10:35:05","date_gmt":"2024-10-01T10:35:05","guid":{"rendered":"https:\/\/www.keyter.com\/del-nzeb-al-zeb\/"},"modified":"2024-10-01T10:35:05","modified_gmt":"2024-10-01T10:35:05","slug":"del-nzeb-al-zeb","status":"publish","type":"page","link":"https:\/\/www.keyter.com\/es\/del-nzeb-al-zeb\/","title":{"rendered":"Del NZEB al ZEB"},"content":{"rendered":"\t\t<div data-elementor-type=\"wp-page\" data-elementor-id=\"75499\" class=\"elementor elementor-75499 elementor-75483\" data-elementor-post-type=\"page\">\n\t\t\t\t\t\t<section class=\"elementor-section elementor-top-section elementor-element elementor-element-3c1b7f2 elementor-section-stretched elementor-section-boxed elementor-section-height-default elementor-section-height-default parallax_section_no qode_elementor_container_no\" data-id=\"3c1b7f2\" data-element_type=\"section\" data-e-type=\"section\" data-settings=\"{&quot;stretch_section&quot;:&quot;section-stretched&quot;}\">\n\t\t\t\t\t\t<div class=\"elementor-container elementor-column-gap-default\">\n\t\t\t\t\t<div class=\"elementor-column elementor-col-100 elementor-top-column elementor-element elementor-element-36949e3\" data-id=\"36949e3\" data-element_type=\"column\" data-e-type=\"column\">\n\t\t\t<div class=\"elementor-widget-wrap elementor-element-populated\">\n\t\t\t\t\t\t<section class=\"elementor-section elementor-inner-section elementor-element elementor-element-3205fba elementor-section-boxed elementor-section-height-default elementor-section-height-default parallax_section_no qode_elementor_container_no\" data-id=\"3205fba\" data-element_type=\"section\" data-e-type=\"section\">\n\t\t\t\t\t\t<div class=\"elementor-container elementor-column-gap-default\">\n\t\t\t\t\t<div class=\"elementor-column elementor-col-100 elementor-inner-column elementor-element elementor-element-32536ca\" data-id=\"32536ca\" data-element_type=\"column\" data-e-type=\"column\">\n\t\t\t<div class=\"elementor-widget-wrap elementor-element-populated\">\n\t\t\t\t\t\t<div class=\"elementor-element elementor-element-f62b845 e-grid-align-right elementor-shape-rounded elementor-grid-0 elementor-widget elementor-widget-social-icons\" data-id=\"f62b845\" data-element_type=\"widget\" data-e-type=\"widget\" data-widget_type=\"social-icons.default\">\n\t\t\t\t<div class=\"elementor-widget-container\">\n\t\t\t\t\t\t\t<div class=\"elementor-social-icons-wrapper elementor-grid\" role=\"list\">\n\t\t\t\t\t\t\t<span class=\"elementor-grid-item\" role=\"listitem\">\n\t\t\t\t\t<a class=\"elementor-icon elementor-social-icon elementor-social-icon-linkedin elementor-repeater-item-a8c6510\" href=\"https:\/\/es.linkedin.com\/company\/keyter\" target=\"_blank\">\n\t\t\t\t\t\t<span class=\"elementor-screen-only\">Linkedin<\/span>\n\t\t\t\t\t\t<i aria-hidden=\"true\" class=\"fab fa-linkedin\"><\/i>\t\t\t\t\t<\/a>\n\t\t\t\t<\/span>\n\t\t\t\t\t\t\t<span class=\"elementor-grid-item\" role=\"listitem\">\n\t\t\t\t\t<a class=\"elementor-icon elementor-social-icon elementor-social-icon-facebook elementor-repeater-item-3362250\" href=\"https:\/\/www.facebook.com\/keyterHVACR\" target=\"_blank\">\n\t\t\t\t\t\t<span class=\"elementor-screen-only\">Facebook<\/span>\n\t\t\t\t\t\t<i aria-hidden=\"true\" class=\"fab fa-facebook\"><\/i>\t\t\t\t\t<\/a>\n\t\t\t\t<\/span>\n\t\t\t\t\t\t\t<span class=\"elementor-grid-item\" role=\"listitem\">\n\t\t\t\t\t<a class=\"elementor-icon elementor-social-icon elementor-social-icon-twitter elementor-repeater-item-3f1e49f\" href=\"https:\/\/twitter.com\/KEYTERes\" target=\"_blank\">\n\t\t\t\t\t\t<span class=\"elementor-screen-only\">Twitter<\/span>\n\t\t\t\t\t\t<i aria-hidden=\"true\" class=\"fab fa-twitter\"><\/i>\t\t\t\t\t<\/a>\n\t\t\t\t<\/span>\n\t\t\t\t\t\t\t<span class=\"elementor-grid-item\" role=\"listitem\">\n\t\t\t\t\t<a class=\"elementor-icon elementor-social-icon elementor-social-icon-youtube elementor-repeater-item-2b5a944\" href=\"https:\/\/www.youtube.com\/channel\/UCMHOMneQyaueda5RocUOBog\" target=\"_blank\">\n\t\t\t\t\t\t<span class=\"elementor-screen-only\">Youtube<\/span>\n\t\t\t\t\t\t<i aria-hidden=\"true\" class=\"fab fa-youtube\"><\/i>\t\t\t\t\t<\/a>\n\t\t\t\t<\/span>\n\t\t\t\t\t<\/div>\n\t\t\t\t\t\t<\/div>\n\t\t\t\t<\/div>\n\t\t\t\t<div class=\"elementor-element elementor-element-e8490b3 elementor-widget elementor-widget-text-editor\" data-id=\"e8490b3\" data-element_type=\"widget\" data-e-type=\"widget\" data-widget_type=\"text-editor.default\">\n\t\t\t\t<div class=\"elementor-widget-container\">\n\t\t\t\t\t\t\t\t\t<h4 style=\"font-size: 28px;\"><strong>Del NZEB al ZEB<\/strong><\/h4>\n\t\t\t\t\t\t\t\t<\/div>\n\t\t\t\t<\/div>\n\t\t\t\t<div class=\"elementor-element elementor-element-4501af7 elementor-widget elementor-widget-image\" data-id=\"4501af7\" data-element_type=\"widget\" data-e-type=\"widget\" data-widget_type=\"image.default\">\n\t\t\t\t<div class=\"elementor-widget-container\">\n\t\t\t\t\t\t\t\t\t\t\t\t\t\t\t<img decoding=\"async\" width=\"189\" height=\"9\" src=\"https:\/\/www.keyter.com\/wp-content\/uploads\/2020\/11\/line-leaf-single-right.svg\" class=\"attachment-medium size-medium wp-image-31456\" alt=\"\" \/>\t\t\t\t\t\t\t\t\t\t\t\t\t\t\t<\/div>\n\t\t\t\t<\/div>\n\t\t\t\t<div class=\"elementor-element elementor-element-cc5c1d5 elementor-widget elementor-widget-text-editor\" data-id=\"cc5c1d5\" data-element_type=\"widget\" data-e-type=\"widget\" data-widget_type=\"text-editor.default\">\n\t\t\t\t<div class=\"elementor-widget-container\">\n\t\t\t\t\t\t\t\t\t<p>El pasado 8 de mayo se public\u00f3 la <strong>Directiva 2024\/1275<\/strong> relativa a la <strong>Eficiencia Energ\u00e9tica de los Edificios<\/strong>. La finalidad de esta Directiva es la de fomentar la mejora de la eficiencia energ\u00e9tica de los edificios sitos en la Uni\u00f3n y la reducci\u00f3n de sus emisiones de Gases De Efecto Invernadero, con el fin de lograr un <em><strong>parque inmobiliario de cero emisiones a m\u00e1s tardar en 2050<\/strong><\/em>, derogando a la Directiva 2010\/31 el 30 de mayo de 2026.<\/p>\n\t\t\t\t\t\t\t\t<\/div>\n\t\t\t\t<\/div>\n\t\t\t\t<div class=\"elementor-element elementor-element-f2d3af5 elementor-widget elementor-widget-text-editor\" data-id=\"f2d3af5\" data-element_type=\"widget\" data-e-type=\"widget\" data-widget_type=\"text-editor.default\">\n\t\t\t\t<div class=\"elementor-widget-container\">\n\t\t\t\t\t\t\t\t\t<p>Cada Estado miembro elaborar\u00e1 y presentar\u00e1 a la Comisi\u00f3n, cada cinco a\u00f1os, su proyecto de plan nacional de renovaci\u00f3n de edificios basado en:<\/p>\n\t\t\t\t\t\t\t\t<\/div>\n\t\t\t\t<\/div>\n\t\t\t\t<div class=\"elementor-element elementor-element-9ad3dd7 elementor-widget elementor-widget-text-editor\" data-id=\"9ad3dd7\" data-element_type=\"widget\" data-e-type=\"widget\" data-widget_type=\"text-editor.default\">\n\t\t\t\t<div class=\"elementor-widget-container\">\n\t\t\t\t\t\t\t\t\t<ul>\n<li>Una Visi\u00f3n General del parque inmobiliario nacional<\/li>\n<li>Una Hoja de ruta para 2030, 2040 y 2050<\/li>\n<li>Una Visi\u00f3n general de las pol\u00edticas y medidas puestas en ejecuci\u00f3n y previstas<\/li>\n<li>Un Esquema de las necesidades de inversi\u00f3n, las fuentes presupuestarias y los recursos administrativos<\/li>\n<li>Los Umbrales de Edificios nuevos y renovados de Cero Emisiones,<\/li>\n<li>Las Normas m\u00ednimas de eficiencia energ\u00e9tica para edificios no residenciales<\/li>\n<li>Las Normas m\u00ednimas de eficiencia energ\u00e9tica para edificios residenciales<\/li>\n<\/ul>\n\t\t\t\t\t\t\t\t<\/div>\n\t\t\t\t<\/div>\n\t\t\t\t<div class=\"elementor-element elementor-element-2f19757 elementor-widget elementor-widget-text-editor\" data-id=\"2f19757\" data-element_type=\"widget\" data-e-type=\"widget\" data-widget_type=\"text-editor.default\">\n\t\t\t\t<div class=\"elementor-widget-container\">\n\t\t\t\t\t\t\t\t\t<p><strong>DEFINICIONES<\/strong><\/p>\n<p>Siempre hay que poner en contexto las Directivas en funci\u00f3n a sus definiciones, y esta trae algunas muy interesantes:<\/p>\n\t\t\t\t\t\t\t\t<\/div>\n\t\t\t\t<\/div>\n\t\t\t\t<div class=\"elementor-element elementor-element-38a1e2b elementor-widget elementor-widget-text-editor\" data-id=\"38a1e2b\" data-element_type=\"widget\" data-e-type=\"widget\" data-widget_type=\"text-editor.default\">\n\t\t\t\t<div class=\"elementor-widget-container\">\n\t\t\t\t\t\t\t\t\t<p><strong>Calidad ambiental interior:<\/strong> resultado de una evaluaci\u00f3n de las condiciones interiores de un edificio que influyen en la salud y el bienestar de sus ocupantes, basada en par\u00e1metros como los relativos a la temperatura, la humedad, la tasa de renovaci\u00f3n del aire y la presencia de contaminantes.<br \/>\nGran novedad respecto a su anterior versi\u00f3n, en orden a evitar posibles efectos negativos de una ventilaci\u00f3n inadecuada, velando por la salud de los ocupantes y teniendo en cuenta las particularidades locales, el uso a que se destine el edificio y su antig\u00fcedad.<br \/>\nDe hecho se deber\u00e1 asesorar sobre su mejora en los Certificados de Eficiencia Energ\u00e9tica y se deber\u00e1 realizar un seguimiento de la misma.<\/p>\n\t\t\t\t\t\t\t\t<\/div>\n\t\t\t\t<\/div>\n\t\t\t\t<div class=\"elementor-element elementor-element-3a097e3 elementor-widget elementor-widget-text-editor\" data-id=\"3a097e3\" data-element_type=\"widget\" data-e-type=\"widget\" data-widget_type=\"text-editor.default\">\n\t\t\t\t<div class=\"elementor-widget-container\">\n\t\t\t\t\t\t\t\t\t<p><strong>Emisiones de Gases de Efecto Invernadero Operativas: <\/strong>emisiones de Gases De Efecto Invernadero asociadas al consumo de energ\u00eda de las Instalaciones T\u00e9cnicas de un Edificio durante el uso y el funcionamiento de este.<\/p>\n\t\t\t\t\t\t\t\t<\/div>\n\t\t\t\t<\/div>\n\t\t\t\t<div class=\"elementor-element elementor-element-3557e2e elementor-widget elementor-widget-text-editor\" data-id=\"3557e2e\" data-element_type=\"widget\" data-e-type=\"widget\" data-widget_type=\"text-editor.default\">\n\t\t\t\t<div class=\"elementor-widget-container\">\n\t\t\t\t\t\t\t\t\t<p><strong>Emisiones de Gases de Efecto Invernadero del Ciclo de Vida Completo: <\/strong>emisiones de Gases De Efecto Invernadero que se producen a lo largo de todo el ciclo de vida de un edificio, incluidos la producci\u00f3n y transporte de productos de construcci\u00f3n, las actividades realizadas en obras, el uso de energ\u00eda en el edificio y la sustituci\u00f3n de productos de construcci\u00f3n, as\u00ed como la demolici\u00f3n, el transporte y la gesti\u00f3n de desechos y su reutilizaci\u00f3n, reciclado y eliminaci\u00f3n final.<\/p>\n\t\t\t\t\t\t\t\t<\/div>\n\t\t\t\t<\/div>\n\t\t\t\t<div class=\"elementor-element elementor-element-d9fa4a3 elementor-widget elementor-widget-text-editor\" data-id=\"d9fa4a3\" data-element_type=\"widget\" data-e-type=\"widget\" data-widget_type=\"text-editor.default\">\n\t\t\t\t<div class=\"elementor-widget-container\">\n\t\t\t\t\t\t\t\t\t<p><strong>Potencial de Calentamiento Global a lo largo del Ciclo de Vida o \u201cPCG a lo largo del Ciclo de Vida\u201d: <\/strong>indicador que cuantifica las contribuciones en t\u00e9rminos de Potencial de Calentamiento Global de un edificio a lo largo de todo su ciclo de vida.<\/p>\n\t\t\t\t\t\t\t\t<\/div>\n\t\t\t\t<\/div>\n\t\t\t\t<div class=\"elementor-element elementor-element-ebd56a2 elementor-widget elementor-widget-text-editor\" data-id=\"ebd56a2\" data-element_type=\"widget\" data-e-type=\"widget\" data-widget_type=\"text-editor.default\">\n\t\t\t\t<div class=\"elementor-widget-container\">\n\t\t\t\t\t\t\t\t\t<p><strong>Edificio de consumo de energ\u00eda casi nulo: <\/strong>edificio con un nivel de eficiencia energ\u00e9tica muy alto, y en el que la cantidad casi nula o muy baja de energ\u00eda requerida est\u00e1 cubierta, en muy amplia medida, por energ\u00eda procedente de fuentes renovables, incluida energ\u00eda procedente de fuentes renovables producida in situ o energ\u00eda procedente de fuentes renovables producida en las proximidades.<\/p>\n\t\t\t\t\t\t\t\t<\/div>\n\t\t\t\t<\/div>\n\t\t\t\t<div class=\"elementor-element elementor-element-44bef69 elementor-widget elementor-widget-text-editor\" data-id=\"44bef69\" data-element_type=\"widget\" data-e-type=\"widget\" data-widget_type=\"text-editor.default\">\n\t\t\t\t<div class=\"elementor-widget-container\">\n\t\t\t\t\t\t\t\t\t<p><strong>Edificio de cero emisiones: <\/strong>edificio con una eficiencia energ\u00e9tica muy elevada, determinada de conformidad con el anexo I, que requiere cero energ\u00eda o una cantidad muy baja de energ\u00eda, que genera cero emisiones de carbono procedentes de combustibles f\u00f3siles in situ y que genera cero o una cantidad muy baja de emisiones de gases de efecto invernadero operativas.<\/p>\n\t\t\t\t\t\t\t\t<\/div>\n\t\t\t\t<\/div>\n\t\t\t\t<div class=\"elementor-element elementor-element-18fc461 elementor-widget elementor-widget-image\" data-id=\"18fc461\" data-element_type=\"widget\" data-e-type=\"widget\" data-widget_type=\"image.default\">\n\t\t\t\t<div class=\"elementor-widget-container\">\n\t\t\t\t\t\t\t\t\t\t\t\t\t\t\t<img fetchpriority=\"high\" decoding=\"async\" width=\"701\" height=\"701\" src=\"https:\/\/www.keyter.com\/wp-content\/uploads\/2024\/10\/NZEB-Circulo-Verde.png\" class=\"attachment-large size-large wp-image-75495\" alt=\"\" srcset=\"https:\/\/www.keyter.com\/wp-content\/uploads\/2024\/10\/NZEB-Circulo-Verde.png 701w, https:\/\/www.keyter.com\/wp-content\/uploads\/2024\/10\/NZEB-Circulo-Verde-300x300.png 300w, https:\/\/www.keyter.com\/wp-content\/uploads\/2024\/10\/NZEB-Circulo-Verde-150x150.png 150w, https:\/\/www.keyter.com\/wp-content\/uploads\/2024\/10\/NZEB-Circulo-Verde-570x570.png 570w, https:\/\/www.keyter.com\/wp-content\/uploads\/2024\/10\/NZEB-Circulo-Verde-500x500.png 500w\" sizes=\"(max-width: 701px) 100vw, 701px\" \/>\t\t\t\t\t\t\t\t\t\t\t\t\t\t\t<\/div>\n\t\t\t\t<\/div>\n\t\t\t\t<div class=\"elementor-element elementor-element-686d79d elementor-widget elementor-widget-text-editor\" data-id=\"686d79d\" data-element_type=\"widget\" data-e-type=\"widget\" data-widget_type=\"text-editor.default\">\n\t\t\t\t<div class=\"elementor-widget-container\">\n\t\t\t\t\t\t\t\t\t<p><strong>Edificio de Cero Emisiones <\/strong><\/p>\n<p>AEdificio con una eficiencia energ\u00e9tica muy elevada que requiere cero energ\u00eda o una cantidad muy baja de energ\u00eda, que genera cero emisiones de carbono procedentes de combustibles f\u00f3siles in situ y que genera cero o una cantidad muy baja de emisiones de gases de efecto invernadero operativas.<br \/>\nLa eficiencia energ\u00e9tica de un edificio se determinar\u00e1 sobre la base del uso de energ\u00eda calculado o medido con contadores, y reflejar\u00e1 el uso de energ\u00eda t\u00edpico para calefacci\u00f3n y refrigeraci\u00f3n de espacios, agua caliente sanitaria, ventilaci\u00f3n, iluminaci\u00f3n integrada y otras instalaciones t\u00e9cnicas de los edificios. Si el suministro de los edificios se efect\u00faa mediante Sistemas Urbanos de Calefacci\u00f3n o Refrigeraci\u00f3n, los beneficios de dicho suministro se reconozcan y se tengan en cuenta en la metodolog\u00eda de c\u00e1lculo.<br \/>\nCuando el uso de energ\u00eda medido con contadores sea la base para calcular la eficiencia energ\u00e9tica de los edificios, con mediciones mensuales como m\u00ednimo, la metodolog\u00eda de c\u00e1lculo deber\u00e1 ser capaz de determinar la influencia del comportamiento de los ocupantes y del clima local. <em>El consumo de energ\u00eda medido con contadores en condiciones de funcionamiento t\u00edpicas para confirmar que el uso de energ\u00eda calculado es correcto y permitir la comparaci\u00f3n entre la eficiencia calculada y la real.<\/em><\/p>\n<p>Para expresar la Eficiencia Energ\u00e9tica de un edificio, los Estados miembros definir\u00e1n indicadores num\u00e9ricos adicionales del consumo de energ\u00eda primaria renovable, no renovable y total, y de las emisiones de gases de efecto invernadero operativas producidas en kg de CO2 eq\/(m2\/a\u00f1o). En este aspecto solicitamos la publicaci\u00f3n de estos valores actualizados a la realidad actual, ya que los aportados por IDAE en su Documento <em>\u201cFactores de emisi\u00f3n de CO2 y coeficientes de paso a energ\u00eda primaria de diferentes fuentes de energ\u00eda final consumidas en el sector de edificios en Espa\u00f1a\u201d<\/em>, publicado en 2016 ya quedan lejos.<\/p>\n\t\t\t\t\t\t\t\t<\/div>\n\t\t\t\t<\/div>\n\t\t\t\t<div class=\"elementor-element elementor-element-c2a5ae6 elementor-widget elementor-widget-text-editor\" data-id=\"c2a5ae6\" data-element_type=\"widget\" data-e-type=\"widget\" data-widget_type=\"text-editor.default\">\n\t\t\t\t<div class=\"elementor-widget-container\">\n\t\t\t\t\t\t\t\t\t<p><strong>UMBRAL M\u00c1XIMO PARA LA DEMANDA ENERG\u00c9TICA DE LOS EDIFICIOS<\/strong><\/p>\n<p>Se fijar\u00e1 dicho umbral m\u00e1ximo para la demanda energ\u00e9tica de los edificios de cero emisiones con vistas a alcanzar niveles \u00f3ptimos de rentabilidad.<br \/>\nEste umbral m\u00e1ximo para la demanda energ\u00e9tica de los Edificios de Cero Emisiones ser\u00e1 como m\u00ednimo un <strong>10% inferior<\/strong> al umbral para el uso total de Energ\u00eda Primaria establecido en para los Edificios de Consumo de Energ\u00eda Casi Nulo el 28 de mayo de 2024 (CTE).<\/p>\n\t\t\t\t\t\t\t\t<\/div>\n\t\t\t\t<\/div>\n\t\t\t\t<div class=\"elementor-element elementor-element-776ed11 elementor-widget elementor-widget-text-editor\" data-id=\"776ed11\" data-element_type=\"widget\" data-e-type=\"widget\" data-widget_type=\"text-editor.default\">\n\t\t\t\t<div class=\"elementor-widget-container\">\n\t\t\t\t\t\t\t\t\t<p><strong>METODOLOG\u00cdA DE C\u00c1LCULO<\/strong><\/p>\n<p>La metodolog\u00eda deber\u00e1 establecerse teniendo en cuenta como m\u00ednimo los aspectos siguientes <em><strong>en funci\u00f3n del tipo de Edificio<\/strong><\/em>:<\/p>\n<ul>\n<li>Envolvente t\u00e9rmica<\/li>\n<li style=\"list-style-type: none;\">\n<ul>\n<li>Aislamiento<\/li>\n<li>Instalaciones pasivas<\/li>\n<li>Puentes t\u00e9rmicos<\/li>\n<\/ul>\n<\/li>\n<li>Capacidad de generaci\u00f3n de energ\u00eda renovable y de almacenamiento de energ\u00eda instalada in situ<\/li>\n<li>Instalaciones de aire acondicionado<\/li>\n<li>Ventilaciones<\/li>\n<li>Cargas internas<\/li>\n<li>Sistemas de automatizaci\u00f3n y control de edificios<\/li>\n<\/ul>\n\t\t\t\t\t\t\t\t<\/div>\n\t\t\t\t<\/div>\n\t\t\t\t<div class=\"elementor-element elementor-element-c06ee9b elementor-widget elementor-widget-text-editor\" data-id=\"c06ee9b\" data-element_type=\"widget\" data-e-type=\"widget\" data-widget_type=\"text-editor.default\">\n\t\t\t\t<div class=\"elementor-widget-container\">\n\t\t\t\t\t\t\t\t\t<p>Se tendr\u00e1 en cuenta la influencia positiva de los siguientes aspectos:<\/p>\n<ul>\n<li>Condiciones locales de exposici\u00f3n al sol, sistemas solares activos u otros sistemas de calefacci\u00f3n o producci\u00f3n de electricidad sobre la base de energ\u00eda procedente de fuentes renovables<\/li>\n<li>Electricidad producida por cogeneraci\u00f3n<\/li>\n<li>Sistemas urbanos o centrales de calefacci\u00f3n y refrigeraci\u00f3n<\/li>\n<li>Iluminaci\u00f3n natural<\/li>\n<li>Sistemas de almacenamiento el\u00e9ctrico<\/li>\n<li>Sistemas de almacenamiento t\u00e9rmico<\/li>\n<\/ul>\n\t\t\t\t\t\t\t\t<\/div>\n\t\t\t\t<\/div>\n\t\t\t\t<div class=\"elementor-element elementor-element-9ccc2fa elementor-widget elementor-widget-text-editor\" data-id=\"9ccc2fa\" data-element_type=\"widget\" data-e-type=\"widget\" data-widget_type=\"text-editor.default\">\n\t\t\t\t<div class=\"elementor-widget-container\">\n\t\t\t\t\t\t\t\t\t<p><strong>INSTALACIONES T\u00c9CNICAS DE LOS EDIFICIOS<\/strong><\/p>\n<p>Se establecer\u00e1n requisitos que supongan recurrir a tecnolog\u00edas de Ahorro Energ\u00e9tico en relaci\u00f3n con la eficiencia energ\u00e9tica general, la instalaci\u00f3n correcta, el dimensionado, control y ajuste adecuados, y, cuando proceda, el equilibrado hidr\u00e1ulico de las instalaciones t\u00e9cnicas presentes en los edificios nuevos o existentes. Al establecer los requisitos, los Estados miembros tendr\u00e1n en cuenta las condiciones de dise\u00f1o y las condiciones de funcionamiento t\u00edpicas o medias.<\/p>\n<p>Se establecer\u00e1n requisitos para garantizar que, cuando sea t\u00e9cnica y econ\u00f3micamente viable, los edificios no residenciales est\u00e9n equipados con sistemas de automatizaci\u00f3n y control, de acuerdo con el calendario siguiente:<\/p>\n<ul>\n<li>A m\u00e1s tardar el 31 de diciembre de 2024, los <strong>edificios no residenciales<\/strong> con una potencia nominal \u00fatil para instalaciones de calefacci\u00f3n, instalaciones de aire acondicionado, instalaciones combinadas de calefacci\u00f3n y ventilaci\u00f3n o instalaciones combinadas de aire acondicionado y ventilaci\u00f3n <strong>superior a 290 kW<\/strong>.- A m\u00e1s tardar el 31 de diciembre de 2029, los <strong>edificios no residenciales<\/strong> con una potencia nominal \u00fatil para instalaciones de calefacci\u00f3n, instalaciones de aire acondicionado, instalaciones combinadas de calefacci\u00f3n y ventilaci\u00f3n o instalaciones combinadas de aire acondicionado y ventilaci\u00f3n <strong>superior a 70 kW<\/strong>.<\/li>\n<\/ul>\n\t\t\t\t\t\t\t\t<\/div>\n\t\t\t\t<\/div>\n\t\t\t\t<div class=\"elementor-element elementor-element-ef7bd8f elementor-widget elementor-widget-text-editor\" data-id=\"ef7bd8f\" data-element_type=\"widget\" data-e-type=\"widget\" data-widget_type=\"text-editor.default\">\n\t\t\t\t<div class=\"elementor-widget-container\">\n\t\t\t\t\t\t\t\t\t<p><strong>CERTIFICADOS DE EFICIENCIA ENERG\u00c9TICA <\/strong><\/p>\n<p>El Certificado De Eficiencia Energ\u00e9tica deber\u00e1 incluir la Eficiencia Energ\u00e9tica de un Edificio expresada mediante un indicador num\u00e9rico del uso de energ\u00eda primaria en kWh\/(m2.a\u00f1o), y valores de referencia tales como los requisitos m\u00ednimos de Eficiencia Energ\u00e9tica, las normas m\u00ednimas de Eficiencia Energ\u00e9tica, los requisitos de los Edificios De Consumo De Energ\u00eda Casi Nulo y los requisitos de los Edificios De Cero Emisiones, con el fin de que los propietarios o arrendatarios del edificio o de una unidad de un edificio puedan comparar y evaluar su eficiencia energ\u00e9tica.<\/p>\n\t\t\t\t\t\t\t\t<\/div>\n\t\t\t\t<\/div>\n\t\t\t\t<div class=\"elementor-element elementor-element-28d195a elementor-widget elementor-widget-text-editor\" data-id=\"28d195a\" data-element_type=\"widget\" data-e-type=\"widget\" data-widget_type=\"text-editor.default\">\n\t\t\t\t<div class=\"elementor-widget-container\">\n\t\t\t\t\t\t\t\t\t<p><strong>VENTANILLAS UNICAS<\/strong><\/p>\n<p>Las Ventanillas Unicas prestar\u00e1n asesoramiento independiente sobre la Eficiencia Energ\u00e9tica de los Edificios y podr\u00e1n acompa\u00f1ar los programas integrados de renovaci\u00f3n por distritos y ofrecer\u00e1n servicios espec\u00edficos para los hogares vulnerables, las personas afectadas por la pobreza energ\u00e9tica y las personas pertenecientes a hogares de renta baja.<\/p>\n\t\t\t\t\t\t\t\t<\/div>\n\t\t\t\t<\/div>\n\t\t\t\t<div class=\"elementor-element elementor-element-1c62dd5 elementor-widget elementor-widget-text-editor\" data-id=\"1c62dd5\" data-element_type=\"widget\" data-e-type=\"widget\" data-widget_type=\"text-editor.default\">\n\t\t\t\t<div class=\"elementor-widget-container\">\n\t\t\t\t\t\t\t\t\t<p><strong>PASAPORTE DE RENOVACI\u00d3N <\/strong><\/p>\n<p>Se define el Pasaporte de Renovaci\u00f3n como la \u201choja de ruta adaptada para la renovaci\u00f3n en profundidad de un edificio concreto en un n\u00famero m\u00e1ximo de etapas que mejorar\u00e1 significativamente su eficiencia energ\u00e9tica\u201d.<br \/>\nA m\u00e1s tardar el 29 de mayo de 2026, los Estados miembros introducir\u00e1n un sistema para pasaportes de renovaci\u00f3n basado en el marco com\u00fan, ser\u00e1n de car\u00e1cter voluntario y se velar\u00e1 por que el coste de los mismos no sea desproporcionado.<\/p>\n<p>El pasaporte de renovaci\u00f3n incluir\u00e1:<\/p>\n<ul>\n<li>Informaci\u00f3n sobre la Eficiencia Energ\u00e9tica actual del Edificio.<\/li>\n<li>Cronograma de la hoja de ruta y sus etapas<\/li>\n<li>Informaci\u00f3n sobre los requisitos nacionales pertinentes, como los requisitos m\u00ednimos de eficiencia energ\u00e9tica de los edificios, las normas m\u00ednimas de eficiencia energ\u00e9tica y las normas relativas a la eliminaci\u00f3n gradual de los combustibles f\u00f3siles utilizados en los edificios para la calefacci\u00f3n y la refrigeraci\u00f3n, incluidas las fechas de aplicaci\u00f3n;<\/li>\n<li>Secuencia \u00f3ptima de las etapas.<\/li>\n<li>Informaci\u00f3n sobre cada etapa, que incluir\u00e1:<\/li>\n<li style=\"list-style-type: none;\">\n<ul>\n<li>Nombre y la descripci\u00f3n de las medidas de reforma<\/li>\n<li>Una estimaci\u00f3n del ahorro energ\u00e9tico en el consumo de energ\u00eda primaria y final, en kWh y en porcentaje de mejora, en comparaci\u00f3n con el consumo anterior a la etapa.<\/li>\n<li>La reducci\u00f3n prevista de emisiones de gases de efecto invernadero operativas.<\/li>\n<li>El ahorro previsto en la factura energ\u00e9tica, indicando claramente las hip\u00f3tesis sobre los costes de la energ\u00eda que han servido de base para el c\u00e1lculo.<\/li>\n<li>La clase de eficiencia energ\u00e9tica prevista del certificado de eficiencia energ\u00e9tica que debe alcanzarse una vez que haya finalizado la etapa.<\/li>\n<\/ul>\n<\/li>\n<li>Informaci\u00f3n sobre una posible conexi\u00f3n a un sistema urbano eficiente de calefacci\u00f3n y refrigeraci\u00f3n.<\/li>\n<li>La proporci\u00f3n de generaci\u00f3n individual o colectiva y de autoconsumo de energ\u00edas renovables que se prev\u00e9 lograr despu\u00e9s de la renovaci\u00f3n.<\/li>\n<li>Mejoras para la circularidad de los productos de construcci\u00f3n y reducir las emisiones de gases de efecto invernadero de su ciclo de vida completo.<\/li>\n<li>Informaci\u00f3n sobre la financiaci\u00f3n disponible<\/li>\n<li>Informaci\u00f3n sobre los servicios de asistencia t\u00e9cnica y asesoramiento.<\/li>\n<\/ul>\n\t\t\t\t\t\t\t\t<\/div>\n\t\t\t\t<\/div>\n\t\t\t\t<div class=\"elementor-element elementor-element-d5371e2 elementor-widget elementor-widget-text-editor\" data-id=\"d5371e2\" data-element_type=\"widget\" data-e-type=\"widget\" data-widget_type=\"text-editor.default\">\n\t\t\t\t<div class=\"elementor-widget-container\">\n\t\t\t\t\t\t\t\t\t<p><strong>EXPERTOS INDEPENDIENTES<\/strong><\/p>\n<p>Los Expertos deber\u00e1n estar Certificados, de conformidad con el art\u00edculo 28 de la Directiva (UE) 2023\/1791 relativa a la Eficiencia Energ\u00e9tica que modifica a la Directiva 2023\/1791, teniendo en cuenta su competencia y el Reglamento 765\/2008. Los listados de las Empresas Certificadas ser\u00e1n p\u00fablicos.<br \/>\nRecordemos que estos requisitos est\u00e1n a la espera de ser modificados a m\u00e1s tardar el 11 de octubre del 2024.<\/p>\n\t\t\t\t\t\t\t\t<\/div>\n\t\t\t\t<\/div>\n\t\t\t\t<div class=\"elementor-element elementor-element-3a7c2cc elementor-widget elementor-widget-text-editor\" data-id=\"3a7c2cc\" data-element_type=\"widget\" data-e-type=\"widget\" data-widget_type=\"text-editor.default\">\n\t\t\t\t<div class=\"elementor-widget-container\">\n\t\t\t\t\t\t\t\t\t<p><strong>El PCG del Edificio de Cero Emisiones<\/strong><\/p>\n<p>Para el c\u00e1lculo del Potencial De Calentamiento Global (PCG) a lo largo del ciclo de vida total de los edificios nuevos se comunica como un indicador num\u00e9rico de cada etapa del ciclo de vida expresado en kg de CO2 eq\/m2 (de superficie \u00fatil) calculado a lo largo de un per\u00edodo de estudio de referencia de cincuenta a\u00f1os.<br \/>\nLa selecci\u00f3n de datos, la definici\u00f3n de escenarios y los c\u00e1lculos se llevar\u00e1n a cabo de conformidad con la norma<em> EN 15978:2011, Sostenibilidad en la construcci\u00f3n. Evaluaci\u00f3n del comportamiento ambiental de los edificios. M\u00e9todos de c\u00e1lculo.<\/em><\/p>\n<p><strong>EDIFICIOS NUEVOS<\/strong><\/p>\n<p>Se establece un calendario sobre ellos:<br \/>\nLos Estados miembros velar\u00e1n por que los Edificios Nuevos sean Edificios de Cero Emisiones:<\/p>\n<ul>\n<li>A partir del 1 de enero de 2028, los Edificios Nuevos propiedad de Organismos P\u00fablicos<\/li>\n<li>A partir del 1 de enero de 2030, todos los Edificios Nuevos<\/li>\n<\/ul>\n<p>El PCG a lo largo del ciclo de vida se indicar\u00e1 en el Certificado de eficiencia Energ\u00e9tica del Edificio:<\/p>\n<ul>\n<li>A partir del 1 de enero de 2028, para todos los Edificios Nuevos con una superficie \u00fatil superior a 1.000 m2.<\/li>\n<li>A partir del 1 de enero de 2030, para todos los Edificios Nuevos.<\/li>\n<\/ul>\n\t\t\t\t\t\t\t\t<\/div>\n\t\t\t\t<\/div>\n\t\t\t\t<div class=\"elementor-element elementor-element-05644b8 elementor-widget elementor-widget-text-editor\" data-id=\"05644b8\" data-element_type=\"widget\" data-e-type=\"widget\" data-widget_type=\"text-editor.default\">\n\t\t\t\t<div class=\"elementor-widget-container\">\n\t\t\t\t\t\t\t\t\t<p><strong>EDIFICIOS EXISTENTES<\/strong><\/p>\n<p>Cuando se efect\u00faen renovaciones importantes en edificios, se mejorar\u00e1 la Eficiencia Energ\u00e9tica del Edificio o de la parte renovada para que cumplan unos requisitos m\u00ednimos de Eficiencia Energ\u00e9tica<\/p>\n\t\t\t\t\t\t\t\t<\/div>\n\t\t\t\t<\/div>\n\t\t\t\t<div class=\"elementor-element elementor-element-f439820 elementor-widget elementor-widget-text-editor\" data-id=\"f439820\" data-element_type=\"widget\" data-e-type=\"widget\" data-widget_type=\"text-editor.default\">\n\t\t\t\t<div class=\"elementor-widget-container\">\n\t\t\t\t\t\t\t\t\t<p><strong>NORMAS M\u00cdNIMAS DE EFICIENCIA ENERG\u00c9TICA<\/strong><\/p>\n<p>Las Normas M\u00ednimas de Eficiencia Energ\u00e9tica garantizar\u00e1n como m\u00ednimo que todos los edificios No Residenciales est\u00e1n por debajo:<\/p>\n<ul>\n<li>Del umbral del 16 %, respecto al actual, a partir de 2030.<\/li>\n<li>Del umbral del 26 %, respecto al actual, a partir de 2033.<\/li>\n<\/ul>\n<p>El parque inmobiliario Residencial:<\/p>\n<ul>\n<li>Se reduzca como m\u00ednimo un 16 %, comparado con el de 2020, a m\u00e1s tardar en 2030.<\/li>\n<li>Se reduzca como m\u00ednimo entre un 20 % y un 22 %, comparado con el de 2020, a m\u00e1s tardar en 2035<\/li>\n<\/ul>\n\t\t\t\t\t\t\t\t<\/div>\n\t\t\t\t<\/div>\n\t\t\t\t<div class=\"elementor-element elementor-element-f61f631 elementor-widget elementor-widget-text-editor\" data-id=\"f61f631\" data-element_type=\"widget\" data-e-type=\"widget\" data-widget_type=\"text-editor.default\">\n\t\t\t\t<div class=\"elementor-widget-container\">\n\t\t\t\t\t\t\t\t\t<p><strong>Soluciones de Climatizaci\u00f3n Eficientes: La Gama ZIRAN Pro de KEYTER<\/strong><\/p>\n<p>En este contexto, la gama de equipos de Propano <strong><a href=\"https:\/\/www.keyter.com\/es\/ziran-pro\/\">ZIRAN Pro<\/a><\/strong> de KEYTER, bombas de calor aire-agua reversibles dise\u00f1adas para aplicaciones comerciales o industriales, se posiciona como una soluci\u00f3n ideal para proyectos que buscan alcanzar el est\u00e1ndar de NZEB o ZEB. Los equipos ZIRAN Pro destacan por su alta eficiencia energ\u00e9tica con Tecnolog\u00eda Full Inverter y su respeto por el medio ambiente, gracias al uso de <strong>propano (R290)<\/strong> como refrigerante natural. Este refrigerante no solo tiene un <strong>bajo potencial de calentamiento global (GWP)<\/strong>, sino que tambi\u00e9n ofrece excelentes propiedades termodin\u00e1micas, lo que se traduce en una mayor eficiencia y rendimiento de los sistemas de climatizaci\u00f3n.<br \/>\nLos equipos de la gama ZIRAN Pro est\u00e1n dise\u00f1ados para adaptarse a las necesidades espec\u00edficas de cada proyecto, ofreciendo soluciones personalizadas que maximicen la eficiencia energ\u00e9tica y el confort interior. Con una fuerte inversi\u00f3n en <strong>I+D+i,<\/strong> KEYTER ha logrado desarrollar productos que no solo cumplen con los estrictos requisitos normativos, sino que tambi\u00e9n ofrecen un valor a\u00f1adido significativo a los proyectos de sus clientes.<\/p>\n\t\t\t\t\t\t\t\t<\/div>\n\t\t\t\t<\/div>\n\t\t\t\t\t<\/div>\n\t\t<\/div>\n\t\t\t\t\t<\/div>\n\t\t<\/section>\n\t\t\t\t\t<\/div>\n\t\t<\/div>\n\t\t\t\t\t<\/div>\n\t\t<\/section>\n\t\t\t\t<section class=\"elementor-section elementor-top-section elementor-element elementor-element-00cb81f elementor-section-boxed elementor-section-height-default elementor-section-height-default parallax_section_no qode_elementor_container_no\" data-id=\"00cb81f\" data-element_type=\"section\" data-e-type=\"section\">\n\t\t\t\t\t\t<div class=\"elementor-container elementor-column-gap-default\">\n\t\t\t\t\t<div class=\"elementor-column elementor-col-100 elementor-top-column elementor-element elementor-element-40cafe9\" data-id=\"40cafe9\" data-element_type=\"column\" data-e-type=\"column\">\n\t\t\t<div class=\"elementor-widget-wrap elementor-element-populated\">\n\t\t\t\t\t\t<div class=\"elementor-element elementor-element-35d9521 elementor-widget elementor-widget-spacer\" data-id=\"35d9521\" data-element_type=\"widget\" data-e-type=\"widget\" data-widget_type=\"spacer.default\">\n\t\t\t\t<div class=\"elementor-widget-container\">\n\t\t\t\t\t\t\t<div class=\"elementor-spacer\">\n\t\t\t<div class=\"elementor-spacer-inner\"><\/div>\n\t\t<\/div>\n\t\t\t\t\t\t<\/div>\n\t\t\t\t<\/div>\n\t\t\t\t\t<\/div>\n\t\t<\/div>\n\t\t\t\t\t<\/div>\n\t\t<\/section>\n\t\t\t\t<section class=\"elementor-section elementor-top-section elementor-element elementor-element-a89c9cd elementor-section-full_width elementor-section-height-min-height elementor-section-stretched elementor-section-height-default elementor-section-items-middle parallax_section_no qode_elementor_container_no\" data-id=\"a89c9cd\" data-element_type=\"section\" data-e-type=\"section\" data-settings=\"{&quot;background_background&quot;:&quot;classic&quot;,&quot;stretch_section&quot;:&quot;section-stretched&quot;}\">\n\t\t\t\t\t\t\t<div class=\"elementor-background-overlay\"><\/div>\n\t\t\t\t\t\t\t<div class=\"elementor-container elementor-column-gap-default\">\n\t\t\t\t\t<div class=\"elementor-column elementor-col-100 elementor-top-column elementor-element elementor-element-f55bf26\" data-id=\"f55bf26\" data-element_type=\"column\" data-e-type=\"column\">\n\t\t\t<div class=\"elementor-widget-wrap elementor-element-populated\">\n\t\t\t\t\t\t<div class=\"elementor-element elementor-element-97a0a59 elementor-widget elementor-widget-heading\" data-id=\"97a0a59\" data-element_type=\"widget\" data-e-type=\"widget\" data-widget_type=\"heading.default\">\n\t\t\t\t<div class=\"elementor-widget-container\">\n\t\t\t\t\t<p class=\"elementor-heading-title elementor-size-default\"><span>M\u00e1s art\u00edculos<\/span><\/p>\t\t\t\t<\/div>\n\t\t\t\t<\/div>\n\t\t\t\t<div class=\"elementor-element elementor-element-a184ad8 elementor-widget elementor-widget-text-editor\" data-id=\"a184ad8\" data-element_type=\"widget\" data-e-type=\"widget\" data-widget_type=\"text-editor.default\">\n\t\t\t\t<div class=\"elementor-widget-container\">\n\t\t\t\t\t\t\t\t\t<p>\u00bfEst\u00e1s buscando soluciones HVAC+R (a medida)? No dudes en ponerse en contacto con nosotros<\/p>\n\t\t\t\t\t\t\t\t<\/div>\n\t\t\t\t<\/div>\n\t\t\t\t<div class=\"elementor-element elementor-element-195ae25 elementor-align-center elementor-widget elementor-widget-button\" data-id=\"195ae25\" data-element_type=\"widget\" data-e-type=\"widget\" data-widget_type=\"button.default\">\n\t\t\t\t<div class=\"elementor-widget-container\">\n\t\t\t\t\t\t\t\t\t<div class=\"elementor-button-wrapper\">\n\t\t\t\t\t<a class=\"elementor-button elementor-button-link elementor-size-sm\" href=\"https:\/\/www.keyter.com\/es\/akademy\/\">\n\t\t\t\t\t\t<span class=\"elementor-button-content-wrapper\">\n\t\t\t\t\t\t<span class=\"elementor-button-icon\">\n\t\t\t\t<i aria-hidden=\"true\" class=\"fas fa-arrow-circle-right\"><\/i>\t\t\t<\/span>\n\t\t\t\t\t\t\t\t\t<span class=\"elementor-button-text\">ART\u00cdCULOS<\/span>\n\t\t\t\t\t<\/span>\n\t\t\t\t\t<\/a>\n\t\t\t\t<\/div>\n\t\t\t\t\t\t\t\t<\/div>\n\t\t\t\t<\/div>\n\t\t\t\t\t<\/div>\n\t\t<\/div>\n\t\t\t\t\t<\/div>\n\t\t<\/section>\n\t\t\t\t<section class=\"elementor-section elementor-top-section elementor-element elementor-element-fb8709f elementor-section-full_width elementor-section-height-min-height elementor-section-stretched elementor-section-height-default elementor-section-items-middle parallax_section_no qode_elementor_container_no\" data-id=\"fb8709f\" data-element_type=\"section\" data-e-type=\"section\" data-settings=\"{&quot;background_background&quot;:&quot;classic&quot;,&quot;stretch_section&quot;:&quot;section-stretched&quot;}\">\n\t\t\t\t\t\t\t<div class=\"elementor-background-overlay\"><\/div>\n\t\t\t\t\t\t\t<div class=\"elementor-container elementor-column-gap-default\">\n\t\t\t\t\t<div class=\"elementor-column elementor-col-100 elementor-top-column elementor-element elementor-element-f31a329\" data-id=\"f31a329\" data-element_type=\"column\" data-e-type=\"column\">\n\t\t\t<div class=\"elementor-widget-wrap elementor-element-populated\">\n\t\t\t\t\t\t<div class=\"elementor-element elementor-element-65b04ad elementor-widget elementor-widget-text-editor\" data-id=\"65b04ad\" data-element_type=\"widget\" data-e-type=\"widget\" data-widget_type=\"text-editor.default\">\n\t\t\t\t<div class=\"elementor-widget-container\">\n\t\t\t\t\t\t\t\t\t<p>M\u00c1S SOBRE KEYTER<\/p>\n\t\t\t\t\t\t\t\t<\/div>\n\t\t\t\t<\/div>\n\t\t\t\t<div class=\"elementor-element elementor-element-ec720cf elementor-widget elementor-widget-text-editor\" data-id=\"ec720cf\" data-element_type=\"widget\" data-e-type=\"widget\" data-widget_type=\"text-editor.default\">\n\t\t\t\t<div class=\"elementor-widget-container\">\n\t\t\t\t\t\t\t\t\t<h4 style=\"font-size: 40px;\">\u00bfEn qu\u00e9 estas interesado?<\/h4>\n\t\t\t\t\t\t\t\t<\/div>\n\t\t\t\t<\/div>\n\t\t\t\t<div class=\"elementor-element elementor-element-9c2cb42 elementor-widget elementor-widget-image\" data-id=\"9c2cb42\" data-element_type=\"widget\" data-e-type=\"widget\" data-widget_type=\"image.default\">\n\t\t\t\t<div class=\"elementor-widget-container\">\n\t\t\t\t\t\t\t\t\t\t\t\t\t\t\t<img decoding=\"async\" width=\"369\" height=\"9\" src=\"https:\/\/www.keyter.com\/wp-content\/uploads\/2020\/10\/line-leaf.svg\" class=\"attachment-medium size-medium wp-image-45826\" alt=\"\" \/>\t\t\t\t\t\t\t\t\t\t\t\t\t\t\t<\/div>\n\t\t\t\t<\/div>\n\t\t\t\t<section class=\"elementor-section elementor-inner-section elementor-element elementor-element-0e282af elementor-section-boxed elementor-section-height-default elementor-section-height-default parallax_section_no qode_elementor_container_no\" data-id=\"0e282af\" data-element_type=\"section\" data-e-type=\"section\">\n\t\t\t\t\t\t<div class=\"elementor-container elementor-column-gap-default\">\n\t\t\t\t\t<div class=\"elementor-column elementor-col-25 elementor-inner-column elementor-element elementor-element-76e97bc\" data-id=\"76e97bc\" data-element_type=\"column\" data-e-type=\"column\">\n\t\t\t<div class=\"elementor-widget-wrap elementor-element-populated\">\n\t\t\t\t\t\t<div class=\"elementor-element elementor-element-7dff960 elementor-align-center elementor-widget elementor-widget-button\" data-id=\"7dff960\" data-element_type=\"widget\" data-e-type=\"widget\" data-widget_type=\"button.default\">\n\t\t\t\t<div class=\"elementor-widget-container\">\n\t\t\t\t\t\t\t\t\t<div class=\"elementor-button-wrapper\">\n\t\t\t\t\t<a class=\"elementor-button elementor-button-link elementor-size-sm\" href=\"https:\/\/www.keyter.com\/es\/nuestra-historia\/\">\n\t\t\t\t\t\t<span class=\"elementor-button-content-wrapper\">\n\t\t\t\t\t\t<span class=\"elementor-button-icon\">\n\t\t\t\t<i aria-hidden=\"true\" class=\"fas fa-arrow-circle-right\"><\/i>\t\t\t<\/span>\n\t\t\t\t\t\t\t\t\t<span class=\"elementor-button-text\">NUESTRA HISTORIA<\/span>\n\t\t\t\t\t<\/span>\n\t\t\t\t\t<\/a>\n\t\t\t\t<\/div>\n\t\t\t\t\t\t\t\t<\/div>\n\t\t\t\t<\/div>\n\t\t\t\t\t<\/div>\n\t\t<\/div>\n\t\t\t\t<div class=\"elementor-column elementor-col-25 elementor-inner-column elementor-element elementor-element-1b6d582\" data-id=\"1b6d582\" data-element_type=\"column\" data-e-type=\"column\">\n\t\t\t<div class=\"elementor-widget-wrap elementor-element-populated\">\n\t\t\t\t\t\t<div class=\"elementor-element elementor-element-696ac41 elementor-align-center elementor-widget elementor-widget-button\" data-id=\"696ac41\" data-element_type=\"widget\" data-e-type=\"widget\" data-widget_type=\"button.default\">\n\t\t\t\t<div class=\"elementor-widget-container\">\n\t\t\t\t\t\t\t\t\t<div class=\"elementor-button-wrapper\">\n\t\t\t\t\t<a class=\"elementor-button elementor-button-link elementor-size-sm\" href=\"https:\/\/www.keyter.com\/es\/productos\/\">\n\t\t\t\t\t\t<span class=\"elementor-button-content-wrapper\">\n\t\t\t\t\t\t<span class=\"elementor-button-icon\">\n\t\t\t\t<i aria-hidden=\"true\" class=\"fas fa-arrow-circle-right\"><\/i>\t\t\t<\/span>\n\t\t\t\t\t\t\t\t\t<span class=\"elementor-button-text\">GAMA DE PRODUCTOS<\/span>\n\t\t\t\t\t<\/span>\n\t\t\t\t\t<\/a>\n\t\t\t\t<\/div>\n\t\t\t\t\t\t\t\t<\/div>\n\t\t\t\t<\/div>\n\t\t\t\t\t<\/div>\n\t\t<\/div>\n\t\t\t\t<div class=\"elementor-column elementor-col-25 elementor-inner-column elementor-element elementor-element-f79bbd0\" data-id=\"f79bbd0\" data-element_type=\"column\" data-e-type=\"column\">\n\t\t\t<div class=\"elementor-widget-wrap elementor-element-populated\">\n\t\t\t\t\t\t<div class=\"elementor-element elementor-element-fb9cf4c elementor-align-center elementor-widget elementor-widget-button\" data-id=\"fb9cf4c\" data-element_type=\"widget\" data-e-type=\"widget\" data-widget_type=\"button.default\">\n\t\t\t\t<div class=\"elementor-widget-container\">\n\t\t\t\t\t\t\t\t\t<div class=\"elementor-button-wrapper\">\n\t\t\t\t\t<a class=\"elementor-button elementor-button-link elementor-size-sm\" href=\"https:\/\/www.keyter.com\/es\/referencias\/\">\n\t\t\t\t\t\t<span class=\"elementor-button-content-wrapper\">\n\t\t\t\t\t\t<span class=\"elementor-button-icon\">\n\t\t\t\t<i aria-hidden=\"true\" class=\"fas fa-arrow-circle-right\"><\/i>\t\t\t<\/span>\n\t\t\t\t\t\t\t\t\t<span class=\"elementor-button-text\">REFERENCIAS<\/span>\n\t\t\t\t\t<\/span>\n\t\t\t\t\t<\/a>\n\t\t\t\t<\/div>\n\t\t\t\t\t\t\t\t<\/div>\n\t\t\t\t<\/div>\n\t\t\t\t\t<\/div>\n\t\t<\/div>\n\t\t\t\t<div class=\"elementor-column elementor-col-25 elementor-inner-column elementor-element elementor-element-71f934f\" data-id=\"71f934f\" data-element_type=\"column\" data-e-type=\"column\">\n\t\t\t<div class=\"elementor-widget-wrap elementor-element-populated\">\n\t\t\t\t\t\t<div class=\"elementor-element elementor-element-77795df elementor-align-center elementor-widget elementor-widget-button\" data-id=\"77795df\" data-element_type=\"widget\" data-e-type=\"widget\" data-widget_type=\"button.default\">\n\t\t\t\t<div class=\"elementor-widget-container\">\n\t\t\t\t\t\t\t\t\t<div class=\"elementor-button-wrapper\">\n\t\t\t\t\t<a class=\"elementor-button elementor-button-link elementor-size-sm\" href=\"https:\/\/www.keyter.com\/es\/empleo\/\">\n\t\t\t\t\t\t<span class=\"elementor-button-content-wrapper\">\n\t\t\t\t\t\t<span class=\"elementor-button-icon\">\n\t\t\t\t<i aria-hidden=\"true\" class=\"fas fa-arrow-circle-right\"><\/i>\t\t\t<\/span>\n\t\t\t\t\t\t\t\t\t<span class=\"elementor-button-text\">TRABAJA CON NOSOTROS<\/span>\n\t\t\t\t\t<\/span>\n\t\t\t\t\t<\/a>\n\t\t\t\t<\/div>\n\t\t\t\t\t\t\t\t<\/div>\n\t\t\t\t<\/div>\n\t\t\t\t\t<\/div>\n\t\t<\/div>\n\t\t\t\t\t<\/div>\n\t\t<\/section>\n\t\t\t\t\t<\/div>\n\t\t<\/div>\n\t\t\t\t\t<\/div>\n\t\t<\/section>\n\t\t\t\t<\/div>\n\t\t","protected":false},"excerpt":{"rendered":"<p>Linkedin Facebook Twitter Youtube Del NZEB al ZEB El pasado 8 de mayo se public\u00f3 la Directiva 2024\/1275 relativa a la Eficiencia Energ\u00e9tica de los Edificios. La finalidad de esta Directiva es la de fomentar la mejora de la eficiencia energ\u00e9tica de los edificios sitos&#8230;<\/p>\n","protected":false},"author":7,"featured_media":0,"parent":0,"menu_order":0,"comment_status":"closed","ping_status":"closed","template":"","meta":{"content-type":"","inline_featured_image":false,"footnotes":""},"class_list":["post-75499","page","type-page","status-publish","hentry"],"yoast_head":"<!-- This site is optimized with the Yoast SEO plugin v27.3 - https:\/\/yoast.com\/product\/yoast-seo-wordpress\/ -->\n<title>Del NZEB al ZEB - Keyter<\/title>\n<meta name=\"robots\" content=\"index, follow, max-snippet:-1, max-image-preview:large, max-video-preview:-1\" \/>\n<link rel=\"canonical\" href=\"https:\/\/www.keyter.com\/es\/del-nzeb-al-zeb\/\" \/>\n<meta property=\"og:locale\" content=\"es_ES\" \/>\n<meta property=\"og:type\" content=\"article\" \/>\n<meta property=\"og:title\" content=\"Del NZEB al ZEB - Keyter\" \/>\n<meta property=\"og:description\" content=\"Linkedin Facebook Twitter Youtube Del NZEB al ZEB El pasado 8 de mayo se public\u00f3 la Directiva 2024\/1275 relativa a la Eficiencia Energ\u00e9tica de los Edificios. La finalidad de esta Directiva es la de fomentar la mejora de la eficiencia energ\u00e9tica de los edificios sitos...\" \/>\n<meta property=\"og:url\" content=\"https:\/\/www.keyter.com\/es\/del-nzeb-al-zeb\/\" \/>\n<meta property=\"og:site_name\" content=\"Keyter\" \/>\n<meta property=\"og:image\" content=\"https:\/\/www.keyter.com\/wp-content\/uploads\/2020\/11\/line-leaf-single-right.svg\" \/>\n<meta name=\"twitter:card\" content=\"summary_large_image\" \/>\n<meta name=\"twitter:label1\" content=\"Tiempo de lectura\" \/>\n\t<meta name=\"twitter:data1\" content=\"13 minutos\" \/>\n<script type=\"application\/ld+json\" class=\"yoast-schema-graph\">{\"@context\":\"https:\\\/\\\/schema.org\",\"@graph\":[{\"@type\":\"WebPage\",\"@id\":\"https:\\\/\\\/www.keyter.com\\\/es\\\/del-nzeb-al-zeb\\\/\",\"url\":\"https:\\\/\\\/www.keyter.com\\\/es\\\/del-nzeb-al-zeb\\\/\",\"name\":\"Del NZEB al ZEB - Keyter\",\"isPartOf\":{\"@id\":\"https:\\\/\\\/www.keyter.com\\\/es\\\/#website\"},\"primaryImageOfPage\":{\"@id\":\"https:\\\/\\\/www.keyter.com\\\/es\\\/del-nzeb-al-zeb\\\/#primaryimage\"},\"image\":{\"@id\":\"https:\\\/\\\/www.keyter.com\\\/es\\\/del-nzeb-al-zeb\\\/#primaryimage\"},\"thumbnailUrl\":\"https:\\\/\\\/www.keyter.com\\\/wp-content\\\/uploads\\\/2020\\\/11\\\/line-leaf-single-right.svg\",\"datePublished\":\"2024-10-01T10:35:05+00:00\",\"breadcrumb\":{\"@id\":\"https:\\\/\\\/www.keyter.com\\\/es\\\/del-nzeb-al-zeb\\\/#breadcrumb\"},\"inLanguage\":\"es\",\"potentialAction\":[{\"@type\":\"ReadAction\",\"target\":[\"https:\\\/\\\/www.keyter.com\\\/es\\\/del-nzeb-al-zeb\\\/\"]}]},{\"@type\":\"ImageObject\",\"inLanguage\":\"es\",\"@id\":\"https:\\\/\\\/www.keyter.com\\\/es\\\/del-nzeb-al-zeb\\\/#primaryimage\",\"url\":\"https:\\\/\\\/www.keyter.com\\\/wp-content\\\/uploads\\\/2020\\\/11\\\/line-leaf-single-right.svg\",\"contentUrl\":\"https:\\\/\\\/www.keyter.com\\\/wp-content\\\/uploads\\\/2020\\\/11\\\/line-leaf-single-right.svg\"},{\"@type\":\"BreadcrumbList\",\"@id\":\"https:\\\/\\\/www.keyter.com\\\/es\\\/del-nzeb-al-zeb\\\/#breadcrumb\",\"itemListElement\":[{\"@type\":\"ListItem\",\"position\":1,\"name\":\"Home\",\"item\":\"https:\\\/\\\/www.keyter.com\\\/es\\\/\"},{\"@type\":\"ListItem\",\"position\":2,\"name\":\"Del NZEB al ZEB\"}]},{\"@type\":\"WebSite\",\"@id\":\"https:\\\/\\\/www.keyter.com\\\/es\\\/#website\",\"url\":\"https:\\\/\\\/www.keyter.com\\\/es\\\/\",\"name\":\"Keyter\",\"description\":\"Leading thermodynamic technologies\",\"potentialAction\":[{\"@type\":\"SearchAction\",\"target\":{\"@type\":\"EntryPoint\",\"urlTemplate\":\"https:\\\/\\\/www.keyter.com\\\/es\\\/?s={search_term_string}\"},\"query-input\":{\"@type\":\"PropertyValueSpecification\",\"valueRequired\":true,\"valueName\":\"search_term_string\"}}],\"inLanguage\":\"es\"}]}<\/script>\n<!-- \/ Yoast SEO plugin. -->","yoast_head_json":{"title":"Del NZEB al ZEB - Keyter","robots":{"index":"index","follow":"follow","max-snippet":"max-snippet:-1","max-image-preview":"max-image-preview:large","max-video-preview":"max-video-preview:-1"},"canonical":"https:\/\/www.keyter.com\/es\/del-nzeb-al-zeb\/","og_locale":"es_ES","og_type":"article","og_title":"Del NZEB al ZEB - Keyter","og_description":"Linkedin Facebook Twitter Youtube Del NZEB al ZEB El pasado 8 de mayo se public\u00f3 la Directiva 2024\/1275 relativa a la Eficiencia Energ\u00e9tica de los Edificios. La finalidad de esta Directiva es la de fomentar la mejora de la eficiencia energ\u00e9tica de los edificios sitos...","og_url":"https:\/\/www.keyter.com\/es\/del-nzeb-al-zeb\/","og_site_name":"Keyter","og_image":[{"url":"https:\/\/www.keyter.com\/wp-content\/uploads\/2020\/11\/line-leaf-single-right.svg","type":"","width":"","height":""}],"twitter_card":"summary_large_image","twitter_misc":{"Tiempo de lectura":"13 minutos"},"schema":{"@context":"https:\/\/schema.org","@graph":[{"@type":"WebPage","@id":"https:\/\/www.keyter.com\/es\/del-nzeb-al-zeb\/","url":"https:\/\/www.keyter.com\/es\/del-nzeb-al-zeb\/","name":"Del NZEB al ZEB - Keyter","isPartOf":{"@id":"https:\/\/www.keyter.com\/es\/#website"},"primaryImageOfPage":{"@id":"https:\/\/www.keyter.com\/es\/del-nzeb-al-zeb\/#primaryimage"},"image":{"@id":"https:\/\/www.keyter.com\/es\/del-nzeb-al-zeb\/#primaryimage"},"thumbnailUrl":"https:\/\/www.keyter.com\/wp-content\/uploads\/2020\/11\/line-leaf-single-right.svg","datePublished":"2024-10-01T10:35:05+00:00","breadcrumb":{"@id":"https:\/\/www.keyter.com\/es\/del-nzeb-al-zeb\/#breadcrumb"},"inLanguage":"es","potentialAction":[{"@type":"ReadAction","target":["https:\/\/www.keyter.com\/es\/del-nzeb-al-zeb\/"]}]},{"@type":"ImageObject","inLanguage":"es","@id":"https:\/\/www.keyter.com\/es\/del-nzeb-al-zeb\/#primaryimage","url":"https:\/\/www.keyter.com\/wp-content\/uploads\/2020\/11\/line-leaf-single-right.svg","contentUrl":"https:\/\/www.keyter.com\/wp-content\/uploads\/2020\/11\/line-leaf-single-right.svg"},{"@type":"BreadcrumbList","@id":"https:\/\/www.keyter.com\/es\/del-nzeb-al-zeb\/#breadcrumb","itemListElement":[{"@type":"ListItem","position":1,"name":"Home","item":"https:\/\/www.keyter.com\/es\/"},{"@type":"ListItem","position":2,"name":"Del NZEB al ZEB"}]},{"@type":"WebSite","@id":"https:\/\/www.keyter.com\/es\/#website","url":"https:\/\/www.keyter.com\/es\/","name":"Keyter","description":"Leading thermodynamic technologies","potentialAction":[{"@type":"SearchAction","target":{"@type":"EntryPoint","urlTemplate":"https:\/\/www.keyter.com\/es\/?s={search_term_string}"},"query-input":{"@type":"PropertyValueSpecification","valueRequired":true,"valueName":"search_term_string"}}],"inLanguage":"es"}]}},"_links":{"self":[{"href":"https:\/\/www.keyter.com\/es\/wp-json\/wp\/v2\/pages\/75499","targetHints":{"allow":["GET"]}}],"collection":[{"href":"https:\/\/www.keyter.com\/es\/wp-json\/wp\/v2\/pages"}],"about":[{"href":"https:\/\/www.keyter.com\/es\/wp-json\/wp\/v2\/types\/page"}],"author":[{"embeddable":true,"href":"https:\/\/www.keyter.com\/es\/wp-json\/wp\/v2\/users\/7"}],"replies":[{"embeddable":true,"href":"https:\/\/www.keyter.com\/es\/wp-json\/wp\/v2\/comments?post=75499"}],"version-history":[{"count":1,"href":"https:\/\/www.keyter.com\/es\/wp-json\/wp\/v2\/pages\/75499\/revisions"}],"predecessor-version":[{"id":75500,"href":"https:\/\/www.keyter.com\/es\/wp-json\/wp\/v2\/pages\/75499\/revisions\/75500"}],"wp:attachment":[{"href":"https:\/\/www.keyter.com\/es\/wp-json\/wp\/v2\/media?parent=75499"}],"curies":[{"name":"wp","href":"https:\/\/api.w.org\/{rel}","templated":true}]}}